{"id":48409,"date":"2021-07-27T09:08:24","date_gmt":"2021-07-27T16:08:24","guid":{"rendered":"https:\/\/www.squareone.ca\/nouvelles"},"modified":"2026-04-02T08:03:24","modified_gmt":"2026-04-02T15:03:24","slug":"actualites","status":"publish","type":"page","link":"https:\/\/www.squareone.ca\/fr\/actualites","title":{"rendered":"Actualit\u00e9s et m\u00e9dias"},"content":{"rendered":"<main>\r\n\r\n<section id=\"intro\" class=\"bg-shape-split bg-sub-page-hero\">\r\n    <div class=\"bg-top\"><\/div>\r\n    <div class=\"bg-position\">\r\n    <div class=\"container-fluid\">\r\n        <div class=\"row\">\r\n            <div class=\"col-12 col-lg-11 offset-lg-1\">\r\n\r\n\t\t\t\t<h1>Actualit\u00e9s et m\u00e9dias<\/h1>\r\n<div class=\"row align-items-top\">\r\n                    <div class=\"col-lg-8\">\r\n\r\n<p class=\"display-4\">Vous trouverez ci-dessous des reportages sur Square One, ainsi que des communiqu\u00e9s de presse de la part de Square One. Si vous avez des questions sur ce qui suit, ou souhaitez obtenir de plus amples renseignements sur nous, envoyez un courriel \u00e0 <a href=\"mailto:media@squareone.ca\" title=\"Courriel des m\u00e9dias\">media@squareone.ca<\/a>.<\/p>\r\n\r\n<p class=\"display-4\">Les reportages et les communiqu\u00e9s de presse sont organis\u00e9s par th\u00e8me. Cliquez sur les boutons ci-dessous pour voir les communiqu\u00e9s de presse sur l&rsquo;assurance habitation, sur l&rsquo;assurance auto et sur Square One.<\/p>\r\n                    <\/div>\r\n\t\t\r\n\r\n<div class=\"col-lg-2 offset-lg-1\">\r\n                        <p class=\"mb-2 display-4 pt-4 pt-lg-0\"><strong>Th\u00e8mes<\/strong><\/p>\r\n                        <ul class=\"list-unstyled link-list display-4\">\r\n<li><a href=\"#news\">Reportages<\/a><\/li>\r\n                            <li><a href=\"#press\">Communiqu\u00e9s de presse<\/a><\/li>\r\n                        <\/ul>\r\n                    <\/div>\r\n                <\/div>\r\n\r\n            <\/div>\r\n        <\/div>\r\n    <\/div>\r\n\t<\/div>\r\n\r\n    <div class=\"bg-bottom\"><\/div>\r\n<\/section>\r\n\r\n<section id=\"news\" href=\"#news\" class=\"xwide-mobile py-6\">\r\n<div class=\"container-fluid\">\r\n<div class=\"row\">\r\n<div class=\"col-12 col-lg-10 offset-lg-1\">\r\n\r\n<pillsAndContent id=\"news-pills\" class=\"col-12 offset-lg-1\">\r\n    <pillAndContent>\r\n        <pill>Assurance habitation<\/pill>\r\n        <pillContent>\r\n\r\n<div class=\"row pt-5\">\r\n<div class=\"col-12\">\r\n\r\n<table width=\"100%\">\r\n<tbody valign=\"top\">\r\n\r\n<tr>\r\n<td>\r\n<p><img decoding=\"async\" src=\"https:\/\/cdn.squareone.ca\/wp-content\/uploads\/2026\/01\/01151410\/sasktoday-logo-sasktoday.ca_.jpg\" title=\"SaskToday Logo\" alt=\"SaskToday Logo\" \/><\/p>\r\n<\/td>\r\n<td><\/td>\r\n<td class=\"pb-6\">\r\n<p class=\"display-4 mb-0\"><strong><a title=\"SaskToday article: December 27, 2025\" href=\"https:\/\/www.sasktoday.ca\/regina-today\/regina-news\/its-time-to-recycle-your-christmas-tree-11672915\" target=\"_blank\" rel=\"noopener noreferrer\">C&rsquo;est le moment de recycler votre sapin de No\u00ebl<\/a><\/strong><\/p><p>SaskToday | 27 d\u00e9cembre 2025<\/p>\r\n<\/td>\r\n<\/tr>\r\n\r\n<tr>\r\n<td>\r\n<p><img decoding=\"async\" src=\"https:\/\/cdn.squareone.ca\/wp-content\/uploads\/2015\/08\/30071100\/ibca_logo.png\" title=\"IBCA Logo\" alt=\"IBCA Logo\" \/><\/p>\r\n<\/td>\r\n<td width='8.25%'><\/td>\r\n<td class=\"pb-6\">\r\n<p class=\"display-4 mb-0\"><strong><a title=\"IBCA article: August 8, 2025\" href=\"https:\/\/www.insurancebusinessmag.com\/ca\/news\/breaking-news\/summer-bike-thefts-spike-138-in-canada-highlighting-insurance-gaps-545546.aspx\" target=\"_blank\" rel=\"noopener noreferrer\">Le vol de bicyclettes en \u00e9t\u00e9 montent de 138&nbsp;% au Canada, mettant en vedette les lacunes en assurance<\/a><\/strong><\/p><p>Insurance Business Canada | 8 ao\u00fbt 2025<\/p>\r\n<\/td>\r\n<\/tr>\r\n\r\n<tr>\r\n<td>\r\n<p><img decoding=\"async\" src=\"https:\/\/cdn.squareone.ca\/wp-content\/uploads\/2025\/08\/10110144\/images.png\" title=\"The Globe and Mail logo\" alt=\"The Globe and Mail logo\" \/><\/p>\r\n<\/td>\r\n<td><\/td>\r\n<td class=\"pb-6\">\r\n<p class=\"display-4 mb-0\"><strong><a title=\"The Globe and Mail article: August 7, 2025\" href=\"https:\/\/www.theglobeandmail.com\/investing\/markets\/markets-news\/ACCESS%20Newswire\/33953843\/bicycle-thefts-increase-by-138-during-the-summer-reports-square-one\/\" target=\"_blank\" rel=\"noopener noreferrer\">Le vol de bicyclettes a mont\u00e9 de 138&nbsp;% pendant l&rsquo;\u00e9t\u00e9, d&rsquo;apr\u00e8s Square One<\/a><\/strong><\/p><p>The Globe and Mail | 7 ao\u00fbt 2025<\/p>\r\n<\/td>\r\n<\/tr>\r\n\r\n<tr>\r\n<td width=\"16%\">\r\n<p><img decoding=\"async\" src=\"https:\/\/cdn.squareone.ca\/wp-content\/uploads\/2022\/02\/11113746\/ratesdot-logo-sized.png\" title=\"RATESDOTCA\" alt=\"RATESDOTCA logo\"  \/><\/p>\r\n<\/td>\r\n<td width='5%'><\/td>\r\n<td class=\"pb-6\">\r\n<p class=\"display-4 mb-0\"><strong><a title=\"RATESDOTCA article: June 24, 2025\" href=\"https:\/\/rates.ca\/home-insuramap-report-2025\" target=\"_blank\" rel=\"noopener noreferrer\">Les habitants du Nord de l&rsquo;Ontario paient 80&nbsp;% de plus pour l&rsquo;assurance habitation, comparativement au reste de la province <\/a><\/strong><\/p><p>RATESDOTCA | 24 juin 2025<\/p>\r\n<\/td>\r\n<\/tr>\r\n\r\n<tr>\r\n<td>\r\n<p><img decoding=\"async\" src=\"https:\/\/cdn.squareone.ca\/wp-content\/uploads\/2015\/08\/30071100\/ibca_logo.png\" title=\"IBCA Logo\" alt=\"IBCA Logo\" \/><\/p>\r\n<\/td>\r\n<td><\/td>\r\n<td class=\"pb-6\">\r\n<p class=\"display-4 mb-0\"><strong><a title=\"IBCA article: May 12, 2025\" href=\"https:\/\/www.insurancebusinessmag.com\/us\/news\/risk-management\/canadians-wrongly-believe-the-government-will-cover-this----46296.aspx\" target=\"_blank\" rel=\"noopener noreferrer\">Les Canadiens ont tort s&rsquo;ils pensent que le gouvernement couvrira ceci&#8230;<\/a><\/strong><\/p><p>Insurance Business Canada | 12 mai 2025<\/p>\r\n<\/td>\r\n<\/tr>\r\n\r\n<tr>\r\n<td>\r\n<p><img decoding=\"async\" src=\"https:\/\/cdn.squareone.ca\/wp-content\/uploads\/2015\/08\/30071100\/ibca_logo.png\" title=\"IBCA Logo\" alt=\"IBCA Logo\" \/><\/p>\r\n<\/td>\r\n<td><\/td>\r\n<td class=\"pb-6\">\r\n<p class=\"display-4 mb-0\"><strong><a title=\"IBCA article: April 3, 2025\" href=\"https:\/\/www.insurancebusinessmag.com\/ca\/news\/property-insurance\/why-home-insurance-falls-short-as-climate-disasters-rise-530880.aspx\" target=\"_blank\" rel=\"noopener noreferrer\">Pourquoi l&rsquo;assurance habitation manque face aux catastrophes naturelles accrues<\/a><\/strong><\/p><p>Insurance Business Canada | 3 avril 2025<\/p>\r\n<\/td>\r\n<\/tr>\r\n\r\n<tr>\r\n<td>\r\n<p><img decoding=\"async\" src=\"https:\/\/cdn.squareone.ca\/wp-content\/uploads\/2020\/09\/08030837\/lowest-rates.png\" title=\"LowestRates\" alt=\"LowestRates logo\"  \/><\/p>\r\n<\/td>\r\n<td width='5%'><\/td>\r\n<td class=\"pb-6\">\r\n<p class=\"display-4 mb-0\"><strong><a title=\"LowestRates article: April 23, 2024\" href=\"https:\/\/www.lowestrates.ca\/blog\/homes\/what-mass-timber-construction-and-how-it-insured\" target=\"_blank\" rel=\"noopener noreferrer\">Qu&rsquo;est-ce que la construction de bois massif et comment est-elle assur\u00e9e?<\/a><\/strong><\/p><p>LowestRates | 23 avril 2024<\/p>\r\n<\/td>\r\n<\/tr>\r\n\r\n<tr>\r\n<td>\r\n<p><img decoding=\"async\" src=\"https:\/\/cdn.squareone.ca\/wp-content\/uploads\/2023\/07\/06131651\/ctv.png\" title=\"CTV News\" alt=\"CTV News Logo\" \/><\/p>\r\n<\/td>\r\n<td><\/td>\r\n<td class=\"pb-6\">\r\n<p class=\"display-4 mb-0\"><strong><a title=\"CTV News article: Mar 21, 2024\" href=\"https:\/\/bc.ctvnews.ca\/coquitlam-tenants-blocked-from-re-entering-apartment-following-devastating-fire-1.6816378\" target=\"_blank\" rel=\"noopener noreferrer\">\u00c0 Coquitlam, des locataires n&rsquo;ont pas le droit de retourner dans leurs appartements suivant un incendie catastrophique<\/a><\/strong><\/p><p>CTV News | 21 mars 2024<\/p>\r\n<\/td>\r\n<\/tr>\r\n\r\n<tr>\r\n<td>\r\n<p><img decoding=\"async\" src=\"https:\/\/cdn.squareone.ca\/wp-content\/uploads\/2015\/08\/30071100\/ibca_logo.png\" title=\"IBCA Logo\" alt=\"IBCA Logo\" \/><\/p>\r\n<\/td>\r\n<td><\/td>\r\n<td class=\"pb-6\">\r\n<p class=\"display-4 mb-0\"><strong><a title=\"IBCA article: Jan 22, 2024\" href=\"https:\/\/www.insurancebusinessmag.com\/ca\/news\/catastrophe\/broker-reports-nearly-200-spike-in-frozen-pipe-claims-473780.aspx\" target=\"_blank\" rel=\"noopener noreferrer\">Un courtier constate une hausse de presque 200&nbsp;% en r\u00e9clamations pour des tuyaux gel\u00e9s<\/a><\/strong><\/p><p>Insurance Business Canada | 22 janvier 2024<\/p>\r\n<\/td>\r\n<\/tr>\r\n\r\n<tr>\r\n<td>\r\n<p><img decoding=\"async\" src=\"https:\/\/cdn.squareone.ca\/wp-content\/uploads\/2023\/07\/06131651\/ctv.png\" title=\"CTV News\" alt=\"CTV News Logo\" \/><\/p>\r\n<\/td>\r\n<td><\/td>\r\n<td class=\"pb-6\">\r\n<p class=\"display-4 mb-0\"><strong><a title=\"CTV News article: Jan 20, 2024\" href=\"https:\/\/bc.ctvnews.ca\/vancouver-insurance-company-sees-191-increase-in-frozen-pipe-claims-1.6735433\" target=\"_blank\" rel=\"noopener noreferrer\">\u00c0 Vancouver, une compagnie d&rsquo;assurance constate une hausse de 191&nbsp;% en r\u00e9clamations pour tuyaux gel\u00e9s<\/a><\/strong><\/p><p>CTV News | 20 janvier 2024<\/p>\r\n<\/td>\r\n<\/tr>\r\n\r\n<tr>\r\n<td width=\"16%\">\r\n<p><img decoding=\"async\" src=\"https:\/\/cdn.squareone.ca\/wp-content\/uploads\/2019\/08\/09092429\/daily-hive.jpg\" title=\"Daily Hive\" alt=\"Daily Hive logo\"  \/><\/p>\r\n<\/td>\r\n<td width='5%'><\/td>\r\n<td class=\"pb-6\">\r\n<p class=\"display-4 mb-0\"><strong><a title=\"Daily Hive article: Jan 18, 2024\" href=\"https:\/\/dailyhive.com\/vancouver\/square-one-insurance-frozen-pipe-incidents\" target=\"_blank\" rel=\"noopener noreferrer\">Une compagnie d&rsquo;assurance propose des conseils pour les propri\u00e9taires occupants apr\u00e8s une hausse de 191&nbsp;% en r\u00e9clamations pour tuyaux gel\u00e9s<\/a><\/strong><\/p><p>Daily Hive | 18 janvier 2024<\/p>\r\n<\/td>\r\n<\/tr>\r\n\r\n<tr>\r\n<td>\r\n<p><img decoding=\"async\" src=\"https:\/\/cdn.squareone.ca\/wp-content\/uploads\/2017\/08\/03034532\/cdn-underwriter.png\" title=\"Canadian Underwriter\" alt=\"Canadian Underwriter logo\"  \/><\/p>\r\n<\/td>\r\n<td><\/td>\r\n<td class=\"pb-6\">\r\n<p class=\"display-4 mb-0\"><strong><a title=\"Canadian Underwriter article: Jan 18, 2024\" href=\"https:\/\/canadianunderwriter.ca\/news\/claims\/brokerage-sees-nearly-200-increase-in-cold-weather-claims\/\" target=\"_blank\" rel=\"noopener noreferrer\">Un courtage constate une hausse de presque 200&nbsp;% en r\u00e9clamations pendant l&rsquo;hiver<\/a><\/strong><\/p><p>Canadian Underwriter | 18 janvier 2024<\/p>\r\n<\/td>\r\n<\/tr>\r\n\r\n<tr>\r\n<td>\r\n<p><img decoding=\"async\" src=\"https:\/\/cdn.squareone.ca\/wp-content\/uploads\/2023\/12\/28112110\/surrey-now.png\" title=\"Surrey Now-Leader\" alt=\"Surrey Now-Leader Logo\" \/><\/p>\r\n<\/td>\r\n<td><\/td>\r\n<td class=\"pb-6\">\r\n<p class=\"display-4 mb-0\"><strong><a title=\"Surrey Now-Leader article: Dec 27, 2023\" href=\"https:\/\/www.surreynowleader.com\/news\/270k-home-reno-for-surrey-family-of-teen-hockey-player-killed-in-car-crash-7290240\" target=\"_blank\" rel=\"noopener noreferrer\">\u00c0 Surrey, une r\u00e9novation de maison de 270&nbsp;000&nbsp;$ pour la famille d&rsquo;un joueur de hockey adolescent tu\u00e9 dans un accident automobile<\/a><\/strong><\/p><p>Surrey Now-Leader | 27 d\u00e9cembre 2023<\/p>\r\n<\/td>\r\n<\/tr>\r\n\r\n<tr>\r\n<td>\r\n<p><img decoding=\"async\" src=\"https:\/\/cdn.squareone.ca\/wp-content\/uploads\/2017\/08\/03033402\/img-global-news2.png\" title=\"Global News\" alt=\"Global News Logo\" \/><\/p>\r\n<\/td>\r\n<td><\/td>\r\n<td class=\"pb-6\">\r\n<p class=\"display-4 mb-0\"><strong><a title=\"Global News article: Dec 15, 2023\" href=\"https:\/\/globalnews.ca\/news\/10169637\/house-fire-dempsey-crescent-toronto\/\" target=\"_blank\" rel=\"noopener noreferrer\">Incendie criminel pr\u00e9sum\u00e9 apr\u00e8s l&rsquo;incendie d&rsquo;une maison torontoise en vente pour presque 14&nbsp;millions de dollars<\/a><\/strong><\/p><p>Global News | 15 d\u00e9cembre 2023<\/p>\r\n<\/td>\r\n<\/tr>\r\n\r\n<tr>\r\n<td>\r\n<p><img decoding=\"async\" src=\"https:\/\/cdn.squareone.ca\/wp-content\/uploads\/2023\/10\/05145331\/Made-in-CA-Logo-sized.png\" title=\"Made in CA\" alt=\"Made in CA Logo\" \/><\/p>\r\n<\/td>\r\n<td><\/td>\r\n<td class=\"pb-6\">\r\n<p class=\"display-4 mb-0\"><strong><a title=\"Made in CA Article: Oct 5, 2023\" href=\"https:\/\/madeinca.ca\/daniel-mirkovic-square-one-insurance-services\/\" target=\"_blank\" rel=\"noopener noreferrer nofollow\">Daniel Mirkovic : Square One transforme la fa\u00e7on dont les clients voient l&rsquo;assurance habitation<\/a><\/strong><\/p><p>Made in CA | 5 octobre 2023<\/p>\r\n<\/td>\r\n<\/tr>\r\n\r\n<tr>\r\n<td>\r\n<p><img decoding=\"async\" src=\"https:\/\/cdn.squareone.ca\/wp-content\/uploads\/2012\/10\/30071409\/CBCnews.jpg\" title=\"CBC News\" alt=\"CBC News Logo\" \/><\/p>\r\n<\/td>\r\n<td><\/td>\r\n<td class=\"pb-6\">\r\n<p class=\"display-4 mb-0\"><strong><a title=\"CBC News Article: Jul 31, 2023\" href=\"https:\/\/www.cbc.ca\/news\/canada\/london\/had-a-bicycle-stolen-here-s-what-you-can-do-to-keep-it-safer-1.6921231\" target=\"_blank\" rel=\"noopener noreferrer\">Votre bicyclette a \u00e9t\u00e9 vol\u00e9e? Voici ce que vous pouvez faire<\/a><\/strong><\/p><p>CBC News | 31 juillet 2023<\/p>\r\n<\/td>\r\n<\/tr>\r\n\r\n<tr>\r\n<td>\r\n<p><img decoding=\"async\" src=\"https:\/\/cdn.squareone.ca\/wp-content\/uploads\/2015\/08\/30071100\/ibca_logo.png\" title=\"IBCA Logo\" alt=\"IBCA Logo\" \/><\/p>\r\n<\/td>\r\n<td><\/td>\r\n<td class=\"pb-6\">\r\n<p class=\"display-4 mb-0\"><strong><a title=\"IBCA article: Jul 31, 2022\" href=\"https:\/\/www.insurancebusinessmag.com\/ca\/news\/breaking-news\/bike-thefts-spike-more-than-400-in-the-summer-454558.aspx\" target=\"_blank\" rel=\"noopener noreferrer\">Le vol de bicyclettes monte de plus de 400&nbsp;% pendant l&rsquo;\u00e9t\u00e9\r\n<\/a><\/strong><\/p><p>Insurance Business Canada | 31 juillet 2023<\/p>\r\n<\/td>\r\n<\/tr>\r\n\r\n<tr>\r\n<td>\r\n<p><img decoding=\"async\" src=\"https:\/\/cdn.squareone.ca\/wp-content\/uploads\/2017\/08\/03033402\/img-global-news2.png\" title=\"Global News\" alt=\"Global News Logo\" \/><\/p>\r\n<\/td>\r\n<td><\/td>\r\n<td class=\"pb-6\">\r\n<p class=\"display-4 mb-0\"><strong><a title=\"Global News article: Jul 7, 2023\" href=\"https:\/\/globalnews.ca\/news\/9817117\/bicycle-thefts-canada-summer-2023\/\" target=\"_blank\" rel=\"noopener noreferrer\">Le vol de bicyclettes monte en fl\u00e8che pendant l&rsquo;\u00e9t\u00e9. Voici o\u00f9 les vols ont lieu le plus souvent<\/a><\/strong><\/p><p>Global News | 7 juillet 2023<\/p>\r\n<\/td>\r\n<\/tr>\r\n\r\n<tr>\r\n<td>\r\n<p><img decoding=\"async\" src=\"https:\/\/cdn.squareone.ca\/wp-content\/uploads\/2023\/07\/06131651\/ctv.png\" title=\"CTV News\" alt=\"CTV News Logo\" \/><\/p>\r\n<\/td>\r\n<td><\/td>\r\n<td class=\"pb-6\">\r\n<p class=\"display-4 mb-0\"><strong><a title=\"CTV News article: Jul 4, 2023\" href=\"https:\/\/www.ctvnews.ca\/canada\/bicycle-thefts-in-canada-soar-by-429-per-cent-during-summer-months-report-1.6467265\" target=\"_blank\" rel=\"noopener noreferrer\">Au Canada, le vol de bicyclettes monte de 429&nbsp;pour cent pendant les mois d&rsquo;\u00e9t\u00e9 selon un rapport<\/a><\/strong><\/p><p>CTV News | 4 juillet 2023<\/p>\r\n<\/td>\r\n<\/tr>\r\n\r\n<tr>\r\n<td width=\"16%\">\r\n<p><img decoding=\"async\" src=\"https:\/\/cdn.squareone.ca\/wp-content\/uploads\/2020\/09\/08030837\/lowest-rates.png\" title=\"LowestRates\" alt=\"LowestRates logo\"  \/><\/p>\r\n<\/td>\r\n<td width='5%'><\/td>\r\n<td class=\"pb-6\">\r\n<p class=\"display-4 mb-0\"><strong><a title=\"LowestRates article: May 19, 2023\" href=\"https:\/\/www.lowestrates.ca\/blog\/homes\/landscaping-home-insurance-whats-covered\" target=\"_blank\" rel=\"noopener noreferrer\">L&rsquo;am\u00e9nagement paysager et l&rsquo;assurance habaitation&nbsp;: ce qui est couvert<\/a><\/strong><\/p><p>LowestRates | 19 mai 2023<\/p>\r\n<\/td>\r\n<\/tr>\r\n\r\n<tr>\r\n<td width=\"16%\">\r\n<p><img decoding=\"async\" src=\"https:\/\/cdn.squareone.ca\/wp-content\/uploads\/2020\/09\/08030837\/lowest-rates.png\" title=\"LowestRates\" alt=\"LowestRates logo\"  \/><\/p>\r\n<\/td>\r\n<td width='5%'><\/td>\r\n<td class=\"pb-6\">\r\n<p class=\"display-4 mb-0\"><strong><a title=\"LowestRates article: Apr 25, 2023\" href=\"https:\/\/www.lowestrates.ca\/blog\/homes\/what-is-umbrella-insurance\" target=\"_blank\" rel=\"noopener noreferrer\">Qu&rsquo;est-ce que l&rsquo;assurance responsabilit\u00e9 civile compl\u00e9mentaire et devriez-vous la souscrire?<\/a><\/strong><\/p><p>LowestRates | 25 avril 2023<\/p>\r\n<\/td>\r\n<\/tr>\r\n\r\n<tr>\r\n<td>\r\n<p><img decoding=\"async\" src=\"https:\/\/cdn.squareone.ca\/wp-content\/uploads\/2023\/02\/07124119\/movingwaldo-logo_GV-2-sized.png\" title=\"MovingWaldo Logo\" alt=\"MovingWaldo Logo\" \/><\/p>\r\n<\/td>\r\n<td><\/td>\r\n<td class=\"pb-6\">\r\n<p class=\"display-4 mb-0\"><strong>Compagnies d&rsquo;assurance habitation&nbsp;: FAQ avec les experts en assurance<\/strong><\/p><p>MovingWaldo | 5 f\u00e9vrier 2023<\/p>\r\n<\/td>\r\n<\/tr>\r\n\r\n<tr>\r\n<td width=\"16%\">\r\n<p><img decoding=\"async\" src=\"https:\/\/cdn.squareone.ca\/wp-content\/uploads\/2022\/02\/11113746\/ratesdot-logo-sized.png\" title=\"RATESDOTCA\" alt=\"RATESDOTCA logo\"  \/><\/p>\r\n<\/td>\r\n<td width='5%'><\/td>\r\n<td class=\"pb-6\">\r\n<p class=\"display-4 mb-0\"><strong><a title=\"RATESDOTCA article: Apr 13, 2022\" href=\"https:\/\/rates.ca\/resources\/how-insure-tiny-home-canada\" target=\"_blank\" rel=\"noopener noreferrer\">Comment assurer une petite masion au Canada<\/a><\/strong><\/p><p>RATESDOTCA | 13 avril 2022<\/p>\r\n<\/td>\r\n<\/tr>\r\n\r\n<tr>\r\n<td width=\"16%\">\r\n<p><img decoding=\"async\" src=\"https:\/\/cdn.squareone.ca\/wp-content\/uploads\/2020\/09\/08030837\/lowest-rates.png\" title=\"LowestRates\" alt=\"LowestRates logo\"  \/><\/p>\r\n<\/td>\r\n<td width='5%'><\/td>\r\n<td class=\"pb-6\">\r\n<p class=\"display-4 mb-0\"><strong><a title=\"LowestRates article: Mar 24, 2022\" href=\"https:\/\/www.lowestrates.ca\/blog\/homes\/will-gofundme-gift-affect-home-insurance-payout\" target=\"_blank\" rel=\"noopener noreferrer\">Un cadeau de GoFundMe touchera-t-il votre r\u00e8glement de sinistre?<\/a><\/strong><\/p><p>LowestRates | 24 mars 2022<\/p>\r\n<\/td>\r\n<\/tr>\r\n\r\n<tr>\r\n<td width=\"16%\">\r\n<p><img decoding=\"async\" src=\"https:\/\/cdn.squareone.ca\/wp-content\/uploads\/2022\/02\/11113746\/ratesdot-logo-sized.png\" title=\"RATESDOTCA\" alt=\"RATESDOTCA logo\"  \/><\/p>\r\n<\/td>\r\n<td width='5%'><\/td>\r\n<td class=\"pb-6\">\r\n<p class=\"display-4 mb-0\"><strong><a title=\"RATESDOTCA article: Feb 10, 2022\" href=\"https:\/\/rates.ca\/resources\/does-home-insurance-cover-mould\" target=\"_blank\" rel=\"noopener noreferrer\">L&rsquo;assurance habitation couvre-t-elle les dommages caus\u00e9s par la moisissure?<\/a><\/strong><\/p><p>RATESDOTCA | 10 f\u00e9vrier 2022<\/p>\r\n<\/td>\r\n<\/tr>\r\n\r\n<tr>\r\n<td width=\"16%\">\r\n<p><img decoding=\"async\" src=\"https:\/\/cdn.squareone.ca\/wp-content\/uploads\/2019\/08\/13104536\/moneysense.png\" title=\"MoneySense\" alt=\"MoneySense logo\"  \/><\/p>\r\n<\/td>\r\n<td width='5%'><\/td>\r\n<td class=\"pb-6\">\r\n<p class=\"display-4 mb-0\"><strong><a title=\"MoneySense article: Sep 16, 2021\" href=\"https:\/\/www.moneysense.ca\/spend\/insurance\/home-insurance\/how-much-is-home-insurance\/\" target=\"_blank\" rel=\"noopener noreferrer\">Combien co\u00fbte l&rsquo;assurance habitation?<\/a><\/strong><\/p><p>MoneySense | 16 septembre 2021<\/p>\r\n<\/td>\r\n<\/tr>\r\n\r\n<tr>\r\n<td width=\"16%\">\r\n<p><img decoding=\"async\" src=\"https:\/\/cdn.squareone.ca\/wp-content\/uploads\/2019\/08\/13104536\/moneysense.png\" title=\"MoneySense\" alt=\"MoneySense logo\"  \/><\/p>\r\n<\/td>\r\n<td width='5%'><\/td>\r\n<td class=\"pb-6\">\r\n<p class=\"display-4 mb-0\"><strong><a title=\"MoneySense article: Sep 9, 2021\" href=\"https:\/\/www.moneysense.ca\/spend\/insurance\/home-insurance\/condo-insurance-increases\/\" target=\"_blank\" rel=\"noopener noreferrer\">Pourquoi les primes de l&rsquo;assurance copropri\u00e9taire augmentent?<\/a><\/strong><\/p><p>MoneySense | 9 septembre 2021<\/p>\r\n<\/td>\r\n<\/tr>\r\n\r\n<tr>\r\n<td>\r\n<p><img decoding=\"async\" src=\"https:\/\/cdn.squareone.ca\/wp-content\/uploads\/2015\/08\/30071100\/ibca_logo.png\" title=\"IBCA Logo\" alt=\"IBCA Logo\" \/><\/p>\r\n<\/td>\r\n<td><\/td>\r\n<td class=\"pb-6\">\r\n<p class=\"display-4 mb-0\"><strong><a title=\"IBCA article: Jun 6, 2021\" href=\"https:\/\/www.insurancebusinessmag.com\/ca\/news\/home\/dog-bite-incidents-on-the-rise-could-affect-insurance-rates--report-257274.aspx\" target=\"_blank\" rel=\"noopener noreferrer\">Les incidents de morsure de chien sont en hausse, ce qui pourrait toucher les taux d&rsquo;assurance<\/a><\/strong><\/p><p>Insurance Business Canada | 6 juin 2021<\/p>\r\n<\/td>\r\n<\/tr>\r\n\r\n<tr>\r\n<td width=\"16%\">\r\n<p><img decoding=\"async\" src=\"https:\/\/cdn.squareone.ca\/wp-content\/uploads\/2020\/09\/08030837\/lowest-rates.png\" title=\"LowestRates\" alt=\"LowestRates logo\"  \/><\/p>\r\n<\/td>\r\n<td width='5%'><\/td>\r\n<td class=\"pb-6\">\r\n<p class=\"display-4 mb-0\"><strong><a title=\"LowestRates article: Sep 4, 2020\" href=\"https:\/\/www.lowestrates.ca\/blog\/homes\/pandemic-learning-pods-home-insurance-what-to-know\" target=\"_blank\" rel=\"noopener noreferrer\">Les cellules d&rsquo;apprentissage de la pand\u00e9mie et l&rsquo;assurance habitation&nbsp;: ce qu&rsquo;il faut savoir<\/a><\/strong><\/p><p>LowestRates | 4 septembre 2020<\/p>\r\n<\/td>\r\n<\/tr>\r\n\r\n<tr>\r\n<td width=\"16%\">\r\n<p><img decoding=\"async\" src=\"https:\/\/cdn.squareone.ca\/wp-content\/uploads\/2019\/08\/13104536\/moneysense.png\" title=\"MoneySense\" alt=\"MoneySense logo\"  \/><\/p>\r\n<\/td>\r\n<td width='5%'><\/td>\r\n<td class=\"pb-6\">\r\n<p class=\"display-4 mb-0\"><strong><a title=\"MoneySense article: Aug 13, 2019\" href=\"https:\/\/www.moneysense.ca\/columns\/airbnb-home-insurance-canada\/\" target=\"_blank\" rel=\"noopener noreferrer\">Ce qu&rsquo;il faut faire si des locataires \u00e0 court terme saccagent votre domicile<\/a><\/strong><\/p><p>MoneySense | 13 ao\u00fbt 2019<\/p>\r\n<\/td>\r\n<\/tr>\r\n\r\n<tr>\r\n<td width=\"16%\">\r\n<p><img decoding=\"async\" src=\"https:\/\/cdn.squareone.ca\/wp-content\/uploads\/2019\/08\/09092429\/daily-hive.jpg\" title=\"Daily Hive\" alt=\"Daily Hive logo\"  \/><\/p>\r\n<\/td>\r\n<td width='5%'><\/td>\r\n<td class=\"pb-6\">\r\n<p class=\"display-4 mb-0\"><strong><a title=\"Daily Hive article: August 9, 2019\" href=\"https:\/\/dailyhive.com\/vancouver\/vancouver-bike-thefts\" target=\"_blank\" rel=\"noopener noreferrer\">Vancouver affiche le taux de vol de bicyclette le plus \u00e9lev\u00e9 par t\u00eate parmi les villes majeures canadiennes<\/a><\/strong><\/p><p>Daily Hive | 9 ao\u00fbt 2019<\/p>\r\n<\/td>\r\n<\/tr>\r\n\r\n<tr>\r\n<td>\r\n<p><img decoding=\"async\" src=\"https:\/\/cdn.squareone.ca\/wp-content\/uploads\/2017\/08\/03034532\/cdn-underwriter.png\" title=\"Canadian Underwriter\" alt=\"Canadian Underwriter logo\"  \/><\/p>\r\n<\/td>\r\n<td><\/td>\r\n<td class=\"pb-6\">\r\n<p class=\"display-4 mb-0\"><strong><a title=\"Canadian Underwriter article: Apr 24, 2018\" href=\"https:\/\/www.canadianunderwriter.ca\/insurance\/vancouvers-new-short-term-rental-bylaw-mean-insurers-1004130649\/\" target=\"_blank\" rel=\"noopener noreferrer\">Que signifie pour les assureurs le nouveau r\u00e8glement de location \u00e0 court terme \u00e0 Vancouver?<\/a><\/strong><\/p><p>Canadian Underwriter | 24 avril 2018<\/p>\r\n<\/td>\r\n<\/tr>\r\n\r\n<tr>\r\n<td>\r\n<p><img decoding=\"async\" src=\"https:\/\/cdn.squareone.ca\/wp-content\/uploads\/2017\/11\/30015206\/iphoneincanada.png\" title=\"iPhone in Canada\" alt=\"iPhone in Canada logo\" \/><\/p>\r\n<\/td>\r\n<td><\/td>\r\n<td class=\"pb-6\">\r\n<p class=\"display-4 mb-0\"><strong><a title=\"iPhone in Canada article: Nov 30, 2017\" href=\"https:\/\/www.iphoneincanada.ca\/news\/new-app-helps-decrease-bike-theft-in-vancouver-by-30-may-launch-in-toronto\/\" target=\"_blank\" rel=\"noopener noreferrer\">Nouvelle appli aide \u00e0 r\u00e9duire le vol de bicyclettes \u00e0 Vancouver par 30&nbsp;% et pourrait \u00eatre lanc\u00e9e \u00e0 Toronto<\/a><\/strong><\/p><p>iPhone in Canada | 30 novembre 2017<\/p>\r\n<\/td>\r\n<\/tr>\r\n\r\n<tr>\r\n<td width=\"16%\">\r\n<p><img decoding=\"async\" src=\"https:\/\/cdn.squareone.ca\/wp-content\/uploads\/2017\/08\/03034532\/cdn-underwriter.png\" title=\"Canadian Underwriter\" alt=\"Canadian Underwriter logo\"  \/><\/p>\r\n<\/td>\r\n<td><\/td>\r\n<td class=\"pb-6\">\r\n<p class=\"display-4 mb-0\"><strong><a title=\"Canadian Underwriter article: Nov 20, 2017\" href=\"https:\/\/www.canadianunderwriter.ca\/insurance\/airbnb-whos-covering-1004123990\/\" target=\"_blank\" rel=\"noopener noreferrer\">Airbnb&nbsp;: Qui le couvre?<\/a><\/strong><\/p><p>Canadian Underwriter | 20 novembre 2017<\/p>\r\n<\/td>\r\n<\/tr>\r\n\r\n<tr>\r\n<td>\r\n<p><img decoding=\"async\" src=\"https:\/\/cdn.squareone.ca\/wp-content\/uploads\/2017\/08\/03034532\/cdn-underwriter.png\" title=\"Canadian Underwriter\" alt=\"Canadian Underwriter logo\"  \/><\/p>\r\n<\/td>\r\n<td><\/td>\r\n<td class=\"pb-6\">\r\n<p class=\"display-4 mb-0\"><strong><a title=\"Canadian Underwriter article: Nov 16, 2017\" href=\"https:\/\/www.canadianunderwriter.ca\/insurance\/newly-legalized-airbnb-rentals-whos-insuring-1004123804\/\" target=\"_blank\" rel=\"noopener noreferrer\">Locations Airbnb nouvellement r\u00e9glement\u00e9es&nbsp;: Qui les assure?<\/a><\/strong><\/p><p>Canadian Underwriter | 16 novembre 2017<\/p>\r\n<\/td>\r\n<\/tr>\r\n\r\n<tr>\r\n<td>\r\n<p><img decoding=\"async\" src=\"https:\/\/cdn.squareone.ca\/wp-content\/uploads\/2017\/08\/03034532\/cdn-underwriter.png\" title=\"Canadian Underwriter\" alt=\"Canadian Underwriter logo\" \/><\/p>\r\n<\/td>\r\n<td><\/td>\r\n<td class=\"pb-6\">\r\n<p class=\"display-4 mb-0\"><strong>La notion d&rsquo;assuretech changera la fa\u00e7on de distribuer l&rsquo;assurance<\/strong><\/p><p>Canadian Underwriter | 3 octobre 2017<\/p>\r\n<\/td>\r\n<\/tr>\r\n\r\n<tr>\r\n<td>\r\n<p><img decoding=\"async\" src=\"https:\/\/cdn.squareone.ca\/wp-content\/uploads\/2012\/12\/30071406\/IC-leaf-262x90-2010.gif\" title=\"Insurance-Canada.ca\" alt=\"Insurance-Canada.ca logo\" \/><\/p>\r\n<\/td>\r\n<td><\/td>\r\n<td class=\"pb-6\">\r\n<p class=\"display-4 mb-0\"><strong><a title=\"Insurance-Canada.ca: Augt 28, 2017\" href=\"https:\/\/www.insurance-canada.ca\/2017\/08\/28\/square-one-short-term-rentals\/\" target=\"_blank\" rel=\"noopener noreferrer\">Square One encourage les personnes louant des propri\u00e9t\u00e9s \u00e0 court terme \u00e0 parler avec leur fournisseur d&rsquo;assurance<\/a><\/strong><\/p><p>Insurance-Canada.ca | 28 ao\u00fbt 2017<\/p>\r\n<\/td>\r\n<\/tr>\r\n\r\n<tr>\r\n<td>\r\n<p><img decoding=\"async\" src=\"https:\/\/cdn.squareone.ca\/wp-content\/uploads\/2017\/08\/03034532\/cdn-underwriter.png\" title=\"Canadian Underwriter\" alt=\"Canadian Underwriter logo\" \/><\/p>\r\n<\/td>\r\n<td><\/td>\r\n<td class=\"pb-6\">\r\n<p class=\"display-4 mb-0\"><strong>Assurez-vous de prot\u00e9ger les possessions des clients pendant un d\u00e9m\u00e9nagement<\/strong><\/p><p>Canadian Underwriter | 25 ao\u00fbt 2017<\/p>\r\n<\/td>\r\n<\/tr>\r\n\r\n<tr>\r\n<td>\r\n<p><img decoding=\"async\" src=\"https:\/\/cdn.squareone.ca\/wp-content\/uploads\/2015\/08\/30071100\/ibca_logo.png\" title=\"IBCA Logo\" alt=\"IBCA Logo\" \/><\/p>\r\n<\/td>\r\n<td><\/td>\r\n<td class=\"pb-6\">\r\n<p class=\"display-4 mb-0\"><strong><a title=\"IBCA article: Aug 18, 2017\" href=\"https:\/\/www.insurancebusinessmag.com\/ca\/news\/breaking-news\/most-canadians-fail-to-properly-insure-their-belongings-while-moving-homes-survey-76441.aspx\" target=\"_blank\" rel=\"noopener noreferrer\">La plupart des Canadiens n&rsquo;assurent pas correctement leurs possessions durant le d\u00e9m\u00e9nagement&nbsp;: enqu\u00eate<\/a><\/strong><\/p><p>Insurance Business Canada | 18 ao\u00fbt 2017<\/p>\r\n<\/td>\r\n<\/tr>\r\n\r\n<tr>\r\n<td>\r\n<p><img loading=\"lazy\" decoding=\"async\" src=\"https:\/\/cdn.squareone.ca\/wp-content\/uploads\/2012\/12\/30071406\/IC-leaf-262x90-2010.gif\" title=\"Insurance-Canada.ca\" alt=\"Insurance-Canada.ca logo\" width=\"140\" height=\"48\" \/><\/p>\r\n<\/td>\r\n<td><\/td>\r\n<td class=\"pb-6\">\r\n<p class=\"display-4 mb-0\"><strong><a title=\"Insurance-Canada.ca: Aug 17, 2017\" href=\"https:\/\/www.insurance-canada.ca\/2017\/08\/17\/square-one-moving-personal-belongings\/\" target=\"_blank\" rel=\"noopener noreferrer\">Les Canadiens n&rsquo;assurent pas correctement leurs possessions durant le d\u00e9m\u00e9nagement \u00e0 une nouvelle habitation<\/a><\/strong><\/p><p>Insurance-Canada.ca | 17 ao\u00fbt 2017<\/p>\r\n<\/td>\r\n<\/tr>\r\n\r\n<tr>\r\n<td>\r\n<p><img decoding=\"async\" src=\"https:\/\/cdn.squareone.ca\/wp-content\/uploads\/2017\/08\/03034532\/cdn-underwriter.png\" title=\"Canadian Underwriter\" alt=\"Canadian Underwriter logo\"  \/><\/p>\r\n<\/td>\r\n<td><\/td>\r\n<td class=\"pb-6\">\r\n<p class=\"display-4 mb-0\"><strong><a title=\"Canadian Underwriter article: August 16, 2017\" href=\"https:\/\/www.canadianunderwriter.ca\/insurance\/80-polled-canadians-not-properly-insuring-belongings-moving-new-home-1004119216\/\" target=\"_blank\" rel=\"noopener noreferrer\">Dans un sondage, 80&nbsp;% des Canadiens n&rsquo;assurent pas correctement leurs possessions durant le d\u00e9m\u00e9nagement \u00e0 un nouveau domicile<\/a><\/strong><\/p><p>Canadian Underwriter | 16 ao\u00fbt 2017<\/p>\r\n<\/td>\r\n<\/tr>\r\n\r\n<tr>\r\n<td>\r\n<p><img decoding=\"async\" src=\"https:\/\/cdn.squareone.ca\/wp-content\/uploads\/2016\/02\/30071016\/national-post.png\" title=\"National Post\" alt=\"National Post Logo\" \/><\/p>\r\n<\/td>\r\n<td><\/td>\r\n<td class=\"pb-6\">\r\n<p class=\"display-4 mb-0\"><strong><a title=\"National Post article: Aug 16, 2017\" href=\"https:\/\/nationalpost.com\/\" target=\"_blank\" rel=\"nofollow noopener noreferrer\">Square One constate que 80&nbsp;% des Canadiens n&rsquo;assurent pas correctement leurs possessions durant le d\u00e9m\u00e9nagement \u00e0 un nouveau domicile<\/a><\/strong><\/p><p>National Post | 16 ao\u00fbt 2017<\/p>\r\n<\/td>\r\n<\/tr>\r\n\r\n<tr>\r\n<td>\r\n<p><img decoding=\"async\" src=\"https:\/\/cdn.squareone.ca\/wp-content\/uploads\/2017\/08\/03034532\/cdn-underwriter.png\" title=\"Canadian Underwriter\" alt=\"Canadian Underwriter logo\" \/><\/p>\r\n<\/td>\r\n<td><\/td>\r\n<td class=\"pb-6\">\r\n<p class=\"display-4 mb-0\"><strong><a title=\"Canadian Underwriter article: Aug 3, 2017\" href=\"https:\/\/canadianunderwriter.ca\/news\/claims\/17-of-secondary-rental-suites-in-ontario-alberta-and-b-c-considered-illegal-square-one-insurance-survey\/\" target=\"_blank\" rel=\"noopener noreferrer\">Selon une enqu\u00eate, de nombreux propri\u00e9taires occupants louent des chambres ill\u00e9galement<\/a><\/strong><\/p><p>Canadian Underwriter | 3 ao\u00fbt 2017<\/p>\r\n<\/td>\r\n<\/tr>\r\n\r\n<tr>\r\n<td>\r\n<p><img decoding=\"async\" src=\"https:\/\/cdn.squareone.ca\/wp-content\/uploads\/2017\/08\/03034532\/cdn-underwriter.png\" title=\"Canadian Underwriter\" alt=\"Canadian Underwriter logo\"  \/><\/p>\r\n<\/td>\r\n<td><\/td>\r\n<td class=\"pb-6\">\r\n<p class=\"display-4 mb-0\"><strong><a title=\"Canadian Underwriter article: Aug 3, 2017\" href=\"https:\/\/www.canadianunderwriter.ca\/insurance\/17-secondary-rental-suites-ontario-alberta-b-c-considered-illegal-square-one-insurance-survey-1004118594\/\" target=\"_blank\" rel=\"noopener noreferrer\">17&nbsp;% des unit\u00e9s locatives secondaires en Ontario, en Alberta et en Colombie-Britannique sont r\u00e9put\u00e9es \u00eatre ill\u00e9gales&nbsp;: enqu\u00eate d&rsquo;Assurances Square One<\/a><\/strong><\/p><p>Canadian Underwriter | 3 ao\u00fbt 2017<\/p>\r\n<\/td>\r\n<\/tr>\r\n\r\n<tr>\r\n<td>\r\n<p><img decoding=\"async\" src=\"https:\/\/cdn.squareone.ca\/wp-content\/uploads\/2017\/08\/03033402\/img-global-news2.png\" title=\"Global News\" alt=\"Global News Logo\" \/><\/p>\r\n<\/td>\r\n<td><\/td>\r\n<td class=\"pb-6\">\r\n<p class=\"display-4 mb-0\"><strong><a title=\"Global News article: Aug 2, 2017\" href=\"https:\/\/globalnews.ca\/news\/3644308\/disclose-rental-suite-breaking-law\/\" target=\"_blank\" rel=\"noopener noreferrer\">Si vous n&rsquo;avez pas divulgu\u00e9 l&rsquo;unit\u00e9 locative de votre domicile, il est possible que vous contrevienne \u00e0 la loi<\/a><\/strong><\/p><p>Global News | 2 ao\u00fbt 2017<\/p>\r\n<\/td>\r\n<\/tr>\r\n\r\n<tr>\r\n<td>\r\n<p><img decoding=\"async\" src=\"https:\/\/cdn.squareone.ca\/wp-content\/uploads\/2016\/02\/30071016\/national-post.png\" title=\"National Post\" alt=\"National Post Logo\" \/><\/p>\r\n<\/td>\r\n<td><\/td>\r\n<td class=\"pb-6\">\r\n<p class=\"display-4 mb-0\"><strong>Square One constate que 15&nbsp;% des unit\u00e9s locatives secondaires au Canada sont ill\u00e9gales<\/strong><\/p><p>National Post | 2 ao\u00fbt 2017<\/p>\r\n<\/td>\r\n<\/tr>\r\n\r\n<tr>\r\n<td>\r\n<p><img loading=\"lazy\" decoding=\"async\" src=\"https:\/\/cdn.squareone.ca\/wp-content\/uploads\/2017\/07\/10081519\/Business_News_Network_logo.png\" title=\"Business News Network\" alt=\"Business News Network logo\" width=\"119\" height=\"37\" \/><\/p>\r\n<\/td>\r\n<td><\/td>\r\n<td class=\"pb-6\">\r\n<p class=\"display-4 mb-0\"><strong><a title=\"Business News Network interview: Jul 10, 2017\" href=\"https:\/\/www.bnnbloomberg.ca\/video\/evacuated-b-c-families-can-expect-11-300-in-financial-losses-square-one-insurance~1164554\" target=\"_blank\" rel=\"noopener noreferrer\">Les familles \u00e9vacu\u00e9es en Colombie-Britannique perdront 11&nbsp;300&nbsp;$<\/a><\/strong><\/p><p>Business News Network | 10 juillet 2017<\/p>\r\n<\/td>\r\n<\/tr>\r\n\r\n<tr>\r\n<td>\r\n<p><img decoding=\"async\" src=\"https:\/\/cdn.squareone.ca\/wp-content\/uploads\/2017\/08\/03034532\/cdn-underwriter.png\" title=\"Canadian Underwriter\" alt=\"Canadian Underwriter logo\"  \/><\/p>\r\n<\/td>\r\n<td><\/td>\r\n<td class=\"pb-6\">\r\n<p class=\"display-4 mb-0\"><strong><a title=\"Canadian Underwriter article: Jul 7, 2017\" href=\"https:\/\/canadianunderwriter.ca\/news\/claims\/canadians-evacuated-from-homes-after-a-wildfire-can-expect-to-suffer-11300-in-financial-losses-square-one-insurance\/\" target=\"_blank\" rel=\"noopener noreferrer\">Les personnes \u00e9vacu\u00e9es souffrent des pertes moyennes de 11&nbsp;300&nbsp;$&nbsp;: Assurances Square One<\/a><\/strong><\/p><p>Canadian Underwriter | 7 juillet 2017<\/p>\r\n<\/td>\r\n<\/tr>\r\n\r\n<tr>\r\n<td>\r\n<p><img decoding=\"async\" src=\"https:\/\/cdn.squareone.ca\/wp-content\/uploads\/2017\/08\/03034532\/cdn-underwriter.png\" title=\"Canadian Underwriter\" alt=\"Canadian Underwriter logo\"  \/><\/p>\r\n<\/td>\r\n<td><\/td>\r\n<td class=\"pb-6\">\r\n<p class=\"display-4 mb-0\"><strong><a title=\"Canadian Underwriter article: Jul 6, 2017\" href=\"https:\/\/www.canadianunderwriter.ca\/insurance\/canadians-evacuated-homes-wildfire-can-expect-suffer-11300-financial-losses-square-one-insurance-1004116637\/\" target=\"_blank\" rel=\"noopener noreferrer\">Les Canadiens \u00e9vacu\u00e9s de leur domicile apr\u00e8s un feu de for\u00eat subiront des pertes de 11&nbsp;300&nbsp;$<\/a><\/strong><\/p><p>Canadian Underwriter | 6 juillet 2017<\/p>\r\n<\/td>\r\n<\/tr>\r\n\r\n<tr>\r\n<td>\r\n<p><img decoding=\"async\" src=\"https:\/\/cdn.squareone.ca\/wp-content\/uploads\/2015\/08\/30071100\/ibca_logo.png\" title=\"IBCA Logo\" alt=\"IBCA Logo\" \/><\/p>\r\n<\/td>\r\n<td><\/td>\r\n<td class=\"pb-6\">\r\n<p class=\"display-4 mb-0\"><strong><a title=\"IBCA article: May 17, 2017\" href=\"https:\/\/www.insurancebusinessmag.com\/ca\/news\/breaking-news\/elevator-injuries-are-going-up--and-theres-insurance-for-that-67850.aspx\" target=\"_blank\" rel=\"noopener noreferrer\">Les blessures subies dans un ascenseur augmentent et il y a une assurance pour cela<\/a><\/strong><\/p><p>Insurance Business Canada | 17 mai 2017<\/p>\r\n<\/td>\r\n<\/tr>\r\n\r\n<tr>\r\n<td>\r\n<p><img decoding=\"async\" src=\"https:\/\/cdn.squareone.ca\/wp-content\/uploads\/2015\/08\/30071100\/ibca_logo.png\" title=\"IBCA Logo\" alt=\"IBCA Logo\" \/><\/p>\r\n<\/td>\r\n<td><\/td>\r\n<td class=\"pb-6\">\r\n<p class=\"display-4 mb-0\"><strong><a title=\"IBCA article: Apr 25, 2017\" href=\"https:\/\/www.insurancebusinessmag.com\/ca\/news\/breaking-news\/insuring-heritage-homes--how-to-break-through-the-complications-65881.aspx\" target=\"_blank\" rel=\"noopener noreferrer\">L&rsquo;assurance des maisons patrimoniales&nbsp;: comment naviguer les complexit\u00e9s<\/a><\/strong><\/p><p>Insurance Business Canada | 25 avril 2017<\/p>\r\n<\/td>\r\n<\/tr>\r\n\r\n<tr>\r\n<td>\r\n<p><img decoding=\"async\" src=\"https:\/\/cdn.squareone.ca\/wp-content\/uploads\/2015\/08\/30071100\/ibca_logo.png\" title=\"IBCA Logo\" alt=\"IBCA Logo\" \/><\/p>\r\n<\/td>\r\n<td><\/td>\r\n<td class=\"pb-6\">\r\n<p class=\"display-4 mb-0\"><strong><a title=\"IBCA article: Apr 21, 2017\" href=\"https:\/\/www.insurancebusinessmag.com\/ca\/news\/commercial-liability\/elevator-lawsuit-offers-vital-lessons-for-insurance-brokers-65687.aspx\" target=\"_blank\" rel=\"noopener noreferrer\">Poursuite pour un incident d&rsquo;ascenseur offre une le\u00e7on importante pour les courtiers en assurance<\/a><\/strong><\/p><p>Insurance Business Canada | 21 avril 2017<\/p>\r\n<\/td>\r\n<\/tr>\r\n\r\n<tr>\r\n<td>\r\n<p><img decoding=\"async\" src=\"https:\/\/cdn.squareone.ca\/wp-content\/uploads\/2016\/02\/30071016\/national-post.png\" title=\"National Post\" alt=\"National Post Logo\" \/><\/p>\r\n<\/td>\r\n<td><\/td>\r\n<td class=\"pb-6\">\r\n<p class=\"display-4 mb-0\"><strong>Square One constate que 41&nbsp;% de locataires avec des colocs n&rsquo;ont pas d&rsquo;assurance habittaion<\/strong><\/p><p>National Post | 20 mars 2017<\/p>\r\n<\/td>\r\n<\/tr>\r\n\r\n<tr>\r\n<td>\r\n<p><img decoding=\"async\" src=\"https:\/\/cdn.squareone.ca\/wp-content\/uploads\/2017\/08\/03034532\/cdn-underwriter.png\" title=\"Canadian Underwriter\" alt=\"Canadian Underwriter logo\"  \/><\/p>\r\n<\/td>\r\n<td><\/td>\r\n<td class=\"pb-6\">\r\n<p class=\"display-4 mb-0\"><strong><a title=\"Canadian Underwriter article: Mar 20, 2017\" href=\"https:\/\/www.canadianunderwriter.ca\/insurance\/square-one-finds-surprising-many-renters-go-without-home-insurance-1004110534\/\" target=\"_blank\" rel=\"noopener noreferrer\">Square One s&rsquo;\u00e9tonne de constater que de nombreux locataires n&rsquo;ont pas d&rsquo;assurance habitation<\/a><\/strong><\/p><p>Canadian Underwriter | 20 mars 2017<\/p>\r\n<\/td>\r\n<\/tr>\r\n\r\n<tr>\r\n<td>\r\n<p><img decoding=\"async\" src=\"https:\/\/cdn.squareone.ca\/wp-content\/uploads\/2015\/08\/30071100\/ibca_logo.png\" title=\"IBCA Logo\" alt=\"IBCA Logo\" \/><\/p>\r\n<\/td>\r\n<td><\/td>\r\n<td class=\"pb-6\">\r\n<p class=\"display-4 mb-0\"><strong><a title=\"IBCA article: Nov 2, 2016\" href=\"https:\/\/www.insurancebusinessmag.com\/ca\/news\/breaking-news\/does-insurance-cover-for-fireworksrelated-accidents-45009.aspx\" target=\"_blank\" rel=\"noopener noreferrer\">L&rsquo;assurance couvre-t-elle les accidents caus\u00e9s par les feux d&rsquo;artifice?<\/a><\/strong><\/p><p>Insurance Business Canada | 2 novembre 2016<\/p>\r\n<\/td>\r\n<\/tr>\r\n\r\n<tr>\r\n<td>\r\n<p><img decoding=\"async\" src=\"https:\/\/cdn.squareone.ca\/wp-content\/uploads\/2016\/11\/02012917\/img-province.png\" title=\"The Province\" alt=\"The Province Logo\" \/><\/p>\r\n<\/td>\r\n<td><\/td>\r\n<td class=\"pb-6\">\r\n<p class=\"display-4 mb-0\"><strong><a title=\"The Province article: Nov 1, 2016\" href=\"https:\/\/theprovince.com\/opinion\/columnists\/pop-up-fireworks\" target=\"_blank\" rel=\"noopener noreferrer\">Wayne Moriarty&nbsp;: lorsque les feux d&rsquo;artifice tournent mal<\/a><\/strong><\/p><p>The Province | 1er novembre 2016<\/p>\r\n<\/td>\r\n<\/tr>\r\n\r\n<tr>\r\n<td>\r\n<p><img decoding=\"async\" src=\"https:\/\/cdn.squareone.ca\/wp-content\/uploads\/2015\/08\/30071100\/ibca_logo.png\" title=\"IBCA Logo\" alt=\"IBCA Logo\" \/><\/p>\r\n<\/td>\r\n<td><\/td>\r\n<td class=\"pb-6\">\r\n<p class=\"display-4 mb-0\"><strong><a title=\"IBCA article: Aug 19, 2016\" href=\"https:\/\/www.insurancebusinessmag.com\/ca\/news\/breaking-news\/airbnb-insurance-even-more-essential-44610.aspx\" target=\"_blank\" rel=\"noopener noreferrer\">L&rsquo;assurance Airbnb est encore plus indispensable<\/a><\/strong><\/p><p>Insurance Business Canada | 19 ao\u00fbt 2016<\/p>\r\n<\/td>\r\n<\/tr>\r\n\r\n<tr>\r\n<td>\r\n<p><img decoding=\"async\" src=\"https:\/\/cdn.squareone.ca\/wp-content\/uploads\/2017\/08\/03034532\/cdn-underwriter.png\" title=\"Canadian Underwriter\" alt=\"Canadian Underwriter logo\" \/><\/p>\r\n<\/td>\r\n<td><\/td>\r\n<td class=\"pb-6\">\r\n<p class=\"display-4 mb-0\"><strong>Au Canada, le vol de bicyclettes a mont\u00e9 de 31&nbsp;% en un an<\/strong><\/p><p>Canadian Underwriter | 16 ao\u00fbt 2016<\/p>\r\n<\/td>\r\n<\/tr>\r\n\r\n<tr>\r\n<td>\r\n<p><img decoding=\"async\" src=\"https:\/\/cdn.squareone.ca\/wp-content\/uploads\/2015\/08\/30071100\/ibca_logo.png\" title=\"IBCA Logo\" alt=\"IBCA Logo\" \/><\/p>\r\n<\/td>\r\n<td><\/td>\r\n<td class=\"pb-6\">\r\n<p class=\"display-4 mb-0\"><strong><a title=\"IBCA article: Aug 2, 2016\" href=\"https:\/\/www.insurancebusinessmag.com\/ca\/news\/breaking-news\/vancouver-has-the-highest-rate-for-bike-thefts-in-canada-insurance-study-44528.aspx\" target=\"_blank\" rel=\"noopener noreferrer\">Vancouver affiche le taux le plus \u00e9lev\u00e9 de vol de bicyclettes au Canada selon une \u00e9tude<\/a><\/strong><\/p><p>Insurance Business Canada | 2 ao\u00fbt 2016<\/p>\r\n<\/td>\r\n<\/tr>\r\n\r\n<tr>\r\n<td>\r\n<p><img decoding=\"async\" src=\"https:\/\/cdn.squareone.ca\/wp-content\/uploads\/2016\/07\/04013251\/img-biv-logo1.jpg\" title=\"Business in Vancouver\" alt=\"Business in Vancouver logo\"\/><\/p>\r\n<\/td>\r\n<td><\/td>\r\n<td class=\"pb-6\">\r\n<p class=\"display-4 mb-0\"><strong><a title=\"Business in Vancouver article: Jul 29, 2016\" href=\"https:\/\/biv.com\/article\/2016\/07\/vancouver-leads-way-bike-thefts-capita\" target=\"_blank\" rel=\"noopener noreferrer\">Vancouver au premier rang du nombre de vols de bicyclette per t\u00eate<\/a><\/strong><\/p><p>Business in Vancouver | 29 juillet 2019<\/p>\r\n<\/td>\r\n<\/tr>\r\n\r\n<tr>\r\n<td>\r\n<p><img decoding=\"async\" src=\"https:\/\/cdn.squareone.ca\/wp-content\/uploads\/2016\/07\/04013251\/news1130-opt1.jpg\" title=\"News1130\" alt=\"News1130 Logo\" \/><\/p>\r\n<\/td>\r\n<td><\/td>\r\n<td class=\"pb-6\">\r\n<p class=\"display-4 mb-0\"><strong><a title=\"News1130 article: Jul 28, 2016\" href=\"https:\/\/vancouver.citynews.ca\/2016\/07\/28\/bike-theft-highest-in-vancouver-report\/\" target=\"_blank\" rel=\"noopener noreferrer\">\r\nLe vol de bicyclettes est le plus \u00e9lev\u00e9 \u00e0 Vancouver selon une enqu\u00eate<\/a><\/strong><\/p><p>News1130 | 28 juillet 2016<\/p>\r\n<\/td>\r\n<\/tr>\r\n\r\n<tr>\r\n<td>\r\n<p><img decoding=\"async\" src=\"https:\/\/cdn.squareone.ca\/wp-content\/uploads\/2016\/02\/30071016\/national-post.png\" title=\"National Post\" alt=\"National Post Logo\" \/><\/p>\r\n<\/td>\r\n<td><\/td>\r\n<td class=\"pb-6\">\r\n<p class=\"display-4 mb-0\"><strong>Square One avertit que les r\u00e9sidents de la Colombie-Britannique ne pourraient plus \u00eatre admissibles \u00e0 l&rsquo;aide du gouvernement pour les dommages caus\u00e9s par l&rsquo;inondation fluviale<\/strong><\/p><p>National Post | 4 juillet 2016<\/p>\r\n<\/td>\r\n<\/tr>\r\n\r\n<tr>\r\n<td>\r\n<p><img decoding=\"async\" src=\"https:\/\/cdn.squareone.ca\/wp-content\/uploads\/2016\/07\/04013251\/news1130-opt1.jpg\" title=\"News1130\" alt=\"News1130 Logo\" \/><\/p>\r\n<\/td>\r\n<td><\/td>\r\n<td class=\"pb-6\">\r\n<p class=\"display-4 mb-0\"><strong><a title=\"News1130 article: May 6, 2016\" href=\"https:\/\/vancouver.citynews.ca\/2016\/05\/06\/what-insurance-coverage-is-needed-during-a-wildfire\/\" target=\"_blank\" rel=\"noopener noreferrer\">Quelle couverture en assurance est requise pendant un feu de for\u00eat?<\/a><\/strong><\/p><p>News1130 | 6 mai 2016<\/p>\r\n<\/td>\r\n<\/tr>\r\n\r\n<tr>\r\n<td>\r\n<p><img decoding=\"async\" src=\"https:\/\/cdn.squareone.ca\/wp-content\/uploads\/2016\/02\/30071016\/img-lin-sized.jpg\" title=\"Live Insurance News\" alt=\"LIN Logo\" \/><\/p>\r\n<\/td>\r\n<td><\/td>\r\n<td class=\"pb-6\">\r\n<p class=\"display-4 mb-0\"><strong><a title=\"Live Insurance News article: Feb 26, 2016\" href=\"https:\/\/www.liveinsurancenews.com\/canadians-wrongly-feel-they-have-flood-insurance-with-their-homeowners-policies\/\" target=\"_blank\" rel=\"noopener noreferrer\">Les Canadiens pensent \u00e0 tort que leur police d&rsquo;assurance comprend la couverture pour l&rsquo;inondation<\/a><\/strong><\/p><p>Live Insurance News | 26 f\u00e9vrier 2016<\/p>\r\n<\/td>\r\n<\/tr>\r\n\r\n<tr>\r\n<td>\r\n<p><img decoding=\"async\" src=\"https:\/\/cdn.squareone.ca\/wp-content\/uploads\/2016\/02\/30071016\/national-post.png\" title=\"National Post\" alt=\"National Post Logo\" \/><\/p>\r\n<\/td>\r\n<td><\/td>\r\n<td class=\"pb-6\">\r\n<p class=\"display-4 mb-0\"><strong>Square One constate que 65&nbsp;% des Canadiens croient \u00e0 tort que l&rsquo;assurance habitation les prot\u00e8ge contre les dommages caus\u00e9s par l&rsquo;inondation<\/strong><\/p><p>National Post | 22 f\u00e9vrier 2016<\/p>\r\n<\/td>\r\n<\/tr>\r\n\r\n<tr>\r\n<td>\r\n<p><img decoding=\"async\" src=\"https:\/\/cdn.squareone.ca\/wp-content\/uploads\/2015\/08\/30071100\/ibca_logo.png\" title=\"IBCA Logo\" alt=\"IBCA Logo\" \/><\/p>\r\n<\/td>\r\n<td><\/td>\r\n<td class=\"pb-6\">\r\n<p class=\"display-4 mb-0\"><strong><a title=\"IBCA article: Feb 22, 2016\" href=\"https:\/\/www.insurancebusinessmag.com\/ca\/news\/breaking-news\/65-of-canadians-unaware-of-flood-exposure-44085.aspx\" target=\"_blank\" rel=\"noopener noreferrer\">65&nbsp;% des Canadiens ignorent le risque d&rsquo;inondation<\/a><\/strong><\/p><p>Insurance Business Canada | 22 f\u00e9vrier 2016<\/p>\r\n<\/td>\r\n<\/tr>\r\n\r\n<tr>\r\n<td>\r\n<p><img decoding=\"async\" src=\"https:\/\/cdn.squareone.ca\/wp-content\/uploads\/2017\/08\/03034532\/cdn-underwriter.png\" title=\"Canadian Underwriter\" alt=\"Canadian Underwriter logo\"  \/><\/p>\r\n<\/td>\r\n<td><\/td>\r\n<td class=\"pb-6\">\r\n<p class=\"display-4 mb-0\"><strong><a title=\"Canadian Underwriter article: Feb 22, 2016\" href=\"https:\/\/www.canadianunderwriter.ca\/insurance\/surveyed-canadian-uninformed-about-flood-damage-protection-square-one-1004035529\/\" target=\"_blank\" rel=\"noopener noreferrer\">Square One constate que les Canadiens ignorent la protection contre les dommages caus\u00e9s par l&rsquo;inondation<\/a><\/strong><\/p><p>Canadian Underwriter | 22 f\u00e9vrier 2016<\/p>\r\n<\/td>\r\n<\/tr>\r\n\r\n<tr>\r\n<td>\r\n<p><img decoding=\"async\" src=\"https:\/\/cdn.squareone.ca\/wp-content\/uploads\/2015\/08\/30071100\/ibca_logo.png\" title=\"IBCA Logo\" alt=\"IBCA Logo\" \/><\/p>\r\n<\/td>\r\n<td><\/td>\r\n<td class=\"pb-6\">\r\n<p class=\"display-4 mb-0\"><strong><a title=\"IBCA article: Nov 17, 2015\" href=\"https:\/\/www.insurancebusinessmag.com\/ca\/news\/home\/nine-out-of-10-canadians-are-unaware-of-this-insurance-responsibility-47562.aspx\" target=\"_blank\" rel=\"noopener noreferrer\">91&nbsp;% des propri\u00e9taires occupants ne sont pas conscients de cette lacune de couverture<\/a><\/strong><\/p><p>Insurance Business Canada | 17 novembre 2015<\/p>\r\n<\/td>\r\n<\/tr>\r\n\r\n<tr>\r\n<td>\r\n<p><img loading=\"lazy\" decoding=\"async\" src=\"https:\/\/cdn.squareone.ca\/wp-content\/uploads\/2012\/12\/30071406\/IC-leaf-262x90-2010.gif\" title=\"Insurance-Canada.ca\" alt=\"Insurance-Canada.ca logo\" width=\"140\" height=\"48\" \/><\/p>\r\n<\/td>\r\n<td><\/td>\r\n<td class=\"pb-6\">\r\n<p class=\"display-4 mb-0\"><strong><a title=\"Insurance-Canada.ca: Nov 17, 2015\" href=\"https:\/\/www.insurance-canada.ca\/2015\/11\/16\/square-one-finds-9-in-10-canadians-are-unaware-of-a-common-home-insurance-condition-that-can-result-in-a-claim-denial\/\" target=\"_blank\" rel=\"noopener noreferrer\">Square One constate que 9 Canadiens sur 10 ignorent une condition courante de l&rsquo;assurance habitation&#8230;<\/a><\/strong><\/p><p>Insurance-Canada.ca | 17 novembre 2015<\/p>\r\n<\/td>\r\n<\/tr>\r\n\r\n<tr>\r\n<td>\r\n<p><img decoding=\"async\" src=\"https:\/\/cdn.squareone.ca\/wp-content\/uploads\/2015\/08\/30071100\/ibca_logo.png\" title=\"IBCA Logo\" alt=\"IBCA Logo\" \/><\/p>\r\n<\/td>\r\n<td><\/td>\r\n<td class=\"pb-6\">\r\n<p class=\"display-4 mb-0\"><strong><a title=\"IBCA article: Oct 26, 2015\" href=\"https:\/\/www.insurancebusinessmag.com\/ca\/news\/home\/brokers-dissect-airbnbs-new-insurance-coverage-47553.aspx\" target=\"_blank\" rel=\"noopener noreferrer\">Les courtiers analysent la nouvelle couverture d&rsquo;assurance d&rsquo;Airbnb<\/a><\/strong><\/p><p>Insurance Business Canada | 26 octobre 2015<\/p>\r\n<\/td>\r\n<\/tr>\r\n\r\n<tr>\r\n<td>\r\n<p><img decoding=\"async\" src=\"https:\/\/cdn.squareone.ca\/wp-content\/uploads\/2016\/07\/04013251\/news1130-opt1.jpg\" title=\"News1130\" alt=\"News1130 Logo\" \/><\/p>\r\n<\/td>\r\n<td><\/td>\r\n<td class=\"pb-6\">\r\n<p class=\"display-4 mb-0\"><strong><a title=\"News1130 article: Sept 23, 2015\" href=\"https:\/\/vancouver.citynews.ca\/2015\/09\/23\/pemberton-landslide-teaches-family-tough-lessons-about-home-insurance\/\" target=\"_blank\" rel=\"noopener noreferrer\">Le glissement de terrain de Pemberton enseigne \u00e0 une famille une dure le\u00e7on sur l&rsquo;assurance habitation<\/a><\/strong><\/p><p>News1130 | 23 septembre 2015<\/p>\r\n<\/td>\r\n<\/tr>\r\n\r\n<tr>\r\n<td>\r\n<p><img decoding=\"async\" src=\"https:\/\/cdn.squareone.ca\/wp-content\/uploads\/2016\/07\/04013251\/img-msn-logo1.png\" title=\"MSN News\" alt=\"MSN News Logo\" width=\"158px\" height=\"30px\" \/><\/p>\r\n<\/td>\r\n<td><\/td>\r\n<td class=\"pb-6\">\r\n<p class=\"display-4 mb-0\"><strong>Les maisons mitoyennes soul\u00e8vent des questions en mati\u00e8re d&rsquo;assurance<\/strong><\/p><p>MSN News | 18 septembre 2015<\/p>\r\n<\/td>\r\n<\/tr>\r\n\r\n<tr>\r\n<td>\r\n<p><img decoding=\"async\" src=\"https:\/\/cdn.squareone.ca\/wp-content\/uploads\/2023\/07\/06131651\/ctv.png\" title=\"CTV News\" alt=\"CTV News Logo\" \/><\/p>\r\n<\/td>\r\n<td><\/td>\r\n<td class=\"pb-6\">\r\n<p class=\"display-4 mb-0\"><strong><a title=\"CTV News article: Sep 18, 2015\" href=\"https:\/\/www.ctvnews.ca\/business\/growing-popularity-of-laneway-houses-raises-concerns-about-insurance-1.2569389\" target=\"_blank\" rel=\"noopener noreferrer\">La popularit\u00e9 croissante des maisons mitoyennes soul\u00e8ve des inqui\u00e9tudes en mati\u00e8re d&rsquo;assurance<\/a><\/strong><\/p><p>CTV News | 18 septembre 2015<\/p>\r\n<\/td>\r\n<\/tr>\r\n\r\n<tr>\r\n<td>\r\n<p><img decoding=\"async\" src=\"https:\/\/cdn.squareone.ca\/wp-content\/uploads\/2015\/08\/30071052\/img-mbn-logo.jpg\" title=\"MBN Logo\" alt=\"MBN Logo\" \/><\/p>\r\n<\/td>\r\n<td><\/td>\r\n<td class=\"pb-6\">\r\n<p class=\"display-4 mb-0\"><strong><a title=\"MBN article: Aug 28, 2015\" href=\"https:\/\/www.mpamag.com\/ca\/news\/general\/new-cmhc-rules-to-increase-income-suite-clients\/281386\" target=\"_blank\" rel=\"noopener noreferrer\">Les nouvelles r\u00e8gles de la SCHL visent \u00e0 augmenter le nombre de clients \u00ab&nbsp;\u00e0 revenu compl\u00e9mentaire&nbsp;\u00bb<\/a><\/strong><\/p><p>Mortgage Broker News | 28 ao\u00fbt 2015<\/p>\r\n<\/td>\r\n<\/tr>\r\n\r\n<tr>\r\n<td>\r\n<p><img decoding=\"async\" src=\"https:\/\/cdn.squareone.ca\/wp-content\/uploads\/2015\/08\/30071100\/ibca_logo.png\" title=\"IBCA Logo\" alt=\"IBCA Logo\" \/><\/p>\r\n<\/td>\r\n<td><\/td>\r\n<td class=\"pb-6\">\r\n<p class=\"display-4 mb-0\"><strong><a title=\"IBCA article: Aug 26, 2015\" href=\"https:\/\/www.insurancebusinessmag.com\/ca\/news\/home\/insurer-reacts-to-key-lobbying-effort-47525.aspx\" target=\"_blank\" rel=\"noopener noreferrer\">Un assureur r\u00e9agit \u00e0 une importante action de lobbying<\/a><\/strong><\/p><p>Insurance Business Canada | 26 ao\u00fbt 2015<\/p>\r\n<\/td>\r\n<\/tr>\r\n\r\n<tr>\r\n<td>\r\n<p><img loading=\"lazy\" decoding=\"async\" src=\"https:\/\/cdn.squareone.ca\/wp-content\/uploads\/2012\/10\/30071409\/CBCnews.jpg\" title=\"CBC News\" alt=\"CBC News logo\" width=\"158\" height=\"38\" \/><\/p>\r\n<\/td>\r\n<td><\/td>\r\n<td class=\"pb-6\">\r\n<p class=\"display-4 mb-0\"><strong><a title=\"CBC News Story: Aug 25, 2015\" href=\"https:\/\/www.cbc.ca\/news\/canada\/british-columbia\/secondary-suites-most-common-in-b-c-says-study-1.3202889\" target=\"_blank\" rel=\"noopener noreferrer\">Les logements accessoires sont plus courants en Colombie-Britannique, selon une \u00e9tude<\/a><\/strong><\/p><p>CBC News | 25 ao\u00fbt 2015<\/p>\r\n<\/td>\r\n<\/tr>\r\n\r\n<tr>\r\n<td>\r\n<p><img decoding=\"async\" src=\"https:\/\/cdn.squareone.ca\/wp-content\/uploads\/2015\/08\/30071053\/img-vancouver_24hrs.png\" title=\"24 Hours\" alt=\"24 Hours logo\" \/><\/p>\r\n<\/td>\r\n<td><\/td>\r\n<td class=\"pb-6\">\r\n<p class=\"display-4 mb-0\"><strong><a title=\"News 1130 Story: Aug 24, 2015\" href=\"https:\/\/vancouver.citynews.ca\/2015\/08\/24\/the-new-vancouver-special-could-be-the-basement-suite\/\" target=\"_blank\" rel=\"noopener noreferrer\">Une enqu\u00eate r\u00e9v\u00e8le que les Vancouv\u00e9rois sont susceptibles de louer leur suite<\/a><\/strong><\/p><p>24 Hours | 24 ao\u00fbt 2015<\/p>\r\n<\/td>\r\n<\/tr>\r\n\r\n<tr>\r\n<td>\r\n<p><img loading=\"lazy\" decoding=\"async\" src=\"https:\/\/cdn.squareone.ca\/wp-content\/uploads\/2012\/04\/30071432\/BC_Business.png\" title=\"BC Business\" alt=\"BC Business logo\" width=\"135\" height=\"30\" \/><\/p>\r\n<\/td>\r\n<td><\/td>\r\n<td class=\"pb-6\">\r\n<p class=\"display-4 mb-0\"><strong><a title=\"BC Business article: Aug 24, 2015\" href=\"https:\/\/www.bcbusiness.ca\/bc-homeowners-way-more-likely-to-rent-out-part-of-their-property\" target=\"_blank\" rel=\"noopener noreferrer\">Les propri\u00e9taires occupants de la Colombie-Britannique sont beaucoup plus enclins \u00e0 louer une partie de leur propri\u00e9t\u00e9<\/a><\/strong><\/p><p>BC Business | 24 ao\u00fbt 2015<\/p>\r\n<\/td>\r\n<\/tr>\r\n\r\n<tr>\r\n<td>\r\n<p><img decoding=\"async\" src=\"https:\/\/cdn.squareone.ca\/wp-content\/uploads\/2016\/07\/04013251\/img-biv-logo1.jpg\" title=\"Business in Vancouver\" alt=\"Business in Vancouver logo\"\/><\/p>\r\n<\/td>\r\n<td><\/td>\r\n<td class=\"pb-6\">\r\n<p class=\"display-4 mb-0\"><strong><a title=\"Business in Vancouver article: Aug 24, 2015\" href=\"https:\/\/biv.com\/article\/2015\/08\/more-40-vancouver-house-owners-rent-out-parts-thei\" target=\"_blank\" rel=\"noopener noreferrer\">Plus de 40&nbsp;% des propri\u00e9taires occuapants de Vancouver louent une partie de leur logement, selon une enqu\u00eate<\/a><\/strong><\/p><p>Business in Vancouver | 24 ao\u00fbt 2015<\/p>\r\n<\/td>\r\n<\/tr>\r\n\r\n<tr>\r\n<td>\r\n<p><img decoding=\"async\" src=\"https:\/\/cdn.squareone.ca\/wp-content\/uploads\/2017\/08\/03034532\/cdn-underwriter.png\" title=\"Canadian Underwriter\" alt=\"Canadian Underwriter logo\"  \/><\/p>\r\n<\/td>\r\n<td><\/td>\r\n<td class=\"pb-6\">\r\n<p class=\"display-4 mb-0\"><strong><a title=\"Canadian Underwriter article: Aug 24, 2015\" href=\"https:\/\/www.canadianunderwriter.ca\/insurance\/about-one-quarter-of-homeowners-in-british-columbia-rent-out-a-portion-of-their-house-to-non-family-1003772608\/\" target=\"_blank\" rel=\"noopener noreferrer\">Environ un quart des propri\u00e9taires immobiliers de la Colombie-Britannique louent une partie de leur maison<\/a><\/strong><\/p><p>Canadian Underwriter | 24 ao\u00fbt 2015<\/p>\r\n<\/td>\r\n<\/tr>\r\n\r\n<tr>\r\n<td>\r\n<p><img decoding=\"async\" src=\"https:\/\/cdn.squareone.ca\/wp-content\/uploads\/2016\/07\/04013251\/news1130-opt1.jpg\" title=\"News1130\" alt=\"News1130 Logo\" \/><\/p>\r\n<\/td>\r\n<td><\/td>\r\n<td class=\"pb-6\">\r\n<p class=\"display-4 mb-0\"><strong><a title=\"News1130 article: Aug 17, 2015\" href=\"https:\/\/vancouver.citynews.ca\/2015\/08\/17\/a-look-at-misconceptions-about-home-insurance-coverage-for-rural-homes\/\" target=\"_blank\" rel=\"noopener noreferrer\">Un regard sur les id\u00e9es fausses concernant la couverture d&rsquo;assurance habitation pour les maisons rurales<\/a><\/strong><\/p><p>News1130 | 17 ao\u00fbt 2015<\/p>\r\n<\/td>\r\n<\/tr>\r\n\r\n\r\n<tr>\r\n<td>\r\n<p><img loading=\"lazy\" decoding=\"async\" src=\"https:\/\/cdn.squareone.ca\/wp-content\/uploads\/2012\/02\/30071442\/Financial-Post-logo.gif\" title=\"Financial Post logo\" alt=\"Financial Post logo\" width=\"135\" height=\"20\" \/><\/p>\r\n<\/td>\r\n<td><\/td>\r\n<td class=\"pb-6\">\r\n<p class=\"display-4 mb-0\"><strong><a title=\"Financial Post article: Jul 3, 2015\" href=\"https:\/\/financialpost.com\/personal-finance\/rent-out-your-home-but-make-sure-youre-insured-for-the-orgy\" target=\"_blank\" rel=\"noopener noreferrer\">Louez votre maison, mais assurez-vous d&rsquo;\u00eatre couvert pour les orgies<\/a><\/strong><\/p><p>Financial Post | 3 juillet 2015<\/p>\r\n<\/td>\r\n<\/tr>\r\n\r\n<tr>\r\n<td>\r\n<p><img loading=\"lazy\" decoding=\"async\" src=\"https:\/\/cdn.squareone.ca\/wp-content\/uploads\/2012\/02\/30071442\/Financial-Post-logo.gif\" title=\"Financial Post logo\" alt=\"Financial Post logo\" width=\"135\" height=\"20\" \/><\/p>\r\n<\/td>\r\n<td><\/td>\r\n<td class=\"pb-6\">\r\n<p class=\"display-4 mb-0\"><strong><a title=\"Financial Post article: May 22, 2015\" href=\"https:\/\/financialpost.com\/personal-finance\/beware-these-14-home-features-will-raise-your-insurance\" target=\"_blank\" rel=\"noopener noreferrer\">Attention : ces 14 caract\u00e9ristiques de votre maison feront augmenter votre prime d&rsquo;assurance<\/a><\/strong><\/p><p>Financial Post | 22 mai 2015<\/p>\r\n<\/td>\r\n<\/tr>\r\n\r\n<tr>\r\n<td>\r\n<p><img decoding=\"async\" src=\"https:\/\/cdn.squareone.ca\/wp-content\/uploads\/2017\/08\/03034532\/cdn-underwriter.png\" title=\"Canadian Underwriter\" alt=\"Canadian Underwriter logo\" \/><\/p>\r\n<\/td>\r\n<td><\/td>\r\n<td class=\"pb-6\">\r\n<p class=\"display-4 mb-0\"><strong>Un assureur de la Colombie-Britannique propose une assurance habitation pour les h\u00f4tes Airbnb<\/strong><\/p><p>Canadian Underwriter | 30 mars 2015<\/p>\r\n<\/td>\r\n<\/tr>\r\n\r\n<tr>\r\n<td>\r\n<p><img decoding=\"async\" src=\"https:\/\/cdn.squareone.ca\/wp-content\/uploads\/2017\/08\/03034532\/cdn-underwriter.png\" title=\"Canadian Underwriter\" alt=\"Canadian Underwriter logo\" \/><\/p>\r\n<\/td>\r\n<td><\/td>\r\n<td class=\"pb-6\">\r\n<p class=\"display-4 mb-0\"><strong>L&rsquo;industrie est-elle pr\u00eate \u00e0 faire face \u00e0 un s\u00e9isme au Qu\u00e9bec?<\/strong><\/p><p>Canadian Underwriter | 26 novembre 2014<\/p>\r\n<\/td>\r\n<\/tr>\r\n\r\n<tr>\r\n<td>\r\n<p><img loading=\"lazy\" decoding=\"async\" src=\"https:\/\/cdn.squareone.ca\/wp-content\/uploads\/2012\/12\/30071406\/IC-leaf-262x90-2010.gif\" title=\"Insurance-Canada.ca\" alt=\"Insurance-Canada.ca logo\" width=\"140\" height=\"48\" \/><\/p>\r\n<\/td>\r\n<td><\/td>\r\n<td class=\"pb-6\">\r\n<p class=\"display-4 mb-0\"><strong><a title=\"Insurance-Canada.ca: Sep 2, 2014\" href=\"https:\/\/www.insurance-canada.ca\/2014\/08\/26\/most-canadians-wrongly-believe-the-government-will-cover-earthquake-damage\/\" target=\"_blank\" rel=\"noopener noreferrer\">La plupart des Canadiens croient \u00e0 tort que le gouvernement couvrira les dommages caus\u00e9s par les tremblements de terre<\/a><\/strong><\/p><p>Insurance-Canada.ca | 2 septembre 2014<\/p>\r\n<\/td>\r\n<\/tr>\r\n\r\n\r\n<tr>\r\n<td>\r\n<p><img decoding=\"async\" src=\"https:\/\/cdn.squareone.ca\/wp-content\/uploads\/2017\/08\/03034532\/cdn-underwriter.png\" title=\"Canadian Underwriter\" alt=\"Canadian Underwriter logo\" \/><\/p>\r\n<\/td>\r\n<td><\/td>\r\n<td class=\"pb-6\">\r\n<p class=\"display-4 mb-0\"><strong>Les Canadiens comprennent mal le financement gouvernemental en cas de catastrophe selon une enqu\u00eate<\/strong><\/p><p>Canadian Underwriter | 26 ao\u00fbt 2014<\/p>\r\n<\/td>\r\n<\/tr>\r\n\r\n<tr>\r\n<td>\r\n<p><img decoding=\"async\" src=\"https:\/\/cdn.squareone.ca\/wp-content\/uploads\/2017\/08\/03034532\/cdn-underwriter.png\" title=\"Canadian Underwriter\" alt=\"Canadian Underwriter logo\"  \/><\/p>\r\n<\/td>\r\n<td><\/td>\r\n<td class=\"pb-6\">\r\n<p class=\"display-4 mb-0\"><strong><a title=\"Canadian Underwriter Article: Aug 26, 2014\" href=\"https:\/\/www.canadianunderwriter.ca\/insurance\/more-than-half-of-canadians-misinformed-about-earthquake-coverage-1003225698\/\" target=\"_blank\" rel=\"noopener noreferrer\">Plus de la moiti\u00e9 des Canadiens interrog\u00e9s sont mal inform\u00e9s sur la couverture pour tremblement de terre<\/a><\/strong><\/p><p>Canadian Underwriter | 26 ao\u00fbt 2014<\/p>\r\n<\/td>\r\n<\/tr>\r\n\r\n<tr>\r\n<td>\r\n<p><img decoding=\"async\" src=\"https:\/\/cdn.squareone.ca\/wp-content\/uploads\/2016\/07\/04013251\/news1130-opt1.jpg\" title=\"News1130\" alt=\"News1130 logo\"\/><\/p>\r\n<\/td>\r\n<td><\/td>\r\n<td class=\"pb-6\">\r\n<p class=\"display-4 mb-0\"><strong><a title=\"News1130: Aug 11, 2013\" href=\"https:\/\/vancouver.citynews.ca\/2013\/08\/11\/home-sharing-growing-in-popularity\/\" target=\"_blank\" rel=\"noopener noreferrer\">Le partage de logement gagne en popularit\u00e9<\/a><\/strong><\/p><p>News1130 | 11 ao\u00fbt 2013<\/p>\r\n<\/td>\r\n<\/tr>\r\n\r\n<tr>\r\n<td>\r\n<p><img loading=\"lazy\" decoding=\"async\" src=\"https:\/\/cdn.squareone.ca\/wp-content\/uploads\/2012\/12\/30071406\/IC-leaf-262x90-2010.gif\" title=\"Insurance-Canada.ca\" alt=\"Insurance-Canada.ca logo\" width=\"140\" height=\"48\" \/><\/p>\r\n<\/td>\r\n<td><\/td>\r\n<td class=\"pb-6\">\r\n<p class=\"display-4 mb-0\"><strong><a title=\"Insurance-Canada.ca: Jul 25, 2013\" href=\"https:\/\/www.insurance-canada.ca\/2013\/07\/25\/square-one-urges-canadians-to-confirm-coverage-before-sharing-homes\/\" target=\"_blank\" rel=\"noopener noreferrer\">Square One invite les Canadiens \u00e0 v\u00e9rifier leur couverture avant d&rsquo;accueillir des voyageurs chez eux<\/a><\/strong><\/p><p>Insurance-Canada.ca | 25 juillet 2013<\/p>\r\n<\/td>\r\n<\/tr>\r\n\r\n<tr>\r\n<td>\r\n<p><img loading=\"lazy\" decoding=\"async\" src=\"https:\/\/cdn.squareone.ca\/wp-content\/uploads\/2012\/02\/30071442\/Globe-and-Mail-logo.gif\" title=\"The Globe and Mail logo\" alt=\"The Globe and Mail logo\" width=\"135\" height=\"31\" \/><\/p>\r\n<\/td>\r\n<td><\/td>\r\n<td class=\"pb-6\">\r\n<p class=\"display-4 mb-0\"><strong><a href=\"https:\/\/www.theglobeandmail.com\/globe-investor\/personal-finance\/household-finances\/ten-ways-to-cut-the-cost-of-home-insurance\/article11483375\/?cmpid=rss1\" title=\"The Globe and Mail article: Apr 22, 2013\">Dix fa\u00e7ons de r\u00e9duire le co\u00fbt de l&rsquo;assurance habitation<\/a><\/strong><\/p><p>The Globe and Mail | 22 avril 2013<\/p>\r\n<\/td>\r\n<\/tr>\r\n\r\n<tr>\r\n<td>\r\n<p><img decoding=\"async\" src=\"https:\/\/cdn.squareone.ca\/wp-content\/uploads\/2017\/08\/03034532\/cdn-underwriter.png\" title=\"Canadian Underwriter\" alt=\"Canadian Underwriter logo\"  \/><\/p>\r\n<\/td>\r\n<td><\/td>\r\n<td class=\"pb-6\">\r\n<p class=\"display-4 mb-0\"><strong><a title=\"Canadian Underwriter Article: Feb 1, 2013\" href=\"https:\/\/www.canadianunderwriter.ca\/insurance\/home-insurance-clients-advised-to-check-coverage-before-renovating-1002038869\/\" target=\"_blank\" rel=\"noopener noreferrer\">Les clients ayant souscrit une assurance habitation sont invit\u00e9s \u00e0 v\u00e9rifier leur couverture avant d&rsquo;entreprendre des travaux de r\u00e9novation<\/a><\/strong><\/p><p>Canadian Underwriter | 1er f\u00e9vrier 2013<\/p>\r\n<\/td>\r\n<\/tr>\r\n\r\n<tr>\r\n<td>\r\n<p><img loading=\"lazy\" decoding=\"async\" src=\"https:\/\/cdn.squareone.ca\/wp-content\/uploads\/2012\/12\/30071406\/IC-leaf-262x90-2010.gif\" title=\"Insurance-Canada.ca\" alt=\"Insurance-Canada.ca logo\" width=\"140\" height=\"48\" \/><\/p>\r\n<\/td>\r\n<td><\/td>\r\n<td class=\"pb-6\">\r\n<p class=\"display-4 mb-0\"><strong><a title=\"Insurance-Canada.ca: Dec 13, 2012\" href=\"https:\/\/www.insurance-canada.ca\/2013\/01\/25\/canadian-on-line-insurance-activity-leading-may-be-rewarding-and-award-winning\/\" target=\"_blank\" rel=\"noopener noreferrer\">Activit\u00e9 d&rsquo;assurance en ligne au Canada<\/a><\/strong><\/p><p>Insurance-Canada.ca | 25 janvier 2012<\/p>\r\n<\/td>\r\n<\/tr>\r\n\r\n<tr>\r\n<td>\r\n<p><img loading=\"lazy\" decoding=\"async\" src=\"https:\/\/cdn.squareone.ca\/wp-content\/uploads\/2012\/02\/30071442\/Globe-and-Mail-logo.gif\" title=\"The Globe and Mail logo\" alt=\"The Globe and Mail logo\" width=\"135\" height=\"31\" \/><\/p>\r\n<\/td>\r\n<td><\/td>\r\n<td class=\"pb-6\">\r\n<p class=\"display-4 mb-0\"><strong><a href=\"https:\/\/www.theglobeandmail.com\/report-on-business\/small-business\/sb-marketing\/insurance-company-benefits-from-reducing-direct-mail\/article7763868\/\" title=\"The Globe and Mail article: Jan 25, 2013\">Les avantages pour les compagnies d&rsquo;assurance de r\u00e9duire le publipostage<\/a><\/strong><\/p><p>The Globe and Mail | 25 janvier 2013<\/p>\r\n<\/td>\r\n<\/tr>\r\n\r\n<tr>\r\n<td>\r\n<p><img decoding=\"async\" src=\"https:\/\/cdn.squareone.ca\/wp-content\/uploads\/2013\/01\/30071403\/Radio-Canada.png\" title=\"Radio-Canada.ca\" alt=\"Radio-Canada.ca logo\" width=\"140\" height=\"18.55\" \/><\/p>\r\n<\/td>\r\n<td><\/td>\r\n<td class=\"pb-6\">\r\n<p class=\"display-4 mb-0\"><strong><a title=\"Radio-Canada.ca: Jan 2, 2013\" href=\"https:\/\/ici.radio-canada.ca\/nouvelle\/594032\/assurances-seisme-annulees\">Fin de la couverture d&rsquo;assurance contre les tremblements de terre pour deux entreprises de la Colombie-Britannique\/a><\/strong><\/p><p>Radio-Canada.ca | 2 janvier 2013<\/p>\r\n<\/td>\r\n<\/tr>\r\n\r\n<tr>         \r\n<td>         \r\n<p><img loading=\"lazy\" decoding=\"async\" src=\"https:\/\/cdn.squareone.ca\/wp-content\/uploads\/2012\/06\/30071427\/Vancouver-Sun-logo.png\" title=\"The Vancouver Sun\" alt=\"Vancouver Sun logo\" width=\"140\" height=\"20\" \/><\/p>         \r\n<\/td>        \r\n<td><\/td>        \r\n<td class=\"pb-6\">        \r\n<p class=\"display-4 mb-0\"><strong><a title=\"Vancouver Sun Article: Nov 21, 2012\" href=\"https:\/\/vancouversun.com\/business\/insurance\/insurance-identity-theft-coverage-grows-along-with-the-crime\" target=\"_blank\" rel=\"noopener noreferrer\">La couverture contre le vol d&rsquo;identit\u00e9 augmente parall\u00e8lement \u00e0 la criminalit\u00e9<\/a><\/strong><\/p><p>Vancouver Sun | 21 novembre 2012<\/p>\r\n<\/td>   \r\n<\/tr>\r\n\r\n\r\n<tr>\r\n<td>\r\n<p><img loading=\"lazy\" decoding=\"async\" src=\"https:\/\/cdn.squareone.ca\/wp-content\/uploads\/2012\/10\/30071409\/CBCnews.jpg\" title=\"CBC News\" alt=\"CBC News logo\" width=\"158\" height=\"38\" \/><\/p>\r\n<\/td>\r\n<td><\/td>\r\n<td class=\"pb-6\">\r\n<p class=\"display-4 mb-0\"><strong><a title=\"CBC News Story: Oct 29, 2012\" href=\"https:\/\/www.cbc.ca\/news\/canada\/british-columbia\/many-b-c-homeowners-not-insured-for-earthquakes-1.1216645\" target=\"_blank\" rel=\"noopener noreferrer\">De nombreux propri\u00e9taires immobiliers de la Colombie-Britannique ne sont pas assur\u00e9s contre les tremblements de terre<\/a><\/strong><\/p><p>CBC News | 29 octobre 2012<\/p>\r\n<\/td>\r\n<\/tr>\r\n\r\n<tr>\r\n<td>\r\n<p><img decoding=\"async\" src=\"https:\/\/cdn.squareone.ca\/wp-content\/uploads\/2017\/08\/03034532\/cdn-underwriter.png\" title=\"Canadian Underwriter\" alt=\"Canadian Underwriter logo\"  \/>\r\n<\/p>\r\n<\/td>\r\n<td><\/td>\r\n<td class=\"pb-6\">\r\n<p class=\"display-4 mb-0\"><strong><a title=\"Canadian Underwriter Article: Oct 15, 2012\" href=\"https:\/\/www.canadianunderwriter.ca\/insurance\/most-british-columbia-residents-unprepared-for-earthquake-survey-1001766970\/\" target=\"_blank\" rel=\"noopener noreferrer\">La plupart des habitants de la Colombie-Britannique ne sont pas pr\u00e9par\u00e9s \u00e0 un tremblement de terre selon une enqu\u00eate<\/a><\/strong><\/p><p>Canadian Underwriter | 15 octobre 2012<\/p>\r\n<\/td>\r\n<\/tr>\r\n\r\n<tr>\r\n<td>\r\n<p><img decoding=\"async\" src=\"https:\/\/cdn.squareone.ca\/wp-content\/uploads\/2017\/08\/03034532\/cdn-underwriter.png\" title=\"Canadian Underwriter\" alt=\"Canadian Underwriter logo\"  \/><\/p>\r\n<\/td>\r\n<td><\/td>\r\n<td class=\"pb-6\">\r\n<p class=\"display-4 mb-0\"><strong><a title=\"Canadian Underwriter Article: Oct 10, 2012\" href=\"https:\/\/www.canadianunderwriter.ca\/insurance\/montreal-area-earthquake-should-serve-as-a-wake-up-call-1001756409\/\" target=\"_blank\" rel=\"noopener noreferrer\">Un tremblement de terre dans la r\u00e9gion de Montr\u00e9al devrait servir de \u00ab&nbsp;signal d&rsquo;alarme&nbsp;\u00bb<\/a><\/strong><\/p><p>Canadian Underwriter | 10 octobre 2012<\/p>\r\n<\/td>\r\n<\/tr>\r\n\r\n<tr>\r\n<td>\r\n<p><img decoding=\"async\" src=\"https:\/\/cdn.squareone.ca\/wp-content\/uploads\/2017\/08\/03034532\/cdn-underwriter.png\" title=\"Canadian Underwriter\" alt=\"Canadian Underwriter logo\"  \/><\/p>\r\n<\/td>\r\n<td><\/td>\r\n<td class=\"pb-6\">\r\n<p class=\"display-4 mb-0\"><strong><a title=\"Canadian Underwriter Article: Jul 12, 2012\" href=\"https:\/\/www.canadianunderwriter.ca\/insurance\/one-fifth-of-alberta-and-b-c-homeowners-do-not-have-right-home-insurance-protection-survey-1001537335\/\" target=\"_blank\" rel=\"noopener noreferrer\">Un cinqui\u00e8me des propri\u00e9taires immobiliers de l&rsquo;Alberta et de la Colombie-Britannique ne disposent pas d&rsquo;une assurance habitation ad\u00e9quate, selon une enqu\u00eate<\/a><\/strong><\/p><p>Canadian Underwriter | 12 juillet 2012<\/p>\r\n<\/td>\r\n<\/tr>\r\n\r\n<tr>\r\n<td>\r\n<p><img loading=\"lazy\" decoding=\"async\" src=\"https:\/\/cdn.squareone.ca\/wp-content\/uploads\/2012\/06\/30071426\/Canadian-Real-Estate.png\" title=\"Canadian Real Estate Magazine\" alt=\"Canadian Real Estate logo\" width=\"150\" height=\"22\" \/><\/p>\r\n<\/td>\r\n<td><\/td>\r\n<td class=\"pb-6\">\r\n<p class=\"display-4 mb-0\"><strong>A landlord&rsquo;s essential: Tenant\u2019s home insurance<\/strong><\/p><p>Canadian Real Estate Magazine | 20 juin 2012<\/p>\r\n<\/td>\r\n<\/tr>\r\n\r\n<tr>\r\n<td>\r\n<p><img loading=\"lazy\" decoding=\"async\" src=\"https:\/\/cdn.squareone.ca\/wp-content\/uploads\/2012\/06\/30071427\/Vancouver-Sun-logo.png\" title=\"The Vancouver Sun\" alt=\"Vancouver Sun logo\" width=\"140\" height=\"20\" \/><\/p>\r\n<\/td>\r\n<td><\/td>\r\n<td class=\"pb-6\">\r\n<p class=\"display-4 mb-0\"><strong><a title=\"Vancouver Sun Article: Jun 5, 2012\" href=\"\/news\/the-vancouver-sun-article\" target=\"_blank\" rel=\"noopener noreferrer\">Les propri\u00e9taires bailleurs qui ne d\u00e9clarent pas les logements accessoires ne sont pas couverts par une assurance<\/a><\/strong><\/p><p>Vancouver Sun | 5 juin 2012<\/p>\r\n<\/td>\r\n<\/tr>\r\n\r\n<tr>\r\n<td>\r\n<p><img decoding=\"async\" src=\"https:\/\/cdn.squareone.ca\/wp-content\/uploads\/2017\/08\/03034532\/cdn-underwriter.png\" title=\"Canadian Underwriter\" alt=\"Canadian Underwriter logo\"  \/><\/p>\r\n<\/td>\r\n<td><\/td>\r\n<td class=\"pb-6\">\r\n<p class=\"display-4 mb-0\"><strong><a title=\"Canadian Underwriter Article: Jun 4, 2012\" href=\"https:\/\/www.canadianunderwriter.ca\/insurance\/about-one-quarter-of-b-c-homes-have-rental-suites-or-converted-coach-houses-1001431569\/\" target=\"_blank\" rel=\"noopener noreferrer\">Environ un quart des maisons en Colombie-Britannique disposent d&rsquo;appartements \u00e0 louer ou de d\u00e9pendances am\u00e9nag\u00e9es<\/a><\/strong><\/p><p>Canadian Underwriter | 4 juin 2012<\/p>\r\n<\/td>\r\n<\/tr>\r\n\r\n<tr>\r\n<td>\r\n<p><img loading=\"lazy\" decoding=\"async\" src=\"https:\/\/cdn.squareone.ca\/wp-content\/uploads\/2012\/06\/30071426\/Canadian-Real-Estate.png\" title=\"Canadian Real Estate Magazine\" alt=\"Canadian Real Estate logo\" width=\"150\" height=\"22\" \/><\/p>\r\n<\/td>\r\n<td><\/td>\r\n<td class=\"pb-6\">\r\n<p class=\"display-4 mb-0\"><strong>Un quart des propri\u00e9taires occupants de la Colombie-Britannique sont d\u00e9sormais des bailleurs<\/strong><\/p><p>Canadian Real Estate Magazine | 4 juin 2012<\/p>\r\n<\/td>\r\n<\/tr>\r\n\r\n<tr>\r\n<td>\r\n<p><img loading=\"lazy\" decoding=\"async\" src=\"https:\/\/cdn.squareone.ca\/wp-content\/uploads\/2012\/03\/30071432\/InsurEye.png\" title=\"InsurEye\" alt=\"InsurEye logo\" width=\"111\" height=\"25\" \/><\/p>\r\n<\/td>\r\n<td><\/td>\r\n<td class=\"pb-6\">\r\n<p class=\"display-4 mb-0\"><strong><a title=\"InsurEye Article: Mar 23, 2012\" href=\"https:\/\/insureye.com\/average-home-insurance-premiums-canadians-pay-840-average-annually\/\" target=\"_blank\" rel=\"noopener noreferrer\">Les Canadiens paient en moyenne 840&nbsp;$ par an pour leur assurance habitation<\/a><\/strong><\/p><p>InsurEye | 23 mars 2012<\/p>\r\n<\/td>\r\n<\/tr>\r\n\r\n<tr>\r\n<td>\r\n<p><img decoding=\"async\" src=\"https:\/\/cdn.squareone.ca\/wp-content\/uploads\/2017\/08\/03034532\/cdn-underwriter.png\" title=\"Canadian Underwriter\" alt=\"Canadian Underwriter logo\"  \/><\/p>\r\n<\/td>\r\n<td><\/td>\r\n<td class=\"pb-6\">\r\n<p class=\"display-4 mb-0\"><strong><a title=\"Canadian Underwriter Article: Mar 20, 2012\" href=\"https:\/\/www.canadianunderwriter.ca\/insurance\/most-b-c-homeowners-paying-for-insurance-they-dont-need-or-want-survey-1000993816\/\" target=\"_blank\" rel=\"noopener noreferrer\">La plupart des propri\u00e9taires de la Colombie-Britannique paient pour une assurance dont ils n&rsquo;ont pas besoin ou qu&rsquo;ils ne veulent pas selon une enqu\u00eate<\/a><\/strong><\/p><p>Canadian Underwriter | 20 mars 2012<\/p>\r\n<\/td>\r\n<\/tr>\r\n\r\n<tr>\r\n<td>\r\n<p><img loading=\"lazy\" decoding=\"async\" src=\"https:\/\/cdn.squareone.ca\/wp-content\/uploads\/2012\/12\/30071406\/IC-leaf-262x90-2010.gif\" title=\"Insurance-Canada.ca logo\" alt=\"Insurance-Canada.ca logo\" width=\"135\" height=\"46\" \/><\/p>\r\n<\/td>\r\n<td><\/td>\r\n<td class=\"pb-6\">\r\n<p class=\"display-4 mb-0\"><strong><a title=\"Insurance-Canada.ca Article: Mar 20, 2012\" href=\"https:\/\/www.insurance-canada.ca\/2012\/03\/09\/half-of-all-bc-homeowners-dont-have-earthquake-insurance-reveals-vancouver-based-home-insurance-experts-square-one\/\" target=\"_blank\" rel=\"noopener noreferrer\">La moiti\u00e9 des propri\u00e9taires immobiliers de la Colombie-Britannique n&rsquo;ont pas d&rsquo;assurance contre les tremblements de terre<\/a><\/strong><\/p><p>Insurance-Canada.ca | 20 mars 2012<\/p>\r\n<\/td>\r\n<\/tr>\r\n\r\n<tr>\r\n<td>\r\n<p><img decoding=\"async\" src=\"https:\/\/cdn.squareone.ca\/wp-content\/uploads\/2017\/08\/03034532\/cdn-underwriter.png\" title=\"Canadian Underwriter\" alt=\"Canadian Underwriter logo\"  \/><\/p>\r\n<\/td>\r\n<td><\/td>\r\n<td class=\"pb-6\">\r\n<p class=\"display-4 mb-0\"><strong><a title=\"Canadian Underwriter Article: Mar 13, 2012\" href=\"https:\/\/www.canadianunderwriter.ca\/insurance\/b-c-residents-pay-most-for-home-insurance-in-canada-insureye-study-1000984663\/\" target=\"_blank\" rel=\"noopener noreferrer\">Les r\u00e9sidents de la Colombie-Britannique paient le plus cher leur assurance habitation au Canada<\/a><\/strong><\/p><p>Canadian Underwriter | 13 mars 2012<\/p>\r\n<\/td>\r\n<\/tr>\r\n\r\n<tr>\r\n<td>\r\n<p><img decoding=\"async\" src=\"https:\/\/cdn.squareone.ca\/wp-content\/uploads\/2017\/08\/03034532\/cdn-underwriter.png\" title=\"Canadian Underwriter\" alt=\"Canadian Underwriter logo\" \/><\/p>\r\n<\/td>\r\n<td><\/td>\r\n<td class=\"pb-6\">\r\n<p class=\"display-4 mb-0\"><strong><a title=\"Canadian Underwriter article: Mar 9, 2012\" href=\"https:\/\/canadianunderwriter.ca\/news\/industry\/about-50-of-b-c-homeowners-have-earthquake-insurance\/\" target=\"_blank\" rel=\"noopener noreferrer\">La moiti\u00e9 des propri\u00e9taires occupants de la Colombie-Britannique n&rsquo;ont pas d&rsquo;assurance contre les tremblements de terre<\/a><\/strong><\/p><p>Canadian Underwriter | 9 mars 2012<\/p>\r\n<\/td>\r\n<\/tr>\r\n\r\n<tr>\r\n<td>\r\n<p><img decoding=\"async\" src=\"https:\/\/cdn.squareone.ca\/wp-content\/uploads\/2017\/08\/03034532\/cdn-underwriter.png\" title=\"Canadian Underwriter\" alt=\"Canadian Underwriter logo\"  \/><\/p>\r\n<\/td>\r\n<td><\/td>\r\n<td class=\"pb-6\">\r\n<p class=\"display-4 mb-0\"><strong><a title=\"Canadian Underwriter Article: Mar 9, 2012\" href=\"https:\/\/www.canadianunderwriter.ca\/insurance\/about-50-of-b-c-homeowners-have-earthquake-insurance-1000975145\/\" target=\"_blank\" rel=\"noopener noreferrer\">Environ 50&nbsp;% des propri\u00e9taires occupants de la Colombie-Britannique n&rsquo;ont pas d&rsquo;assurance contre les tremblements de terre<\/a><\/strong><\/p><p>Canadian Underwriter | 9 mars 2012<\/p>\r\n<\/td>\r\n<\/tr>\r\n\r\n<tr>\r\n<td>\r\n<p><img loading=\"lazy\" decoding=\"async\" src=\"https:\/\/cdn.squareone.ca\/wp-content\/uploads\/2012\/02\/30071442\/Financial-Post-logo.gif\" title=\"Financial Post logo\" alt=\"Financial Post logo\" width=\"135\" height=\"20\" \/><\/p>\r\n<\/td>\r\n<td><\/td>\r\n<td>\r\n<p class=\"display-4 mb-0\"><strong><a title=\"Financial Post article: Jan 7, 2012\" href=\"https:\/\/financialpost.com\/personal-finance\/hard-times-trigger-changes-in-insurance-choices\" target=\"_blank\" rel=\"noopener noreferrer\">Les p\u00e9riodes difficiles entra\u00eenent des changements dans les choix d&rsquo;assurance<\/a><\/strong><\/p><p>Financial Post | 7 janvier 2012<\/p>\r\n<\/td>\r\n<\/tr>\r\n<\/tbody>\r\n<\/table>\r\n<\/div>\r\n<\/div>\r\n<\/pillContent>\r\n<\/pillAndContent>  \r\n\r\n\r\n    <pillAndContent>\r\n        <pill>Assurance auto<\/pill>\r\n        <pillContent>\r\n\r\n<div class=\"row pt-5\">\r\n<div class=\"col-12\">\r\n\r\n<table width=\"100%\">\r\n<tbody valign=\"top\">\r\n<tr>\r\n<td>\r\n<p><img decoding=\"async\" src=\"https:\/\/cdn.squareone.ca\/wp-content\/uploads\/2017\/08\/03034532\/cdn-underwriter.png\" title=\"Canadian Underwriter\" alt=\"Canadian Underwriter logo\"  \/><\/p>\r\n<\/td>\r\n<td width='8.9%'><\/td>\r\n<td class=\"pb-6\">\r\n<p class=\"display-4 mb-0\"><strong><a title=\"Canadian Underwriter article: Nov 7, 2023\" href=\"https:\/\/www.canadianunderwriter.ca\/insurance\/brokerage-carrier-partner-up-to-offer-digital-auto-coverage-1004239866\/\" target=\"_blank\" rel=\"noopener noreferrer\">Une soci\u00e9t\u00e9 de courtage et un transporteur s&rsquo;associent pour proposer une assurance automobile num\u00e9rique<\/a><\/strong><\/p><p>Canadian Underwriter | 7 novembre 2023<\/p>\r\n<\/td>\r\n<\/tr>\r\n\r\n<tr>\r\n<td>\r\n<p><img decoding=\"async\" src=\"https:\/\/cdn.squareone.ca\/wp-content\/uploads\/2015\/08\/30071100\/ibca_logo.png\" title=\"IBCA Logo\" alt=\"IBCA Logo\" \/><\/p>\r\n<\/td>\r\n<td><\/td>\r\n<td class=\"pb-6\">\r\n<p class=\"display-4 mb-0\"><strong><a title=\"IBCA article: Nov 3, 2023\" href=\"https:\/\/www.insurancebusinessmag.com\/ca\/news\/auto-motor\/square-one-partners-with-zurich-canada-to-offer-personal-auto-insurance-465494.aspx\" target=\"_blank\" rel=\"noopener noreferrer\">Square One s&rsquo;associe \u00e0 Zurich Canada pour offrir une assurance automobile personnelle<\/a><\/strong><\/p><p>Insurance Business Canada | 3 novembre 2023<\/p>\r\n<\/td>\r\n<\/tr>\r\n\r\n<tr>\r\n<td>\r\n<p><img decoding=\"async\" src=\"https:\/\/cdn.squareone.ca\/wp-content\/uploads\/2015\/08\/30071100\/ibca_logo.png\" title=\"IBCA Logo\" alt=\"IBCA Logo\" \/><\/p>\r\n<\/td>\r\n<td><\/td>\r\n<td class=\"pb-6\">\r\n<p class=\"display-4 mb-0\"><strong>Square One publie des conseils saisonniers alors que les vols de v\u00e9hicules sont en hausse<\/strong><\/p><p>Insurance Business Canada | 15 d\u00e9cembre 2022<\/p>\r\n<\/td>\r\n<\/tr>\r\n\r\n<tr>\r\n<td>\r\n<p><img loading=\"lazy\" decoding=\"async\" src=\"https:\/\/cdn.squareone.ca\/wp-content\/uploads\/2012\/02\/30071442\/Financial-Post-logo.gif\" title=\"Financial Post logo\" alt=\"Financial Post logo\" width=\"135\" height=\"20\" \/><\/p>\r\n<\/td>\r\n<td><\/td>\r\n<td class=\"pb-6\">\r\n<p class=\"display-4 mb-0\"><strong><a title=\"Financial Post article: Dec 14, 2022\" href=\"https:\/\/financialpost.com\/globe-newswire\/square-one-finds-that-theft-from-vehicle-claims-increase-by-70-during-the-holiday-season\" target=\"_blank\" rel=\"noopener noreferrer\">Square One constate une augmentation de 70&nbsp;% des d\u00e9clarations de vol dans les v\u00e9hicules pendant la p\u00e9riode des f\u00eates<\/a><\/strong><\/p><p>Financial Post | 14 d\u00e9cembre 2022<\/p>\r\n<\/td>\r\n<\/tr>\r\n\r\n<\/tbody>\r\n<\/table>\r\n<\/div>\r\n<\/div>\r\n<\/pillContent>\r\n<\/pillAndContent>  \r\n\r\n<pillAndContent>\r\n        <pill>Square One<\/pill>\r\n        <pillContent>\r\n\r\n<div class=\"row pt-5\">\r\n<div class=\"col-12\">\r\n<table width=\"100%\">\r\n<tbody valign=\"top\">\r\n\r\n<tr>\r\n<td>\r\n<p><img decoding=\"async\" src=\"https:\/\/cdn.squareone.ca\/wp-content\/uploads\/2021\/08\/27133903\/tcn-logo.png\" title=\"TCN Logo\" alt=\"TCN Logo\" \/><\/p>\r\n<\/td>\r\n<td width='8.25%'><\/td>\r\n<td class=\"pb-6\">\r\n<p class=\"display-4 mb-0\"><strong><a title=\"Tri-City News article: Aug 26, 2021\" href=\"https:\/\/www.tricitynews.com\/local-news\/video-port-moody-family-coping-with-health-issues-gets-its-oasis-on-youtube-4256526\" target=\"_blank\" rel=\"noopener noreferrer\">VID\u00c9O : Une famille de Port Moody confront\u00e9e \u00e0 des probl\u00e8mes de sant\u00e9 trouve son oasis \u2014 sur YouTube<\/a><\/strong><\/p><p>Tri-City News | 26 ao\u00fbt 2021<\/p>\r\n<\/td>\r\n<\/tr>\r\n\r\n<tr>\r\n<td width=\"16%\">\r\n<p><img decoding=\"async\" src=\"https:\/\/cdn.squareone.ca\/wp-content\/uploads\/2020\/11\/03032420\/victorianews.png\" title=\"Victoria News\" alt=\"Victoria News logo\"  \/><\/p>\r\n<\/td>\r\n<td width='5%'><\/td>\r\n<td class=\"pb-6\">\r\n<p class=\"display-4 mb-0\"><strong><a title=\"Victoria News article: Nov 2, 2020\" href=\"https:\/\/www.vicnews.com\/trending-now\/room-reno-series-seeks-nominations-for-families-in-need\" target=\"_blank\" rel=\"noopener noreferrer\">La s\u00e9rie Room Reno recherche des candidatures pour des familles dans le besoin<\/a><\/strong><\/p><p>Victoria News | 2 novembre 2020<\/p>\r\n<\/td>\r\n<\/tr>\r\n\r\n<tr>\r\n<td width=\"16%\">\r\n<p><img decoding=\"async\" src=\"https:\/\/cdn.squareone.ca\/wp-content\/uploads\/2020\/11\/09010554\/Toronto-sun-logo.png\" title=\"Toronto Sun\" alt=\"Toronto Sun logo\" width='157px' \/><\/p>\r\n<\/td>\r\n<td width='5%'><\/td>\r\n<td class=\"pb-6\">\r\n<p class=\"display-4 mb-0\"><strong><a title=\"Toronto Sun article: Oct 3, 2020\" href=\"https:\/\/torontosun.com\/life\/fashion-beauty\/thanks-to-these-kids-the-future-looks-bright\" target=\"_blank\" rel=\"noopener noreferrer\">Gr\u00e2ce \u00e0 ces enfants, l&rsquo;avenir s&rsquo;annonce radieux<\/a><\/strong><\/p><p>Toronto Sun | 3 octobre 2020<\/p>\r\n<\/td>\r\n<\/tr>\r\n\r\n<tr>\r\n<td>\r\n<p><img decoding=\"async\" src=\"https:\/\/cdn.squareone.ca\/wp-content\/uploads\/2013\/01\/30071359\/Sauder-logo.gif\" title=\"Viewpoints\" alt=\"Viewpoints\" width=\"150\" height=\"61.2\" \/><\/p>\r\n<\/td>\r\n<td><\/td>\r\n<td class=\"pb-6\">\r\n<p class=\"display-4 mb-0\"><strong><a title=\"Viewpoints article: Fall 2012\" href=\"https:\/\/issuu.com\/sauder-viewpoints\/docs\/vp_fall-winter2012_v17\/46\">Apprenez \u00e0 mieux conna\u00eetre les autres membres de la communaut\u00e9 des anciens \u00e9l\u00e8ves<\/a><\/strong><\/p><p>Viewpoints | Automne 2012<\/p>\r\n<\/td>\r\n<\/tr>\r\n\r\n<tr>\r\n<td>\r\n<p><img loading=\"lazy\" decoding=\"async\" src=\"https:\/\/cdn.squareone.ca\/wp-content\/uploads\/2016\/07\/04013251\/img-Thompsons-logo1.jpg\" title=\"Thompson's logo\" alt=\"Thompson's logo\" width=\"150\" height=\"34\" \/><\/p>\r\n<\/td>\r\n<td><\/td>\r\n<td class=\"pb-6\">\r\n<p class=\"display-4 mb-0\"><strong><a title=\"Thompson's article: Jan 7, 2013\" href=\"\/news\/news-stories\/thompsons-jan-2013\">PR\u00c9VISIONS POUR 2013 : Des attentes croissantes qui imposent l&rsquo;int\u00e9gration technologique<\/a><\/strong><\/p><p>Thompson&rsquo;s World Insurance News | 7 janvier 2013<\/p>\r\n<\/td>\r\n<\/tr>\r\n\r\n<tr>\r\n<td>\r\n<p><img loading=\"lazy\" decoding=\"async\" src=\"https:\/\/cdn.squareone.ca\/wp-content\/uploads\/2012\/02\/30071442\/Globe-and-Mail-logo.gif\" title=\"The Globe and Mail logo\" alt=\"The Globe and Mail logo\" width=\"135\" height=\"31\" \/><\/p>\r\n<\/td>\r\n<td><\/td>\r\n<td class=\"pb-6\">\r\n<p class=\"display-4 mb-0\"><strong><a href=\"\/news\/news-stories\/globe-and-mail-dec-2012\" title=\"The Globe and Mail article: Dec 26, 2012\">Le d\u00e9fi revisit\u00e9<\/a><\/strong><\/p><p>The Globe and Mail | 26 d\u00e9cembre 2012<\/p>\r\n<\/td>\r\n<\/tr>\r\n\r\n<tr>\r\n<td>\r\n<p><img loading=\"lazy\" decoding=\"async\" src=\"https:\/\/cdn.squareone.ca\/wp-content\/uploads\/2012\/12\/30071406\/IC-leaf-262x90-2010.gif\" title=\"Insurance-Canada.ca\" alt=\"Insurance-Canada.ca logo\" width=\"140\" height=\"48\" \/><\/p>\r\n<\/td>\r\n<td><\/td>\r\n<td class=\"pb-6\">\r\n<p class=\"display-4 mb-0\"><strong><a title=\"Insurance-Canada.ca: Dec 13, 2012\" href=\"https:\/\/www.insurance-canada.ca\/2013\/03\/19\/icta-2013-winners-announced\/\" target=\"_blank\" rel=\"noopener noreferrer\">Square One est finaliste du prix ICTA Technology Award 2013<\/a><\/strong><\/p><p>Insurance-Canada.ca | 13 d\u00e9cembre 2012<\/p>\r\n<\/td>\r\n<\/tr>\r\n\r\n<tr>\r\n<td>\r\n<p><img loading=\"lazy\" decoding=\"async\" src=\"https:\/\/cdn.squareone.ca\/wp-content\/uploads\/2012\/04\/30071432\/BC_Business.png\" title=\"BC Business\" alt=\"BC Business logo\" width=\"135\" height=\"30\" \/><\/p>\r\n<\/td>\r\n<td><\/td>\r\n<td class=\"pb-6\">\r\n<p class=\"display-4 mb-0\"><strong><a title=\"BC Business Article: Apr 2, 2012\" href=\"https:\/\/www.bcbusiness.ca\/what-does-a-bc-mba-look-like\" target=\"_blank\" rel=\"noopener noreferrer\">\u00c0 quoi ressemble un MBA en Colombie-Britannique?<\/a><\/strong><\/p><p>BC Business | 2 avril 2012<\/p>\r\n<\/td>\r\n<\/tr>\r\n\r\n<tr>\r\n<td>\r\n<p><img loading=\"lazy\" decoding=\"async\" src=\"https:\/\/cdn.squareone.ca\/wp-content\/uploads\/2012\/02\/30071442\/Globe-and-Mail-logo.gif\" title=\"The Globe and Mail logo\" alt=\"The Globe and Mail logo\" width=\"135\" height=\"31\" \/><\/p>\r\n<\/td>\r\n<td><\/td>\r\n<td class=\"pb-6\">\r\n<p class=\"display-4 mb-0\"><strong><a href=\"https:\/\/www.theglobeandmail.com\/report-on-business\/small-business\/sb-growth\/is-a-launch-party-still-a-smart-way-to-build-buzz\/article4171349\/\" title=\"The Globe and Mail article: Feb 8, 2012\" target=\"_blank\" rel=\"noopener noreferrer\">Une soir\u00e9e de lancement est-elle toujours un moyen efficace de cr\u00e9er le buzz?<\/a><\/strong><\/p><p>The Globe and Mail | 8 f\u00e9vrier 2012<\/p>\r\n<\/td>\r\n<\/tr>\r\n\r\n<\/tbody>\r\n<\/table>\r\n<\/div>\r\n<\/div>\r\n<\/pillContent>\r\n<\/pillAndContent>  \r\n<\/pillsAndContent> \r\n<\/div>\r\n<\/div>\r\n<\/div>\r\n<\/section>\r\n\r\n<section id=\"press\" href=\"press\" class=\"bg-shape-split shape-uuge-blue\">\r\n    <div class=\"bg-top\"><\/div>\r\n    <div class=\"bg-position\">\r\n        <div class=\"container-fluid\">\r\n\t\t<div class=\"row\">\r\n            <div class=\"col-12 col-lg-10 offset-lg-1\">\r\n\r\n\t\t\t\t\t<h2 class=\"pt-5\">Communiqu\u00e9s de presse<\/h2>\r\n\t\t\t\t\t<p class=\"display-4\">L&rsquo;un de nos communiqu\u00e9s de presse vous int\u00e9resse? Veuillez composer le <a class=\"strong tel sq1-phone-number\" href=\"tel:1-855-331-6933\" style=\"text-decoration:none\">1.855.331.6933<\/a>, poste 100, ou envoyez un courriel \u00e0 <a href=\"mailto:media@squareone.ca\" title=\"Media email\">media@squareone.ca<\/a>.<\/p>\r\n\t\t<\/div>\r\n\t\t<\/div>\r\n\t\t<\/div>\r\n\r\n<section class=\"my-6 xwide-mobile\">\r\n<div class=\"container-fluid\">\r\n<div class=\"row\">\r\n<div class=\"col-12 col-lg-10 offset-lg-1\">\r\n\r\n<pillsAndContent id=\"press-pills\" class=\"col-12 offset-lg-1\">\r\n    <pillAndContent>\r\n        <pill>Assurance habitation<\/pill>\r\n        <pillContent>\r\n        \r\n        <div class=\"row pt-3\">\r\n\r\n<td class=\"pb-6\">\r\n<p class=\"display-4 mb-0\"><strong><a title=\"Communiqu\u00e9 de presse de Square One&nbsp;: 7&nbsp;ao\u00fbt&nbsp;2025\" href=\"\/fr\/vol-bicyclette-2025\">D\u2019apr\u00e8s Square One, le vol des bicyclettes augmente de 138 % pendant l\u2019\u00e9t\u00e9<\/a><\/strong><\/p><p>Square One | 7&nbsp;ao\u00fbt&nbsp;2025<\/p>\r\n\r\n<p class=\"display-4 mb-0\"><strong><a title=\"Communiqu\u00e9 de presse de Square One&nbsp;: 16&nbsp;avril&nbsp;2024\" href=\"\/fr\/reclamations-dommages-eau-bidet\">D\u2019apr\u00e8s une analyse de Square One, les bidets sont \u00e0 l\u2019origine des d\u00e9g\u00e2ts d\u2019eau de plus de 20 000 $ par r\u00e9clamation<\/a><\/strong><\/p><p>Square One | 16 avril 2024<\/p>\r\n\r\n<p class=\"display-4 mb-0\"><strong><a title=\"Communiqu\u00e9 de presse de Square One&nbsp;: 18&nbsp;janvier&nbsp;2024\" href=\"\/fr\/hausse-de-reclamations-pour-les-tuyaux-geles\">Square One signale une hausse de 191 % en r\u00e9clamations d\u2019assurance habitation pour les tuyaux gel\u00e9s<\/a><\/strong><\/p><p>Square One | 18&nbsp;janvier&nbsp;2024<\/p>\r\n\r\n<p class=\"display-4 mb-0\"><strong><a title=\"Communiqu\u00e9 de presse de Square One&nbsp;: 30&nbsp;ao\u00fbt&nbsp;2023\" href=\"\/fr\/suites-illegales\">Selon une enqu\u00eate de Square One, le nombre d\u2019habitations avec des suites locatives ill\u00e9gales a augment\u00e9 de 50&nbsp;%<\/a><\/strong><\/p><p>Square One | 30&nbsp;ao\u00fbt&nbsp;2023<\/p>\r\n\r\n<p class=\"display-4 mb-0\"><strong><a title=\"Communiqu\u00e9 de presse de Square One&nbsp;: 4&nbsp;juillet&nbsp;2023\" href=\"\/fr\/augmentation-vol-de-bicyclettes-en-ete\">D\u2019apr\u00e8s Square One, les vols de bicyclettes augmentent de 429 % pendant l\u2019\u00e9t\u00e9<\/a><\/strong><\/p><p>Square One | 4&nbsp;juillet&nbsp;2023<\/p>\r\n\r\n<p class=\"display-4 mb-0\"><strong><a title=\" : 24 mai 2023\" href=\"\/fr\/sondage-gestionnaires-immobiliers-demande-location\">72 % des gestionnaires immobiliers sont d\u2019accord : le pointage de cr\u00e9dit a un impact consid\u00e9rable sur les demandes de location<\/a><\/strong><\/p><p>Square One | 24 mai 2023<\/p>\r\n\r\n<\/div>\r\n    <\/pillContent>\r\n<\/pillAndContent>\r\n\r\n    <pillAndContent>\r\n        <pill>Assurance auto<\/pill>\r\n        <pillContent>\r\n<div class=\"row pt-3\">\r\n<td class=\"pb-6\">\r\n<p class=\"display-4 mb-0\"><strong><a title=\"Communiqu\u00e9 de presse de Square One&nbsp;: 7&nbsp;ao\u00fbt&nbsp;2024\" href=\"\/fr\/offrir-assurance-auto\">Square One fait \u00e9quipe avec Zurich Canada pour offrir l&rsquo;assurance auto aux consommateurs canadiens<\/a><\/strong><\/p><p>Square One | 7&nbsp;ao\u00fbt&nbsp;2024<\/p>\r\n\r\n <\/div>\r\n    <\/pillContent>\r\n<\/pillAndContent>\r\n   \r\n<pillAndContent>\r\n        <pill>Square One<\/pill>\r\n        <pillContent>\r\n<div class=\"row pt-3\">\r\n<td class=\"pb-6\">\r\n<p class=\"display-4 mb-0\"><strong><a title=\"Communiqu\u00e9 de presse de Square One&nbsp;: 18&nbsp;octobre&nbsp;2023\" href=\"\/fr\/collaboration-avec-bfl-canada?offer_code=BFLP\">Square One annonce une nouvelle collaboration avec BFL CANADA au profit des copropri\u00e9taires aux quatre coins du pays<\/a><\/strong><\/p><p>Square One | 18&nbsp;octobre&nbsp;2023<\/p>\r\n<\/div>\r\n\r\n<\/pillContent>\r\n<\/pillAndContent>\r\n<\/pillsAndContent>\r\n\r\n<\/div>\r\n<\/div>\r\n<\/div>\r\n\r\n<\/section>\r\n<\/div>\r\n\r\n<div class=\"bg-bottom\"><\/div>\r\n\r\n<\/section>\r\n\r\n\t<section class=\"footer-cta bg-shape mt-6\">\n\t    <div class=\"container-fluid\">\n\t        <div class=\"row\">\n\t            <div class=\"col-10 offset-1 col-lg-8 offset-lg-2 text-center\">\n\t                <div class=\"h6 text-secondary-alt text-uppercase mb-4\">vous \u00eates en bonne compagnie <\/div>\n\t                <div class=\"h2 text-uc-first mb-4\">Joignez-vous \u00e0 plus de 3 000 000 de clients qui ont re\u00e7u une soumission en assurance habitation de notre part.<\/div>\n\t\t\t\t\t<div id=\"sq1-qw-77165ccac397\" class=\"sq1-quote-widget\" data-quote-widget-type=\"HOME\" data-has-custom-text=\"true\" style=\"min-height: 68px; height: auto\"><\/div>\n\t                <p class=\"text-uc-first\">D\u00e9couvrez \u00e0 quel point l'assurance habitation est abordable \u00e0 l'aide d'une soumission en ligne en 5 minutes.<\/p>\n\t                <p class=\"text-light small text-uc-first\">Avant de commencer, veuillez lire notre <a href=\"https:\/\/www.squareone.ca\/fr\/politique-confidentialite\" target=\"_blank\" rel=\"noreferrer noopener\">Politique de confidentialit\u00e9<\/a> et nos <a href=\"https:\/\/www.squareone.ca\/fr\/conditions-utilisation\" target=\"_blank\" rel=\"noreferrer noopener\">Conditions d\u2019utilisation<\/a>.<\/p>\n\t            <\/div>\n\t        <\/div>\n\t    <\/div>\n\t    <div class=\"locations position-absolute fw-bold w-100 text-center pb-6 px-3\">Une compagnie canadienne exploit\u00e9e par des Canadiens. Nous offrons nos services au <a href=\"\/fr\/habitation\/quebec\" class=\"text-grey-900 text-decoration-none\">Qu\u00e9bec<\/a>, en Colombie-Britannique, en Alberta, en Saskatchewan, au Manitoba et en Ontario.<\/div>\n\t<\/section>\r\n\r\n<\/main>","protected":false},"excerpt":{"rendered":"<p>Actualit\u00e9s et m\u00e9dias Vous trouverez ci-dessous des reportages sur Square One, ainsi que des communiqu\u00e9s de presse de la part de Square One. Si vous avez des questions sur ce qui suit, ou souhaitez obtenir de plus amples renseignements sur nous, envoyez un courriel \u00e0 media@squareone.ca. Les reportages et les communiqu\u00e9s de presse sont organis\u00e9s [&hellip;]<\/p>\n","protected":false},"author":2,"featured_media":0,"parent":0,"menu_order":9,"comment_status":"open","ping_status":"open","template":"","meta":{"_acf_changed":false,"footnotes":""},"class_list":["post-48409","page","type-page","status-publish","hentry"],"acf":[],"_links":{"self":[{"href":"https:\/\/www.squareone.ca\/fr\/wp-json\/wp\/v2\/pages\/48409","targetHints":{"allow":["GET"]}}],"collection":[{"href":"https:\/\/www.squareone.ca\/fr\/wp-json\/wp\/v2\/pages"}],"about":[{"href":"https:\/\/www.squareone.ca\/fr\/wp-json\/wp\/v2\/types\/page"}],"author":[{"embeddable":true,"href":"https:\/\/www.squareone.ca\/fr\/wp-json\/wp\/v2\/users\/2"}],"replies":[{"embeddable":true,"href":"https:\/\/www.squareone.ca\/fr\/wp-json\/wp\/v2\/comments?post=48409"}],"version-history":[{"count":49,"href":"https:\/\/www.squareone.ca\/fr\/wp-json\/wp\/v2\/pages\/48409\/revisions"}],"predecessor-version":[{"id":78706,"href":"https:\/\/www.squareone.ca\/fr\/wp-json\/wp\/v2\/pages\/48409\/revisions\/78706"}],"wp:attachment":[{"href":"https:\/\/www.squareone.ca\/fr\/wp-json\/wp\/v2\/media?parent=48409"}],"curies":[{"name":"wp","href":"https:\/\/api.w.org\/{rel}","templated":true}]}}