{"id":73235,"date":"2024-09-23T14:12:52","date_gmt":"2024-09-23T21:12:52","guid":{"rendered":"https:\/\/www.squareone.ca\/centres-ressources\/proprietaire-vehicule\/radar-photo-quebec"},"modified":"2026-04-16T14:33:56","modified_gmt":"2026-04-16T21:33:56","slug":"radar-photo-quebec","status":"publish","type":"page","link":"https:\/\/www.squareone.ca\/fr\/centres-ressources\/proprietaire-vehicule\/radar-photo-quebec","title":{"rendered":"Le radar photo au Qu\u00e9bec"},"content":{"rendered":"<section id='intro' class=\"bg-shape-split bg-sub-page-hero\">\r\n  <div class=\"bg-position\">\r\n      <div class=\"container-fluid\">\r\n          <div class=\"row align-items-center\">\r\n              <div class=\"col-12 col-lg-8\">\r\n                  <h1>Le radar photo au Qu\u00e9bec<\/h1>\r\n                  <strong>Article r\u00e9dig\u00e9 par <a href=\"\/fr\/a-propos-de-nous\/contributeurs#anthony-michael\" title=\"Auteur : Anthony Michael\">Anthony Michael<\/a><\/strong>\r\n                  <p><strong>Article \u00e9valu\u00e9 par <a href=\"\/fr\/a-propos-de-nous\/experts\/jil-mcintosh\" title=\"Experte : Jil McIntosh\">Jil McIntosh<\/a><\/strong><\/p\r\n                  <p><\/p>\r\n                  <p class=\"pb-4\" style=\"margin-top:-24px\">Mis \u00e0 jour le 10 avril 2026<\/p>\r\n              <\/div>\r\n          <\/div>\r\n\r\n          <div class=\"row\">\r\n              <div class=\"col-lg-8\">\r\n\r\n                  <p class=\"display-4\">Au Qu\u00e9bec, le radar photographique sert \u00e0 d\u00e9tecter les exc\u00e8s de vitesse ou le manque de respecter un feu rouge. Les appareils de radar photo sont install\u00e9s \u00e0 des endroits cibl\u00e9s afin d\u2019am\u00e9liorer la s\u00e9curit\u00e9 sur les routes.<\/p>\r\n\r\n                  <p class=\"display-4\">Dans cet article, nous examinerons le fonctionnement des appareils de radar photo et de surveillance aux feux rouges au Qu\u00e9bec, l\u2019envoi des constats d\u2019infraction, le r\u00e8glement des amendes et la fa\u00e7on dont les contraventions d\u2019exc\u00e8s de vitesse influencent votre police d\u2019assurance auto.<\/p>\r\n\r\n                  <p class=\"pt-2\"><img loading=\"lazy\" decoding=\"async\" src=\"https:\/\/cdn.squareone.ca\/wp-content\/uploads\/2024\/09\/19150047\/photo-radar-in-quebec.jpg\" title=\"Radar photo au Qu\u00e9bec\" alt=\"Panneau jaune affichant une limite de vitesse de 25 km\/h et un avertissement de dos d\u2019\u00e2ne\" width=\"248\" height=\"165\" class=\"img-fluid\" rel=\"noopener noreferrer\"><\/p>\r\n              <\/div>\r\n\r\n              <div class=\"col-lg-3 offset-lg-1\">\r\n\r\n                  <p class=\"mb-2 display-4 pt-4 pt-lg-0 pt-mb-0\"><strong>Th\u00e8mes<\/strong><\/p>\r\n\r\n                  <ul class=\"list-unstyled link-list display-4\">\r\n                    <li><a href='#types-of-photo-radar'>Types de radar photo<\/a><\/li>\r\n                    <li><a href=\"#how-it-works\">Fonctionnement du radar photo<\/a><\/li>\r\n                    <li><a href=\"#if-you-get-a-ticket\">Constats d\u2019infraction<\/a><\/li>\r\n                    <li><a href=\"#fines\">Amendes<\/a><\/li>\r\n                    <li><a href=\"#common-questions\">Questions fr\u00e9quemment pos\u00e9es<\/a><\/li>\r\n                  <\/ul>\r\n\r\n              <\/div>\r\n          <\/div>  \r\n      <\/div>\r\n  <\/div>\r\n  <div class=\"bg-bottom\"><\/div>\r\n<\/section>\r\n\r\n<section>\r\n<div class=\"container-fluid py-6\">\r\n    <div class=\"row\">\r\n        <div class=\"col-12 col-lg-8\">\r\n\r\n              <div class=\"row pb-6\">\r\n                    <div class=\"col-12\">\r\n                        <div class=\"card review\" style='background-color:#FFE0C9'>\r\n                            <div class=\"card-body\">\r\n                                <p class=\"h3\">L\u2019essentiel<\/p>\r\n                                <ul class='mb-0'>\r\n                                  <li>Le radar photo est un syst\u00e8me de d\u00e9tection install\u00e9 \u00e0 des endroits cibl\u00e9s qui enregistre automatiquement la vitesse des v\u00e9hicules ou surveille les feux rouges.<\/li>\r\n                                  <li>Les propri\u00e9taires de v\u00e9hicule qui re\u00e7oivent un constat d\u2019infraction peuvent r\u00e9gler l\u2019amende ou contester l\u2019infraction.<\/li>\r\n                                  <li>Les constats d\u2019infraction issus du radar photo ne donnent pas lieu \u00e0 des points d\u2019inaptitude ni \u00e0 des hausses des primes d\u2019assurance auto.<\/li>\r\n                                <\/ul>\r\n                            <\/div>\r\n                        <\/div>\r\n                    <\/div>\r\n                <\/div>\r\n\r\n        <h2 id=\"types-of-photo-radar\">Types de radar photo<\/h2>\r\n\r\n          <p>Au Qu\u00e9bec, il y a trois types de radar photo\u00a0:<\/p>\r\n\r\n          <ul>\r\n            <li>Le radar photo fixe<\/li>\r\n            <li>Le radar photo mobile<\/li>\r\n            <li>L\u2019appareil de surveillance aux feux rouges<\/li>\r\n          <\/ul>\r\n\r\n          <p>Le radar photo fixe est install\u00e9 en bordure des chemins publics pour mesurer la vitesse des v\u00e9hicules. Un appareil prend des photos des v\u00e9hicules exc\u00e9dant la limite de vitesse.<\/p>\r\n\r\n          <img decoding=\"async\" src=\"https:\/\/cdn.squareone.ca\/wp-content\/uploads\/2024\/09\/19144825\/stationary-photo-radar.png\" title=\"Appareil de radar photo fixe au Qu\u00e9bec\" alt=\"Un appareil de radar photo fixe au bord d\u2019une autoroute au Qu\u00e9bec\" class=\"img-fluid pb-6\" loading=\"lazy\" \/>\r\n\r\n          <p>Le radar photo mobile peut \u00eatre d\u00e9plac\u00e9 d\u2019un site \u00e0 un autre. L\u2019appareil photo est mont\u00e9 sur une fourgonnette, une remorque ou un tr\u00e9pied situ\u00e9 au bord de la route.<\/p>\r\n\r\n          <img decoding=\"async\" src=\"https:\/\/cdn.squareone.ca\/wp-content\/uploads\/2024\/09\/19144823\/mobile-photo-radar.png\" title=\"Appareil de radar photo mobile au Qu\u00e9bec\" alt=\"Un appareil de radar photo mobile au bord d\u2019une autoroute au Qu\u00e9bec\" class=\"img-fluid\" loading=\"lazy\" \/>\r\n          <div class=\"mb-3\">  \r\n            <small><a href=\"https:\/\/www.quebec.ca\/transports\/circulation-securite-routiere\/radars-photo\/a-propos\" title=\"\u00c0 propos des radars photo\" rel=\"noopener noreferrer\" target=\"_blank\">Source<\/a><\/small>\r\n          <\/div>\r\n\r\n          <p>L\u2019appareil de surveillance aux feux rouges est install\u00e9 \u00e0 une intersection munie de feux de circulation afin de prendre des photos des v\u00e9hicules qui ne respectent pas les feux rouges. Si la fonction du contr\u00f4le de la vitesse est activ\u00e9e sur l\u2019appareil, les v\u00e9hicules qui exc\u00e8dent la limite de vitesse permise seront \u00e9galement pris en photo.<\/p>\r\n\r\n          <img decoding=\"async\" src=\"https:\/\/cdn.squareone.ca\/wp-content\/uploads\/2024\/09\/19144824\/red-light-camera.png\" title=\"Appareil de surveillance aux feux rouges au Qu\u00e9bec\" alt=\"Un appareil de surveillance aux feux rouges install\u00e9 sur le terre-plein central d\u2019un chemin avec un immeuble bas au fond\" class=\"img-fluid pb-6\" loading=\"lazy\" \/>\r\n\r\n          <p>Le radar photo a pour objectif d\u2019am\u00e9liorer la s\u00e9curit\u00e9 routi\u00e8re. Puisque leur pr\u00e9sence est signal\u00e9e \u00e0 l\u2019avance, les conducteurs tendent \u00e0 modifier leur comportement au volant. Au Qu\u00e9bec, les statistiques d\u00e9montrent une r\u00e9duction du nombre d\u2019accidents aux endroits o\u00f9 le radar photo est install\u00e9\u00a0:<\/p>\r\n\r\n          <ul>\r\n            <li>Une r\u00e9duction de 29\u00a0% pour le radar photo fixe<\/li>\r\n            <li>Une r\u00e9duction de 28\u00a0% pour les appareils de surveillance aux feux rouges<\/li>\r\n            <li>Une r\u00e9duction de 12\u00a0% pour le radar photo mobile<sup><a href=\"#cite1\">1<\/a><\/sup><\/li>\r\n          <\/ul>\r\n\r\n        <h2 id=\"how-it-works\">Fonctionnement du radar photo<\/h2>\r\n\r\n          <p>Lorsque le radar photo d\u00e9tecte un exc\u00e8s de vitesse ou un passage \u00e0 un feu rouge, l\u2019appareil prend des photos du v\u00e9hicule ainsi que de sa plaque d\u2019immatriculation. Les photos sont crypt\u00e9es pour assurer la confidentialit\u00e9. L\u2019appareil enregistre \u00e9galement l\u2019heure, la date et le lieu de l\u2019infraction, la vitesse du v\u00e9hicule et la couleur du feu de signalisation.<\/p>\r\n\r\n          <p>Dans le but de prot\u00e9ger la confidentialit\u00e9 du conducteur et des passagers, l\u2019habitacle du v\u00e9hicule est masqu\u00e9 sur la photographie.<\/p>\r\n\r\n          <p>Les photos sont envoy\u00e9es au Centre de traitement de la preuve (CTP), qui est sous la responsabilit\u00e9 de la S\u00fbret\u00e9 du Qu\u00e9bec. Chaque photo y est analys\u00e9e par un agent de la paix qui v\u00e9rifie s\u2019il y a eu infraction. Si la faute est confirm\u00e9e, le contrevenant ou la contrevenante recevra un avis d\u2019infraction et une amende par la poste.<\/p>\r\n\r\n          <div class=\"row\">\r\n            <div class=\"col-12\">\r\n              <div class=\"card review\" style='background-color:#FFE0C9'>\r\n                <div class=\"card-body\">\r\n                  <p><strong>Important<\/strong>\u00a0: Aucun avis d\u2019infraction concernant le radar photo n\u2019est envoy\u00e9 par courriel. Veuillez ignorer tout courriel vous incitant \u00e0 payer une amende en ligne.<\/p>\r\n                <\/div>\r\n              <\/div>\r\n            <\/div>\r\n          <\/div>      \r\n\r\n      <\/div>\r\n        <\/div>\r\n    <\/div>\r\n<\/section>\r\n\r\n\t<section class=\"bg-transparent\">\n\t\t<img decoding=\"async\" src=\"\/sales\/images\/bgs\/bg-mid-page-cta-general-top.svg\" style=\"width: 100%; vertical-align: bottom; position: relative; top: 1px\"\/>\n\t\t\n\t\t<div class=\"bg-darkTeal py-3\">\t\t\t\n\t\t\t<div class=\"container-fluid\">\n\t\t\t\t<div class=\"row d-flex align-items-center pb-5\">\n\t\t\t\t\t<div class=\"col-12 col-md-8 offset-md-2 px-lg-5 pb-5 pb-lg-0\">\n\t\t\t\t\t\t<div class=\"h6 mb-4 text-primary text-uppercase text-center\">\n\t\t\t\t\t\t\tCela ne prend que 5\u00a0minutes \n\t\t\t\t\t\t<\/div>\t\t\n\t\t\t\t\t\t\t\t\t\t\t\n\t\t\t\t\t\t<p class=\"lead px-lg-5 text-white\">\n\t\t\t\t\t\t\t<strong class=\"d-inline-block text-uc-first\">Pr\u00eat \u00e0 obtenir une soumission en ligne? <\/strong> Votre temps est aussi pr\u00e9cieux que vos possessions. Obtenez une soumission d'assurance habitation en <strong>5 minutes<\/strong>. C\u2019est moins de temps qu\u2019il n\u2019en faut pour faire la file pour un caf\u00e9.\n\t\t\t\t\t\t<\/p>\t\t\t\n\t\n\t\t\t\t\t\t<div id=\"sq1-qw-9b48ae7f55a3\" class=\"sq1-quote-widget mb-4 text-white\" data-quote-widget-type=\"HOME\" data-has-custom-text=\"true\">\n\t\t\t\t\t\t\t<div class=\"input-group input-group-focus-within bg-white my-4\">\n\t\t\t\t\t\t\t\t<div>\n\t\t\t\t\t\t\t\t\t<div class=\"input-group-text\">\n\t\t\t\t\t\t\t\t\t\t<i class=\"fa fa-map-marker d-block text-black\"><\/i>\n\t\t\t\t\t\t\t\t\t<\/div>\n\t\t\t\t\t\t\t\t<\/div>\n\t\t\t\t\t\t\t\t<input type=\"text\" class=\"form-control\" style=\"padding: 10px;\" placeholder=\"Enter an address\" aria-label=\"Inscrivez votre adresse pour obtenir une soumission\"\/>\n\t\t\t\t\t\t\t\t<div>\n\t\t\t\t\t\t\t\t\t<button class=\"btn btn-primary\">Obtenir une soumission en ligne d\u00e8s maintenant<\/button>\n\t\t\t\t\t\t\t\t<\/div>\n\t\t\t\t\t\t\t<\/div>\n\t\t\t\t\t\t<\/div>\n\t\t\t\t\t\t\n\t\t\t\t\t\t<p class=\"small text-white\">Avant de commencer, veuillez lire notre <a href=\"https:\/\/www.squareone.ca\/fr\/politique-confidentialite\" target=\"_blank\" rel=\"noreferrer noopener\">Politique de confidentialit\u00e9<\/a> et nos <a href=\"https:\/\/www.squareone.ca\/fr\/conditions-utilisation\" target=\"_blank\" rel=\"noreferrer noopener\">Conditions d\u2019utilisation<\/a>.<\/p>\t\n\t\n\t\t\t\t\t\t<script type=\"text\/javascript\">\n\t\t\t\t\t\t(function() {\n\t\t\t\t\t\t\tdocument.addEventListener('soiMiscJsLoaded', function() {\n\t\t\t\t\t\t        $(document).ready(function() {\n\t\t\t\t\t\t\t\t\tsoiQuoteWidget.processFormWidget('\/sales\/index.php\/json_quote_widget?rand=' +Math.random(), 'qwContainer'); \/\/populate quoting widget with content from symfony.\n\t\t\t\t\t\t\t\t});\n\t\t\t\t\t\t\t});\n\t\t\t\t\t\t})();\n\t\t\t\t\t\t<\/script>\n\t\t\t\t\t<\/div>\n\t\t\t\t<\/div>\n\t\t\t<\/div>\n\t\t<\/div>\n\t\t\n\t\t<img decoding=\"async\" src=\"\/sales\/images\/bgs\/bg-mid-page-cta-general-bottom.svg\" style=\"width: 100%; vertical-align: top\"\/>\t\t\n\t<\/section>\r\n\r\n<section>\r\n    <div class=\"container-fluid py-6\">\r\n        <div class=\"row\">\r\n            <div class=\"col-12 col-lg-8\">\r\n\r\n        <h2 id=\"if-you-get-a-ticket\">R\u00e9ception d\u2019un constat d\u2019infraction<\/h2>\r\n\r\n          <p>Lorsque vous recevez un constat d\u2019infraction, vous devez transmettre un plaidoyer de culpabilit\u00e9 ou de non-culpabilit\u00e9 dans un d\u00e9lai de 30 jours. Si vous enregistrez une reconnaissance de culpabilit\u00e9, vous payez l\u2019amende selon l\u2019\u00e9ch\u00e9ancier indiqu\u00e9 sur le constat d\u2019infraction et le dossier sera alors ferm\u00e9. Si vous voulez contester l\u2019infraction, vous pouvez transmettre une r\u00e9ponse \u00e0 l\u2019accusation. L&rsquo;infraction fera l&rsquo;objet d&rsquo;un proc\u00e8s, et vous recevrez une convocation vous indiquant la date et le lieu o\u00f9 vous devrez vous pr\u00e9senter.<\/p>\r\n\r\n          <p>M\u00eame si vous plaidez coupable pour un exc\u00e8s de vitesse ou un passage \u00e0 un feu rouge, vous ne recevrez pas de points d\u2019inaptitude et cela n&rsquo;aura aucune incidence sur votre <a href=\"\/fr\/auto\" title=\"Assurance auto en ligne\">assurance auto<\/a>, car le radar photo identifie le v\u00e9hicule, mais pas le conducteur.<\/p>\r\n\r\n        <h2 id=\"fines\">Amendes<\/h2>\r\n\r\n          <p>Au Qu\u00e9bec, les amendes pour exc\u00e8s de vitesse varient selon la gravit\u00e9 de l\u2019infraction. Les amendes pour exc\u00e8s de vitesse commencent \u00e0 30\u00a0$, avec des frais suppl\u00e9mentaires selon l&rsquo;importance du d\u00e9passement de la vitesse autoris\u00e9e. <sup><a href=\"#cite2\">2<\/a><\/sup> Voici comment les amendes sont calcul\u00e9es\u00a0:<\/p>\r\n\r\n          <ul>\r\n            <li>Exc\u00e8s de vitesse de 1 \u00e0 20\u00a0km\/h\u00a0: 10\u00a0$ pour chaque 5\u00a0km\/h<\/li>\r\n            <li>Exc\u00e8s de vitesse de 21 \u00e0 30\u00a0km\/h\u00a0: 15\u00a0$ pour chaque 5\u00a0km\/h<\/li>\r\n            <li>Exc\u00e8s de vitesse de 31 \u00e0 45\u00a0km\/h\u00a0: 20\u00a0$ pour chaque 5\u00a0km\/h<\/li>\r\n            <li>Exc\u00e8s de vitesse de 46 \u00e0 60\u00a0km\/h\u00a0: 25\u00a0$ pour chaque 5\u00a0km\/h<\/li>\r\n            <li>Exc\u00e8s de vitesse de 61\u00a0km\/h ou plus\u00a0: 30\u00a0$ pour chaque 5\u00a0km\/h<\/li>\r\n          <\/ul>\r\n\r\n          <p>Les amendes peuvent \u00e9galement \u00eatre doubl\u00e9es dans certaines zones, telles que les zones scolaires ou les chantiers, ou si vous roulez \u00e0 une vitesse nettement sup\u00e9rieure \u00e0 la limite autoris\u00e9e.<\/p>\r\n\r\n          <p>Vous devez \u00e9galement payer les frais juridiques et la contribution exig\u00e9e. La contribution est un montant destin\u00e9 au Fonds d&rsquo;aide aux victimes d&rsquo;actes criminels et au Fonds Acc\u00e8s Justice.<\/p>\r\n\r\n        <h2 id=\"common-questions\">Questions fr\u00e9quemment pos\u00e9es<\/h2>\r\n\r\n          <h3>Un constat d\u2019infraction issu du radar photo touchera-t-il ma prime d\u2019assurance?<\/h3>\r\n\r\n          <p>Non. Une infraction d\u00e9tect\u00e9e par le radar photo n\u2019influencera pas votre <a href=\"\/fr\/centres-ressources\/lexique-assurance\/prime\" title=\"D\u00e9finition : prime\">prime<\/a>, car l\u2019appareil n\u2019identifie pas la personne au volant au moment de l\u2019infraction. Dans le m\u00eame ordre d\u2019id\u00e9es, vous ne cumuleriez aucun point d\u2019inaptitude.<\/p>\r\n\r\n          <p>Pourtant, si l\u2019infraction est d\u00e9livr\u00e9e par un agent de la paix, votre prime sera touch\u00e9e et vous risquez de cumuler des points d\u2019inaptitude, en fonction de la gravit\u00e9 de l\u2019infraction. Effectivement, un agent de la paix identifie avec certitude le conducteur coupable d\u2019un exc\u00e8s de vitesse ou d\u2019avoir br\u00fbl\u00e9 un feu rouge.<\/p>\r\n\r\n          <h3>Que se passe-t-il si un autre conducteur \u00e9tait au volant de mon auto au moment de l\u2019infraction du radar photo?<\/h3>\r\n\r\n          <p>\u00c0 partir du 1<sup>er<\/sup>juillet\u00a02024 au Qu\u00e9bec, il n\u2019est plus possible d\u2019identifier un conducteur autre que le propri\u00e9taire au moment o\u00f9 l\u2019infraction a \u00e9t\u00e9 constat\u00e9e. Le propri\u00e9taire demeure donc responsable de l\u2019infraction, peu importe qui \u00e9tait au volant. <sup><a href=\"#cite3\">3<\/a><\/sup><\/p>\r\n\r\n          <h3>Le radar photo ne constitue-t-il pas un moyen de renflouer les caisses de l\u2019\u00c9tat?<\/h3>\r\n\r\n          <p>Non. Au Qu\u00e9bec, les amendes et les frais d\u00e9coulant des infractions d\u00e9tect\u00e9es par les radars photo sont port\u00e9s au cr\u00e9dit du Fonds de la s\u00e9curit\u00e9 routi\u00e8re. Ces sommes ne peuvent \u00eatre affect\u00e9es qu\u2019au financement de mesures ou de programmes de s\u00e9curit\u00e9 routi\u00e8re et d\u2019aide aux victimes de la route. <sup><a href=\"#cite1\">1<\/a><\/sup><\/p>                 \r\n\r\n                <p><strong>Sources<\/strong><\/p>\r\n                <ol type=\"1\">\r\n                  <li id=\"cite1\">Gouvernement du Qu\u00e9bec. \u00ab\u00a0\u00c0 propos des radars photo\u00a0\u00a0\u00bb. <i>quebec.ca<\/i>, 6\u00a0sept\u00a02024, <a href=\"https:\/\/www.quebec.ca\/transports\/circulation-securite-routiere\/radars-photo\/a-propos\" title=\"\u00c0 propos des radars photo\" rel=\"noopener noreferrer\" target=\"_blank\">www.quebec.ca\/transports\/circulation-securite-routiere\/radars-photo\/a-propos<\/a>.<\/li>\r\n                  <li id=\"cite2\">Soci\u00e9t\u00e9 de l\u2019assurance automobile du Qu\u00e9bec. \u00ab\u00a0Exc\u00e8s de vitesse\u00a0: Amendes et points d\u2019inaptitude\u00a0\u00bb. <i>saaq.gouv.qc.ca<\/i>, <a href=\"https:\/\/saaq.gouv.qc.ca\/blob\/saaq\/documents\/publications\/exces-vitesse-amendes-points-inaptitude.pdf\" title=\"Amendes et points d\u2019inaptitude\" rel=\"noopener noreferrer\" target=\"_blank\">saaq.gouv.qc.ca\/blob\/saaq\/documents\/publications\/exces-vitesse-amendes-points-inaptitude.pdf<\/a>.<\/li>\r\n                  <li id=\"cite3\">Gouvernement du Qu\u00e9bec. \u00ab\u00a0Payer une amende\u00a0\u00bb. <i>quebec.ca<\/i>, 28\u00a0juin\u00a02024, <a href=\"https:\/\/www.quebec.ca\/justice-et-etat-civil\/infractions-et-amendes\/paiement-amende\" title=\"Payer une amende\" rel=\"noopener noreferrer\" target=\"_blank\">www.quebec.ca\/justice-et-etat-civil\/infractions-et-amendes\/paiement-amende<\/a>.<\/li>\r\n                <\/ol>\r\n\r\n          <strong>Vous voulez en savoir plus?<\/strong> Consultez notre <a title=\"Centre de ressources pour les propri\u00e9taires de v\u00e9hicule\" href=\"https:\/\/www.squareone.ca\/fr\/centres-ressources\/proprietaire-vehicule\">centre de ressources pour les propri\u00e9taires de v\u00e9hicule<\/a> pour des articles pratiques. Vous pouvez \u00e9galement obtenir une <a title=\"Obtenir une soumission d'assurance auto en ligne\" href=\"https:\/\/www.squareone.ca\/car\">soumission d'assurance auto en ligne<\/a> en moins de 5&nbsp;minutes et d\u00e9couvrir jusqu'\u00e0 quel point la couverture personnalis\u00e9e peut \u00eatre abordable.\r\n\r\n          <div class=\"row py-3\">\r\n    <div class=\"col-12\">\r\n        <div class=\"card review\" style=\"background-color:#f0f0f2\">\r\n            <div class=\"card-body\">\r\n                <p class=\"text-primary h4\">\u00c0 propos de l'experte&nbsp;: Jil McIntosh<\/p>\r\n                <p>Jil McIntosh \u00e9crit au sujet des autos depuis belle lurette. Ses articles couvrent une vaste gamme de th\u00e8mes, comme les \u00e9valuations d\u2019autos neuves, l\u2019histoire automobile, la technologie v\u00e9hicule, les nouvelles sur l\u2019industrie. En outre, elle r\u00e9dige des articles pour des publications, comme Driving.ca, AutoTrader.ca, Automotive News Canada, Old Autos, Toronto Star Wheels et autres. Membre de l\u2019Association des journalistes automobile du Canada (AJAC), elle a gagn\u00e9 de nombreux prix, notamment journaliste automobile de l\u2019ann\u00e9e.<\/p>\r\n            <\/div>\r\n        <\/div>\r\n    <\/div>\r\n<\/div>\r\n\r\n      <\/div>\r\n        <\/div>\r\n    <\/div>\r\n<\/section>\r\n<script type=\"application\/ld+json\">\r\n{\r\n  \"@context\": \"https:\/\/schema.org\",\r\n  \"@graph\": [\r\n    {\r\n      \"@type\": [\"WebPage\", \"Article\"],\r\n      \"@id\": \"https:\/\/www.squareone.ca\/fr\/centres-ressources\/proprietaire-vehicule\/radar-photo-quebec\",\r\n      \"url\": \"https:\/\/www.squareone.ca\/fr\/centres-ressources\/proprietaire-vehicule\/radar-photo-quebec\",\r\n      \"inLanguage\": \"fr-CA\",\r\n      \"isAccessibleForFree\": true,\r\n      \"headline\": \"Radar photo au Qu\u00e9bec\",\r\n      \"description\": \"Dans cet article, nous examinerons le fonctionnement des appareils de radar photo et de surveillance aux feux rouges au Qu\u00e9bec, l\u2019envoi des constats d\u2019infraction, le r\u00e8glement des amendes et la fa\u00e7on dont les contraventions d\u2019exc\u00e8s de vitesse influencent votre police d\u2019assurance auto.\",\r\n      \"publisher\": {\r\n        \"@id\": \"https:\/\/www.squareone.ca\/fr\/\"\r\n      },\r\n      \"author\": {\r\n        \"@id\": \"#anthony-michael\"\r\n      },\r\n      \"reviewedBy\": {\r\n        \"@id\": \"https:\/\/www.squareone.ca\/fr\/a-propos-de-nous\/experts#jil-mcintosh\"\r\n      },\r\n      \"citation\": [\r\n        {\r\n          \"@type\": \"CreativeWork\",\r\n          \"name\": \"\u00c0 propos des radars photo. Gouvernement du Qu\u00e9bec.\",\r\n          \"url\": \"https:\/\/www.quebec.ca\/transports\/circulation-securite-routiere\/radars-photo\/a-propos\"\r\n        },\r\n        {\r\n          \"@type\": \"CreativeWork\",\r\n          \"name\": \"Exc\u00e8s de vitesse : Amendes et points d\u2019inaptitude. Soci\u00e9t\u00e9 de l\u2019assurance automobile du Qu\u00e9bec.\",\r\n          \"url\": \"https:\/\/saaq.gouv.qc.ca\/blob\/saaq\/documents\/publications\/exces-vitesse-amendes-points-inaptitude.pdf\"\r\n        },\r\n        {\r\n          \"@type\": \"CreativeWork\",\r\n          \"name\": \"Payer une amende. Gouvernement du Qu\u00e9bec.\",\r\n          \"url\": \"https:\/\/www.quebec.ca\/justice-et-etat-civil\/infractions-et-amendes\/paiement-amende\"\r\n        }\r\n      ]\r\n    },\r\n    {\r\n      \"@type\": \"InsuranceAgency\",\r\n      \"@id\": \"https:\/\/www.squareone.ca\/fr\/\",\r\n      \"name\": \"Assurances Square One\",\r\n      \"url\": \"https:\/\/www.squareone.ca\/fr\/\",\r\n      \"logo\": \"https:\/\/cdn.squareone.ca\/wp-content\/uploads\/2021\/04\/09094743\/square-one-logomark-default-md-1.png\",\r\n      \"address\": {\r\n        \"@type\": \"PostalAddress\",\r\n        \"streetAddress\": \"1410-650 W Georgia St\",\r\n        \"addressLocality\": \"Vancouver\",\r\n        \"addressRegion\": \"BC\",\r\n        \"postalCode\": \"V6B 4N8\",\r\n        \"addressCountry\": \"CA\"\r\n      },\r\n      \"telephone\": \"+1-855-331-6933\",\r\n      \"areaServed\": [\"BC\", \"AB\", \"SK\", \"MB\", \"ON\", \"QC\"],\r\n      \"feesAndCommissionsSpecification\": \"https:\/\/www.squareone.ca\/fr\/transparence\"\r\n    },\r\n    {\r\n      \"@type\": \"Person\",\r\n      \"@id\": \"#anthony-michael\",\r\n      \"name\": \"Anthony Michael\",\r\n      \"url\": \"https:\/\/www.squareone.ca\/fr\/a-propos-de-nous\/contributeurs#anthony-michael\",\r\n      \"description\": \"Anthony poss\u00e8de plus de 25\u00a0ans d\u2019exp\u00e9rience dans le domaine de la traduction, principalement sur le march\u00e9 du Qu\u00e9bec. Il fait des recherches et r\u00e9dige et traduit des articles originaux pour les centres de ressources de l\u2019assurance habitation et auto de Square One. \",\r\n      \"jobTitle\": \"Sp\u00e9cialiste de contenu de marketing\",\r\n      \"worksFor\": {\r\n        \"@id\": \"https:\/\/www.squareone.ca\/fr\/\"\r\n      },\r\n      \"alumniOf\": [\r\n        {\r\n          \"@type\": \"CollegeOrUniversity\",\r\n          \"name\": \"Carleton University\"\r\n        },\r\n        {\r\n          \"@type\": \"CollegeOrUniversity\",\r\n          \"name\": \"York University\"\r\n        }\r\n      ],\r\n      \"hasCredential\": {\r\n        \"@type\": \"EducationalOccupationalCredential\",\r\n        \"name\": \"Certificat en assurance de dommages de la C.-B., niveau 1\"\r\n      },\r\n      \"knowsAbout\": [\r\n        \"Traduction\",\r\n        \"R\u00e9daction technique\",\r\n        \"March\u00e9 du Qu\u00e9bec\",\r\n        \"Assurance\"\r\n      ],\r\n      \"sameAs\": [\r\n        \"https:\/\/www.linkedin.com\/in\/anthony-michael-48534436\/\"\r\n      ]\r\n    },\r\n    {\r\n      \"@type\": \"Person\",\r\n      \"@id\": \"https:\/\/www.squareone.ca\/fr\/a-propos-de-nous\/experts#jil-mcintosh\",\r\n      \"name\": \"Jil McIntosh\",\r\n      \"url\": \"https:\/\/www.squareone.ca\/fr\/a-propos-de-nous\/experts#automotive\",\r\n      \"description\": \"Jil McIntosh \u00e9crit des articles sur les automobiles depuis des ann\u00e9es, y compris des \u00e9valuations des nouvelles autos, l\u2019histoire automobile, la technologie automobile et les derni\u00e8res nouvelles du secteur. Membre de l\u2019Association des journalistes automobile du Canada (AJAC), elle a gagn\u00e9 de nombreux prix, notamment journaliste automobile de l\u2019ann\u00e9e.\",\r\n      \"jobTitle\": \"R\u00e9dacteur automobile\",\r\n      \"knowsAbout\": [\r\n        \"\u00c9valuations automobiles\",\r\n        \"Histoire automobiles\",\r\n        \"Technologie automobile\",\r\n        \"Nouvelles du secteur automobile\"\r\n      ]\r\n    },\r\n    {\r\n      \"@type\": \"FAQPage\",\r\n      \"mainEntity\": [\r\n        {\r\n          \"@type\": \"Question\",\r\n          \"name\": \"Un constat d\u2019infraction issu du radar photo touchera-t-il ma prime d\u2019assurance?\",\r\n          \"acceptedAnswer\": {\r\n            \"@type\": \"Answer\",\r\n            \"text\": \"Non. Une infraction d\u00e9tect\u00e9e par le radar photo n\u2019influencera pas votre prime, car l\u2019appareil n\u2019identifie pas la personne au volant au moment de l\u2019infraction. Dans le m\u00eame ordre d\u2019id\u00e9es, vous ne cumuleriez aucun point d\u2019inaptitude. Pourtant, si l\u2019infraction est d\u00e9livr\u00e9e par un agent de la paix, votre prime sera touch\u00e9e et vous risquez de cumuler des points d\u2019inaptitude, en fonction de la gravit\u00e9 de l\u2019infraction. Effectivement, un agent de la paix identifie avec certitude le conducteur coupable d\u2019un exc\u00e8s de vitesse ou d\u2019avoir br\u00fbl\u00e9 un feu rouge.\"\r\n          }\r\n        },\r\n        {\r\n          \"@type\": \"Question\",\r\n          \"name\": \"Que se passe-t-il si un autre conducteur \u00e9tait au volant de mon auto au moment de l\u2019infraction du radar photo?\",\r\n          \"acceptedAnswer\": {\r\n            \"@type\": \"Answer\",\r\n            \"text\": \"\u00c0 partir du 1<sup>er<\/sup>juillet\u00a02024 au Qu\u00e9bec, il n\u2019est plus possible d\u2019identifier un conducteur autre que le propri\u00e9taire au moment o\u00f9 l\u2019infraction a \u00e9t\u00e9 constat\u00e9e. Le propri\u00e9taire demeure donc responsable de l\u2019infraction, peu importe qui \u00e9tait au volant.\"\r\n          }\r\n        },\r\n        {\r\n          \"@type\": \"Question\",\r\n          \"name\": \"Le radar photo ne constitue-t-il pas un moyen de renflouer les caisses de l\u2019\u00c9tat?\",\r\n          \"acceptedAnswer\": {\r\n            \"@type\": \"Answer\",\r\n            \"text\": \"Non. Au Qu\u00e9bec, les amendes et les frais d\u00e9coulant des infractions d\u00e9tect\u00e9es par les radars photo sont port\u00e9s au cr\u00e9dit du Fonds de la s\u00e9curit\u00e9 routi\u00e8re. Ces sommes ne peuvent \u00eatre affect\u00e9es qu\u2019au financement de mesures ou de programmes de s\u00e9curit\u00e9 routi\u00e8re et d\u2019aide aux victimes de la route.\"\r\n          }\r\n        }\r\n      ]\r\n    }\r\n  ]\r\n}\r\n<\/script>\r\n","protected":false},"excerpt":{"rendered":"<p>Le radar photo au Qu\u00e9bec Article \u00e9valu\u00e9 par Jil McIntosh<\/p>\n","protected":false},"author":20,"featured_media":73210,"parent":73111,"menu_order":0,"comment_status":"closed","ping_status":"closed","template":"page-article-new.php","meta":{"_acf_changed":false,"footnotes":""},"class_list":["post-73235","page","type-page","status-publish","has-post-thumbnail","hentry"],"acf":[],"_links":{"self":[{"href":"https:\/\/www.squareone.ca\/fr\/wp-json\/wp\/v2\/pages\/73235","targetHints":{"allow":["GET"]}}],"collection":[{"href":"https:\/\/www.squareone.ca\/fr\/wp-json\/wp\/v2\/pages"}],"about":[{"href":"https:\/\/www.squareone.ca\/fr\/wp-json\/wp\/v2\/types\/page"}],"author":[{"embeddable":true,"href":"https:\/\/www.squareone.ca\/fr\/wp-json\/wp\/v2\/users\/20"}],"replies":[{"embeddable":true,"href":"https:\/\/www.squareone.ca\/fr\/wp-json\/wp\/v2\/comments?post=73235"}],"version-history":[{"count":11,"href":"https:\/\/www.squareone.ca\/fr\/wp-json\/wp\/v2\/pages\/73235\/revisions"}],"predecessor-version":[{"id":78947,"href":"https:\/\/www.squareone.ca\/fr\/wp-json\/wp\/v2\/pages\/73235\/revisions\/78947"}],"up":[{"embeddable":true,"href":"https:\/\/www.squareone.ca\/fr\/wp-json\/wp\/v2\/pages\/73111"}],"wp:featuredmedia":[{"embeddable":true,"href":"https:\/\/www.squareone.ca\/fr\/wp-json\/wp\/v2\/media\/73210"}],"wp:attachment":[{"href":"https:\/\/www.squareone.ca\/fr\/wp-json\/wp\/v2\/media?parent=73235"}],"curies":[{"name":"wp","href":"https:\/\/api.w.org\/{rel}","templated":true}]}}