{"id":73582,"date":"2024-10-23T08:09:40","date_gmt":"2024-10-23T15:09:40","guid":{"rendered":"https:\/\/www.squareone.ca\/centres-ressources\/assurance-auto\/faq-27a"},"modified":"2025-11-28T15:51:16","modified_gmt":"2025-11-28T23:51:16","slug":"faq-27a","status":"publish","type":"page","link":"https:\/\/www.squareone.ca\/fr\/centres-ressources\/assurance-auto\/faq-27a","title":{"rendered":"Couverture pour v\u00e9hicule de location au Qu\u00e9bec"},"content":{"rendered":"<section id='intro' class=\"bg-shape-split bg-sub-page-hero\">\r\n\t<div class=\"bg-position\">\r\n\t    <div class=\"container-fluid\">\r\n\t        <div class=\"row align-items-center\">\r\n\t            <div class=\"col-12 col-lg-8\">\r\n\t                <h1>Couverture pour v\u00e9hicule de location au Qu\u00e9bec\u00a0: F.A.Q. N<sup>o<\/sup> 27a<\/h1> \r\n\t                <strong>Article r\u00e9dig\u00e9 par <a href=\"\/fr\/a-propos-de-nous\/contributeurs#anthony-michael\" title=\"Auteur : Anthony Michael\">Anthony Michael<\/a><\/strong>\r\n\t                <p class=\"pb-3\"><strong>Article \u00e9valu\u00e9 par <a href=\"\/fr\/a-propos-de-nous\/experts\/daniel-mirkovic\" title=\"Expert : Daniel Mirkovic\">Daniel Mirkovic<\/a><\/strong><\/p> \r\n\t                <p class=\"pb-4\" style=\"margin-top:-24px\">Mis \u00e0 jour le 16 octobre 2024<\/p>\r\n\t            <\/div>\r\n\t        <\/div>\r\n\r\n\t        <div class=\"row\">\r\n\t            <div class=\"col-lg-8\">\r\n\r\n\t                <p class=\"display-4\">Cela vous semble-t-il familier? Vous louez un v\u00e9hicule pour les vacances et l\u2019agent vous demande si vous voulez assurer l\u2019auto de location. Pourtant, votre police d\u2019assurance auto ne couvre-t-elle pas les v\u00e9hicules de location? Pas forc\u00e9ment.<\/p>\r\n\r\n\t                <p class=\"display-4\">Au Qu\u00e9bec, vous pouvez souscrire l\u2019avenant F.A.Q.\u00a0N<sup>o<\/sup>\u00a027a dans le cadre de votre police d\u2019assurance auto afin de prolonger votre couverture \u00e0 des v\u00e9hicules dont vous n\u2019\u00eates pas le propri\u00e9taire, comme une auto de location.<\/p> \r\n\r\n\t                <p class=\"display-4\">Dans cet article, nous examinerons cet avenant, qui et quoi est couvert (ou non), et jusqu\u2019\u00e0 combien vous pouvez assurer.<\/p>\r\n\r\n\t                <p class=\"pt-2\"><img loading=\"lazy\" decoding=\"async\" src=\"https:\/\/cdn.squareone.ca\/wp-content\/uploads\/2024\/10\/16142756\/rental-car-coverage-quebec.jpg\" title=\"Couverture pour v\u00e9hicule de location au Qu\u00e9bec\" alt=\"Des voitures en train de traverser le pont Samuel-de-Champlain avec structure m\u00e9tallique verte au-dessus\" width=\"248\" height=\"165\" class=\"img-fluid\" rel=\"noopener noreferrer\"><\/p>\r\n\t            <\/div>\r\n\r\n\t            <div class=\"col-lg-3 offset-lg-1\">\r\n\r\n\t                <p class=\"mb-2 display-4 pt-4 pt-lg-0 pt-mb-0\"><strong>Th\u00e8mes<\/strong><\/p>\r\n\r\n\t                <ul class=\"list-unstyled link-list display-4\">\r\n\t\t                <li><a href='#what-is'>Qu\u2019est-ce que le F.A.Q.\u00a0N<sup>o<\/sup>\u00a027a?<\/a><\/li> \r\n\t\t                <li><a href=\"#whos-covered\">Qui et quoi est couvert?<\/a><\/li>\r\n\t\t                <li><a href=\"#whats-covered\">Qu\u2019est-ce qui n\u2019est pas couvert?<\/a><\/li>\r\n\t\t                <li><a href=\"#exclusions\">Exclusions<\/a><\/li>\r\n\t\t                <li><a href=\"#common-questions\">Questions fr\u00e9quemment pos\u00e9es<\/a><\/li>\r\n\t                <\/ul>\r\n\r\n\t            <\/div>\r\n\t        <\/div>  \r\n\t    <\/div>\r\n\t<\/div>\r\n\t<div class=\"bg-bottom\"><\/div>\r\n<\/section>\r\n\r\n<section>\r\n<div class=\"container-fluid py-6\">\r\n    <div class=\"row\">\r\n        <div class=\"col-12 col-lg-8\">\r\n\r\n        \t    <div class=\"row pb-6\">\r\n                    <div class=\"col-12\">\r\n                        <div class=\"card review\" style='background-color:#FFE0C9'>\r\n                            <div class=\"card-body\">\r\n                                <p class=\"h3\">L\u2019essentiel<\/p>\r\n                                <ul class='mb-0'>\r\n\t\t\t\t\t\t\t\t \t <li>F.A.Q.\u00a0N<sup>o<\/sup>\u00a027a est un avenant facultatif en assurance auto au Qu\u00e9bec. Il couvre les dommages \u00e0 des v\u00e9hicules dont le titulaire de police n\u2019est pas le propri\u00e9taire, comme les autos de location.<\/li>\r\n\t\t\t\t\t\t\t        <li>Cet avenant couvre l\u2019assur\u00e9 d\u00e9sign\u00e9, ainsi que son conjoint et toute personne inscrite \u00e0 la police \u00e0 titre de conducteur d\u00e9sign\u00e9.<\/li>\r\n\t\t\t\t\t\t\t        <li>Les v\u00e9hicules dont les propri\u00e9taires sont des personnes r\u00e9sidant avec l\u2019assur\u00e9 (comme la voiture d\u2019un colocataire) ne sont pas couverts en vertu de cet avenant.<\/li>\r\n\t\t\t\t\t\t\t\t<\/ul>\r\n                            <\/div>\r\n                        <\/div>\r\n                    <\/div>\r\n                <\/div>\r\n\r\n\t\t\t\r\n\t\t\t\t<h2 id=\"what-is\">Qu\u2019est-ce que le F.A.Q.\u00a0N<sup>o<\/sup>\u00a027a?<\/h2> \r\n\r\n\t\t\t\t\t<p>Le <a href=\"https:\/\/lautorite.qc.ca\/fileadmin\/lautorite\/formulaires\/professionnels\/assureurs\/automobile\/faq-27.pdf\" title=\"F.A.Q No 27\" rel=\"noopener noreferrer\" target=\"_blank\">F.A.Q.\u00a0N<sup>o<\/sup>\u00a027a<\/a> est un <a href=\"\/fr\/centres-ressources\/lexique-assurance\/avenant\" title=\"D\u00e9finition : avenant\">avenant<\/a> facultatif offert aux clients d\u2019assurance auto au Qu\u00e9bec. Cet avenant s\u2019appelle formellement \u00ab\u00a0F.A.Q.\u00a0N<sup>o<\/sup>\u00a027a Responsabilit\u00e9 civile du fait de dommages caus\u00e9s \u00e0 des v\u00e9hicules dont l\u2019assur\u00e9 d\u00e9sign\u00e9 n\u2019est pas propri\u00e9taire (excluant les v\u00e9hicules fournis par un employeur)\u00a0\u00bb. C\u2019est tout un morceau \u00e7a! En gros, cela signifie la couverture pour un v\u00e9hicule de location ou un v\u00e9hicule que vous empruntez, comme l\u2019auto d\u2019un ami ou d\u2019un parent.<\/p>\r\n\r\n\t\t\t\t<h2 id=\"whos-covered\">Qui est couvert par l\u2019avenant N<sup>o<\/sup>\u00a027a?<\/h2>\r\n\r\n\t\t\t\t\t <p>Le F.A.Q.\u00a0N<sup>o<\/sup>\u00a027a couvre le conducteur d\u00e9sign\u00e9, son conjoint, ainsi que toute personne assur\u00e9e en vertu de la police.<\/p>\r\n\r\n\t\t\t\t<h2 id=\"whats-covered\">Qu\u2019est-ce qui est couvert par le F.A.Q.\u00a0N<sup>o<\/sup>\u00a027a?<\/h2> \r\n\r\n\t\t\t\t\t<p>Cet avenant couvre les dommages \u00e0 un v\u00e9hicule dont vous n\u2019\u00eates pas le propri\u00e9taire, mais seulement dans le cas d\u2019un accident sans responsabilit\u00e9. Un accident sans responsabilit\u00e9 sera couvert par l\u2019assurance du propri\u00e9taire ou par la partie responsable<sup><a href=\"#cite1\">1<\/a><\/sup>.<\/p>\r\n\r\n\t\t\t\t\t <p>Le F.A.Q.\u00a0N<sup>o<\/sup>\u00a027a couvre les v\u00e9hicules lou\u00e9s \u00e0 court terme et les v\u00e9hicules de rechange temporaires (comme une auto de pr\u00eat pendant que votre auto est dans l\u2019atelier)<sup><a href=\"#cite2\">2<\/a><\/sup>.  Il couvre \u00e9galement les autocaravanes, les v\u00e9hicules de plaisance, les remorques de tourisme, les tentes-roulottes, les remorques utilitaires et les fourgons de d\u00e9m\u00e9nagement. Remarquez que tout v\u00e9hicule couvert dans le cadre de cet avenant doit \u00eatre lou\u00e9 \u00e0 des fins personnelles.<\/p>\r\n\r\n\t\t\t\t<h2 id=\"exclusions\">Quoi (et qui) n\u2019est pas couvert par le F.A.Q.\u00a0N<sup>o<\/sup>\u00a027a?<\/h2> \r\n\r\n\t\t\t\t\t<p>Il faut respecter la d\u00e9finition de \u00ab\u00a0personne assur\u00e9e\u00a0\u00bb pour \u00eatre admissible \u00e0 cet avenant. Par exemple, si vous laissez un ami conduire le v\u00e9hicule de location et celui-ci subit un accident, le F.A.Q.\u00a0N<sup>o<\/sup>\u00a027a ne couvrirait pas les dommages.<\/p> \r\n\r\n\t\t\t\t\t<p>Les v\u00e9hicules dont l\u2019assur\u00e9 ou quelqu\u2019un qui r\u00e9side avec l\u2019assur\u00e9 est le propri\u00e9taire ou le bailleur ne sont pas couverts. Par exemple, le F.A.Q.\u00a0N<sup>o<\/sup>\u00a027a ne vous couvrirait pas si vous endommagez le VUS de votre cousin, si celui-ci r\u00e9side avec vous.<\/p> \r\n\r\n\t\t\t\t\t<p>Les v\u00e9hicules dont l\u2019employeur de l\u2019assur\u00e9 ou l\u2019employeur de quiconque r\u00e9side avec l\u2019assur\u00e9 est le propri\u00e9taire ou le bailleur sont \u00e9galement exclus. Cela signifie que le F.A.Q.\u00a0N<sup>o<\/sup>\u00a027a ne couvrirait pas votre v\u00e9hicule de travail<sup><a href=\"#cite3\">3<\/a><\/sup>.<\/p> \r\n\r\n\t\t\t\t\t<p>Qui plus est, le F.A.Q.\u00a0N<sup>o<\/sup>\u00a027a ne couvre pas les motocyclettes et les v\u00e9hicules \u00e0 trois roues lou\u00e9s, ou les v\u00e9hicules que vous utilisez \u00e0 des fins professionnelles.<\/p> \r\n\r\n\t\t\t\t\t<p>Finalement, cet avenant n\u2019est pas valable \u00e0 l\u2019ext\u00e9rieur du Canada et des \u00c9tats-Unis. Si vous louez un v\u00e9hicule en Europe ou en Am\u00e9rique du Sud par exemple, vous devriez souscrire une assurance offerte par la compagnie de location ou votre carte de cr\u00e9dit.<\/p>\r\n\r\n\t\t\t\t\t<h3>Limitations de couverture<\/h3>\r\n\r\n\t\t\t\t\t<p>Les limitations de couverture varient selon le fournisseur d\u2019assurance. Chez Square One, le F.A.Q.\u00a0N<sup>o<\/sup>\u00a027a a une limitation de 50\u00a0000\u00a0$ et une franchise de 500\u00a0$.<\/p> \r\n\r\n\t\t\t\t<h2 id=\"common-questions\">Questions fr\u00e9quemment pos\u00e9es<\/h2>\r\n\r\n\t\t\t\t\t<h3>Si j\u2019endommage les biens d\u2019un tiers avec un v\u00e9hicule de location, serais-je couvert en vertu du F.A.Q.\u00a0N<sup>o<\/sup>\u00a027a?<\/h3> \r\n\r\n\t\t\t\t\t<p>Les dommages \u00e0 des biens d\u2019un tiers seraient couverts par le Chapitre\u00a0A (responsabilit\u00e9 civile) de votre police d\u2019assurance auto. Au Qu\u00e9bec, le montant minimum pour la responsabilit\u00e9 civile est 50\u00a0000\u00a0$, mais vous pouvez choisir un montant plus \u00e9lev\u00e9 pour avoir une meilleure couverture.<\/p>\r\n\r\n\t\t\t\t\t<h3>Quelles sont mes options si je ne veux pas souscrire le F.A.Q.\u00a0N<sup>o<\/sup>\u00a027a?<\/h3> \r\n\r\n\t\t\t\t\t<p>Si vous n\u2019avez pas souscrit le F.A.Q.\u00a0N<sup>o<\/sup>\u00a027a, vous pouvez accepter l\u2019assurance offerte par la compagnie de location. Dans le m\u00eame ordre d\u2019id\u00e9es, il est possible que votre carte de cr\u00e9dit propose une assurance auto, \u00e0 condition que vous payiez la location avec la carte.<\/p>\r\n\r\n\t\t\t\t\t<h3>Les services de location de pair \u00e0 pair, comme Turo, sont-ils couverts par le F.A.Q.\u00a0N<sup>o<\/sup>\u00a027a?<\/h3> \r\n\r\n\t\t\t\t\t<p>Les services comme Turo louent des v\u00e9hicules dont vous n\u2019\u00eates pas le propri\u00e9taire, donc ils seraient couverts par le F.A.Q.\u00a0N<sup>o<\/sup>\u00a027a. Cependant, si le propri\u00e9taire du v\u00e9hicule de Turo r\u00e9side chez vous, le v\u00e9hicule ne serait pas couvert.<\/p>\r\n\r\n            \t\t<p><strong>Sources<\/strong><\/p>\r\n            \t\t<ol type=\"1\">\r\n            \t\t\t<li id=\"cite1\">Info assurance. \u00ab\u00a0Avenant 27\u00a0: pour couvrir les dommages aux v\u00e9hicules qui ne vous appartiennent pas\u00a0\u00bb. <i>infoassurance.ca<\/i>, <a href=\"https:\/\/infoassurance.ca\/blogue\/automobile\/avenant-27-pour-couvrir-les-dommages-aux-vehicules-qui-ne-vous-appartiennent-pas\/\" title=\"Avenant 27 : pour couvrir les dommages aux v\u00e9hicules qui ne vous appartiennent pas\" rel=\"noopener noreferrer\" target=\"_blank\">infoassurance.ca\/blogue\/automobile\/avenant-27-pour-couvrir-les-dommages-aux-vehicules-qui-ne-vous-appartiennent-pas\/<\/a>. Consult\u00e9 le 30\u00a0ao\u00fbt\u00a02024.<\/li>\r\n            \t\t\t<li id=\"cite2\">Groupement des assureurs automobiles. \u00ab\u00a0Pour l\u2019emprunt ou la location de v\u00e9hicule, songez \u00e0 l\u2019avenant 27\u00a0\u00bb. <i>gaa.qc.ca<\/i>, <a href=\"https:\/\/gaa.qc.ca\/fr\/professionnels-de-lassurance\/chroniques\/location-a-court-terme-et-accident-responsable-bien-proteger-les-assures\/\" title=\"Location \u00e0 court terme et accident responsable: bien prot\u00e9ger les assur\u00e9s\" rel=\"noopener noreferrer\" target=\"_blank\">https:\/\/gaa.qc.ca\/fr\/professionnels-de-lassurance\/chroniques\/location-a-court-terme-et-accident-responsable-bien-proteger-les-assures\/<\/a>. Consult\u00e9 le 17\u00a0juin\u00a02025.<\/li>\r\n            \t\t\t<li id=\"cite3\">Jessie H\u00e9bert-Barbeau. \u00ab\u00a0Comment bonifier votre contrat d\u2019assurance auto\u00a0\u00bb. <i>Courtiers d\u2019assurances Lareau<\/i>, 23\u00a0novembre\u00a02020, <a href=\"https:\/\/lareau.ca\/article\/comment-bonifier-votre-contrat-dassurance-auto\/\" title=\"Comment bonifier votre contrat d\u2019assurance auto\" rel=\"noopener noreferrer\" target=\"_blank\">lareau.ca\/article\/comment-bonifier-votre-contrat-dassurance-auto\/<\/a>.<\/li>\r\n            \t\t<\/ol>\r\n\r\n\t\t\t\t\t<p><strong>Vous voulez en savoir plus?<\/strong> Consultez notre <a href=\"\/fr\/centres-ressources\/assurance-auto\" title=\"Centre de ressources : assurance auto\">Centre de ressources : assurance auto<\/a> pour acc\u00e9der \u00e0 des articles pratiques. Ensuite, <a href=\"\/fr\/auto\" title=\"Obtenir une soumission d\u2019assurance auto\"> obtenir une soumission d\u2019assurance auto<\/a> en ligne en moins de 5 minutes et d\u00e9couvrez \u00e0 quel point la couverture personnalis\u00e9e peut \u00eatre abordable.<\/p>\r\n\r\n\t\t\t\t\t<div class=\"row py-3\">\r\n<div class=\"col-12\">\r\n<div class=\"card review\" style=\"box-shadow: 0 2px 4px rgba(0,0,0,0.07);background-color:#f4f4f4;\">\r\n<div class=\"card-body\">\r\n\t<p class=\"text-primary h4\">\u00c0 propos de l\u2019expert&nbsp;: Daniel Mirkovic<\/p>\r\n\t<p>Cofondateur de Square One comptant plus de 25&nbsp;ans dans le secteur de l\u2019assurance, Daniel \u00e9tait vice-pr\u00e9sident des services d\u2019assurance et de voyage de la British Columbia Automobile Association (BCAA). Daniel est titulaire d'un baccalaur\u00e9at \u00e8s commerce et d'une ma\u00eetrise \u00e8s administration des affaires, tous deux obtenus \u00e0 la Sauder School of Business de l'universit\u00e9 de la Colombie-Britannique. Daniel est muni de la d\u00e9signation CAAC et d\u2019un certificat en assurance de dommages niveau&nbsp;3 en Colombie-Britannique, en Alberta, en Saskatchewan, au Manitoba et en Ontario.<\/p>\r\n<\/div>\r\n<\/div>\r\n<\/div>\r\n<\/div>\r\n\r\n\t\t\t<\/div>\r\n        <\/div>\r\n    <\/div>\r\n<\/section>\r\n\r\n<script type=\"application\/ld+json\">\r\n{\r\n  \"@context\": \"https:\/\/schema.org\",\r\n  \"@type\": \"WebPage\",\r\n  \"mainEntityOfPage\": {\r\n    \"@type\": \"Article\",\r\n    \"@id\": \"https:\/\/www.squareone.ca\/fr\/centres-ressources\/assurance-auto\/faq-27a\"\r\n  },\r\n  \"author\": [\r\n    {\r\n      \"@type\": \"Person\",\r\n      \"name\": \"Anthony Michael\",\r\n      \"url\": \"https:\/\/www.squareone.ca\/fr\/a-propos-de-nous\/membres-equipe#anthony-michael\"\r\n    }\r\n  ],\r\n  \"reviewedBy\": [\r\n    {\r\n      \"@type\": \"Person\",\r\n      \"name\": \"Daniel Mirkovic\",\r\n      \"url\": \"https:\/\/www.squareone.ca\/fr\/a-propos-de-nous\/experts\/daniel-mirkovic\"\r\n    }\r\n  ],\r\n  \"headline\": \"Couverture pour v\u00e9hicule de location au Qu\u00e9bec : F.A.Q. No 27a\",\r\n  \"datePublished\": \"\",\r\n  \"dateModified\": \"\",\r\n  \"inLanguage\": \"frCA\",\r\n  \"isAccessibleForFree\": true,\r\n  \"citation\": [\r\n    \"Info assurance. (consult\u00e9 en ao\u00fbt 2024). Avenant 27\u00a0: pour couvrir les dommages aux v\u00e9hicules qui ne vous appartiennent pas. R\u00e9cup\u00e9r\u00e9 de infoassurance.ca, https:\/\/infoassurance.ca\/blogue\/automobile\/avenant-27-pour-couvrir-les-dommages-aux-vehicules-qui-ne-vous-appartiennent-pas\/\", \r\n    \"Groupement des assureurs automobiles. (consult\u00e9 en juin 2025). Location \u00e0 court terme et accident responsable: bien prot\u00e9ger les assur\u00e9s\u00a0\u00bb. R\u00e9cup\u00e9r\u00e9 de gaa.qc.ca, https:\/\/gaa.qc.ca\/fr\/professionnels-de-lassurance\/chroniques\/location-a-court-terme-et-accident-responsable-bien-proteger-les-assures\/\",\r\n    \"Jessie H\u00e9bert-Barbeau. (novembre 2020). Comment bonifier votre contrat d\u2019assurance auto. R\u00e9cup\u00e9r\u00e9 de https:\/\/lareau.ca\/article\/comment-bonifier-votre-contrat-dassurance-auto\"\r\n  ]\r\n}\r\n<\/script>\r\n<script type=\"application\/ld+json\">\r\n{\r\n  \"@context\": \"https:\/\/schema.org\",\r\n  \"@type\": \"FAQPage\",\r\n  \"mainEntity\": [{\r\n    \"@type\": \"Question\",\r\n    \"name\": \"Si j\u2019endommage les biens d\u2019un tiers avec un v\u00e9hicule de location, serais-je couvert en vertu du F.A.Q.\u00a0No\u00a027a?\",\r\n    \"acceptedAnswer\": {\r\n      \"@type\": \"Answer\",\r\n      \"text\": \"Les dommages \u00e0 des biens d\u2019un tiers seraient couverts par le Chapitre\u00a0A (responsabilit\u00e9 civile) de votre police d\u2019assurance auto. Au Qu\u00e9bec, le montant minimum pour la responsabilit\u00e9 civile est 50\u00a0000\u00a0$, mais vous pouvez choisir un montant plus \u00e9lev\u00e9 pour avoir une meilleure couverture.\"\r\n    }\r\n  },{\r\n    \"@type\": \"Question\",\r\n    \"name\": \"Quelles sont mes options si je ne veux pas souscrire le F.A.Q.\u00a0No\u00a027a?\",\r\n    \"acceptedAnswer\": {\r\n      \"@type\": \"Answer\",\r\n      \"text\": \"Si vous n\u2019avez pas souscrit le F.A.Q.\u00a0No\u00a027a, vous pouvez accepter l\u2019assurance offerte par la compagnie de location. Dans le m\u00eame ordre d\u2019id\u00e9es, il est possible que votre carte de cr\u00e9dit propose une assurance auto, \u00e0 condition que vous payiez la location avec la carte.\"\r\n    }\r\n  },{\r\n    \"@type\": \"Question\",\r\n    \"name\": \"Les services de location de pair \u00e0 pair, comme Turo, sont-ils couverts par le F.A.Q.\u00a0No\u00a027a?\",\r\n    \"acceptedAnswer\": {\r\n      \"@type\": \"Answer\",\r\n      \"text\": \"Les services comme Turo louent des v\u00e9hicules dont vous n\u2019\u00eates pas le propri\u00e9taire, donc ils seraient couverts par le F.A.Q.\u00a0No\u00a027a. Cependant, si le propri\u00e9taire du v\u00e9hicule de Turo r\u00e9side chez vous, le v\u00e9hicule ne serait pas couvert.\"\r\n    }\r\n  }]\r\n}\r\n<\/script>","protected":false},"excerpt":{"rendered":"<p>Couverture pour v\u00e9hicule de location au Qu\u00e9bec\u00a0: F.A.Q. No 27a Article \u00e9valu\u00e9 par Daniel Mirkovic Cela vous semble-t-il familier? Vous louez un v\u00e9hicule pour les vacances et l\u2019agent vous demande si vous voulez assurer l\u2019auto de location. Pourtant, votre police d\u2019assurance auto ne couvre-t-elle pas les v\u00e9hicules de location? Pas forc\u00e9ment. Au Qu\u00e9bec, vous pouvez [&hellip;]<\/p>\n","protected":false},"author":20,"featured_media":73498,"parent":69398,"menu_order":0,"comment_status":"closed","ping_status":"closed","template":"page-article-new.php","meta":{"_acf_changed":false,"footnotes":""},"class_list":["post-73582","page","type-page","status-publish","has-post-thumbnail","hentry"],"acf":[],"_links":{"self":[{"href":"https:\/\/www.squareone.ca\/fr\/wp-json\/wp\/v2\/pages\/73582","targetHints":{"allow":["GET"]}}],"collection":[{"href":"https:\/\/www.squareone.ca\/fr\/wp-json\/wp\/v2\/pages"}],"about":[{"href":"https:\/\/www.squareone.ca\/fr\/wp-json\/wp\/v2\/types\/page"}],"author":[{"embeddable":true,"href":"https:\/\/www.squareone.ca\/fr\/wp-json\/wp\/v2\/users\/20"}],"replies":[{"embeddable":true,"href":"https:\/\/www.squareone.ca\/fr\/wp-json\/wp\/v2\/comments?post=73582"}],"version-history":[{"count":9,"href":"https:\/\/www.squareone.ca\/fr\/wp-json\/wp\/v2\/pages\/73582\/revisions"}],"predecessor-version":[{"id":77566,"href":"https:\/\/www.squareone.ca\/fr\/wp-json\/wp\/v2\/pages\/73582\/revisions\/77566"}],"up":[{"embeddable":true,"href":"https:\/\/www.squareone.ca\/fr\/wp-json\/wp\/v2\/pages\/69398"}],"wp:featuredmedia":[{"embeddable":true,"href":"https:\/\/www.squareone.ca\/fr\/wp-json\/wp\/v2\/media\/73498"}],"wp:attachment":[{"href":"https:\/\/www.squareone.ca\/fr\/wp-json\/wp\/v2\/media?parent=73582"}],"curies":[{"name":"wp","href":"https:\/\/api.w.org\/{rel}","templated":true}]}}