{"id":78385,"date":"2026-02-27T10:11:08","date_gmt":"2026-02-27T18:11:08","guid":{"rendered":"https:\/\/www.squareone.ca\/centres-ressources\/achat-vente-demenagement-habitation\/jour-demenagement"},"modified":"2026-02-27T11:23:38","modified_gmt":"2026-02-27T19:23:38","slug":"jour-demenagement","status":"publish","type":"page","link":"https:\/\/www.squareone.ca\/fr\/centres-ressources\/achat-vente-demenagement-habitation\/jour-demenagement","title":{"rendered":"Initiation au jour du d\u00e9m\u00e9nagement au Qu\u00e9bec"},"content":{"rendered":"<section id='intro' class=\"bg-shape-split bg-sub-page-hero\">\r\n    <div class=\"bg-position\">\r\n        <div class=\"container-fluid\">\r\n            <div class=\"row align-items-center\">\r\n                <div class=\"col-12 col-lg-8\">\r\n                    <h1>Initiation au jour du d\u00e9m\u00e9nagement au Qu\u00e9bec<\/h1>\r\n                    <strong>Article r\u00e9dig\u00e9 par <a href=\"\/fr\/a-propos-de-nous\/contributeurs#anthony-michael\" title=\"Auteur : Anthony Michael\">Anthony Michael<\/a><\/strong>\r\n                    <p><\/p>\r\n                    <p class=\"pb-4\" style=\"margin-top:-24px\">Mis \u00e0 jour le 15 septembre 2025<\/p>\r\n                <\/div>\r\n            <\/div>\r\n\r\n            <div class=\"row\">\r\n                <div class=\"col-lg-8\">\r\n\r\n                    <p class=\"display-4\">Le premier juillet c\u2019est la f\u00eate du Canada, mais pour de nombreux locataires au Qu\u00e9bec, c\u2019est aussi le jour du d\u00e9m\u00e9nagement, une tradition qui remonte aux ann\u00e9es 1970. Bien qu\u2019il ne soit plus une condition l\u00e9gale dans la province, la plupart des contrats de bail se terminent le 30\u00a0juin. Cela signifie que, dans des villes comme Montr\u00e9al, vous verrez des camions de d\u00e9m\u00e9nagement dans les rues et des meubles sur les trottoirs \u00e0 l\u2019arriv\u00e9e du mois de juillet.<\/p>\r\n\r\n                    <p class=\"display-4\">Lisez la suite pour d\u00e9couvrir les tenants et les aboutissants, et l\u2019histoire de cette coutume qu\u00e9b\u00e9coise singuli\u00e8re. En outre, vous apprendrez comment vous pr\u00e9parer si vous \u00eates locataire en train de d\u00e9m\u00e9nager ou emm\u00e9nager le jour du d\u00e9m\u00e9nagement.<\/p>\r\n\r\n                    <p class=\"pt-2\"><img loading=\"lazy\" decoding=\"async\" src=\"https:\/\/cdn.squareone.ca\/wp-content\/uploads\/2025\/08\/28112626\/moving-day-quebec.jpg\" title=\"Le jour du d\u00e9m\u00e9nagement au Qu\u00e9bec\" alt=\"Une femme v\u00eatue d\u2019un t-shirt blanc et des jeans soul\u00e8ve une bo\u00eete en carton dans un salon, entour\u00e9 d\u2019autres bo\u00eetes\" width=\"248\" height=\"165\" class=\"img-fluid\" rel=\"noopener noreferrer\"><\/p>\r\n                <\/div>\r\n\r\n                <div class=\"col-lg-3 offset-lg-1\">\r\n\r\n                    <p class=\"mb-2 display-4 pt-4 pt-lg-0 pt-mb-0\"><strong>Th\u00e8mes<\/strong><\/p>\r\n\r\n                    <ul class=\"list-unstyled link-list display-4\">\r\n                        <li><a href='#origins'>L\u2019origine du jour du d\u00e9m\u00e9nagement<\/a><\/li>\r\n                        <li><a href=\"#housing-crisis\">Crise de logement<\/a><\/li>\r\n                        <li><a href=\"#preparing\">Pr\u00e9paration \u00e0 l\u2019achat<\/a><\/li>\r\n                        <li><a href=\"#day-of-the-move\">Le jour de d\u00e9m\u00e9nagement<\/a><\/li>\r\n                        <li><a href=\"#common-questions\">Questions fr\u00e9quemment pos\u00e9es<\/a><\/li>\r\n                    <\/ul>\r\n\r\n                <\/div>\r\n            <\/div>  \r\n        <\/div>\r\n    <\/div>\r\n    <div class=\"bg-bottom\"><\/div>\r\n<\/section>\r\n\r\n<section>\r\n<div class=\"container-fluid py-6\">\r\n    <div class=\"row\">\r\n        <div class=\"col-12 col-lg-8\">\r\n\r\n                <div class=\"row pb-6\">\r\n                    <div class=\"col-12\">\r\n                        <div class=\"card review\" style='background-color:#FFE0C9'>\r\n                            <div class=\"card-body\">\r\n                                <p class=\"h3\">L\u2019essentiel<\/p>\r\n                                <ul class='mb-0'>\r\n                                    <li>Au Qu\u00e9bec, la majorit\u00e9 des contrats de bail locatifs commencent le 1<sup>er<\/sup>\u00a0juillet et durent un an.<\/li>\r\n                                    <li>La crise de logement r\u00e9cente signifie que moins de gens d\u00e9m\u00e9nagent au Qu\u00e9bec.<\/li>\r\n                                    <li>Les locataires sont vivement encourag\u00e9s \u00e0 r\u00e9server les services de d\u00e9m\u00e9nagement des semaines ou des mois \u00e0 l\u2019avance afin d\u2019\u00e9viter la folie de derni\u00e8re minute du jour du d\u00e9m\u00e9nagement. N\u2019oubliez pas que vous payerez le prix fort le 1<sup>er<\/sup>\u00a0juillet .<\/li>\r\n                                <\/ul>\r\n                            <\/div>\r\n                        <\/div>\r\n                    <\/div>\r\n                <\/div>\r\n\r\n                <h2 id=\"origins\">Les origines du jour du d\u00e9m\u00e9nagement<\/h2>\r\n\r\n                    <p>La notion du jour du d\u00e9m\u00e9nagement remonte \u00e0 l\u2019\u00e9poque de la Nouvelle-France. Au 18e si\u00e8cle, le 1<sup>er<\/sup>\u00a0mai \u00e9tait la date du d\u00e9but de tous les contrats de bail. Cette loi a \u00e9t\u00e9 \u00e9tablie afin d\u2019emp\u00eacher les seigneurs de l\u2019\u00e9poque d\u2019\u00e9vincer les fermiers pendant les durs mois d\u2019hiver<sup><a href=\"#cite1\">1<\/a><\/sup>.<\/p>\r\n\r\n                    <p>Cette r\u00e8gle \u00e9tait toujours en vigueur dans le Code civil du Qu\u00e9bec jusqu\u2019en 1973, ann\u00e9e o\u00f9 le gouvernement provincial a adopt\u00e9 un projet de loi pour l\u2019abroger. \u00c0 titre de mesure transitionnelle, les contrats de bail existants ont \u00e9t\u00e9 prolong\u00e9s de deux mois au 30\u00a0juin\u00a01974\u00a0: d\u00e8s lors, le jour du d\u00e9m\u00e9nagement avait lieu le 1<sup>er<\/sup>\u00a0juillet<sup><a href=\"#cite2\">2<\/a><\/sup>.<\/p>\r\n\r\n                    <p>Ces changements permettaient \u00e0 des familles avec des enfants d\u2019\u00e9viter les interruptions pendant l\u2019ann\u00e9e scolaire et \u00e0 des travailleurs de d\u00e9m\u00e9nager sans prendre un jour de cong\u00e9. Malgr\u00e9 ces changements, la tradition des contrats de bail d\u2019un an et du jour de d\u00e9m\u00e9nagement du 1<sup>er<\/sup>\u00a0juillet a persist\u00e9<sup><a href=\"#cite1\">1<\/a><\/sup>.<\/p>\r\n\r\n                <h2 id=\"housing-crisis\">Le jour du d\u00e9m\u00e9nagement et la crise de logement au Qu\u00e9bec<\/h2>\r\n\r\n                    <p>Bien que le 1<sup>er<\/sup>\u00a0juillet soit une journ\u00e9e charg\u00e9e pour les d\u00e9m\u00e9nagements au Qu\u00e9bec, certains d\u00e9m\u00e9nageurs remarquent que les Qu\u00e9b\u00e9cois changent d\u2019adresse \u00e0 d\u2019autres dates. Pierre-Olivier Cyr, copropri\u00e9taire du Clan Panneton, qui exploite ses activit\u00e9s \u00e0 Montr\u00e9al et \u00e0 Qu\u00e9bec, constate que de plus en plus de clients r\u00e9servent leur d\u00e9m\u00e9nagement avant ou apr\u00e8s le 1<sup>er<\/sup>\u00a0juillet afin d\u2019\u00e9viter le prix fort pour d\u00e9m\u00e9nager la f\u00eate du Canada. Val\u00e9rie Saint-Amour, propri\u00e9taire de D\u00e9m\u00e9nagement Puissance, \u00e9galement \u00e0 Montr\u00e9al, a confirm\u00e9 cette tendance en ajoutant que moins de personnes d\u00e9m\u00e9nagent en raison de la crise de logement dans la province<sup><a href=\"#cite4\">4<\/a><\/sup>.<\/p>\r\n\r\n                    <p>Plus pr\u00e9cis\u00e9ment, les taux de vacance moins \u00e9lev\u00e9s et les loyers plus dispendieux signifie qu\u2019un plus grand nombre de Qu\u00e9b\u00e9cois h\u00e9sitent \u00e0 d\u00e9m\u00e9nager. Selon la Soci\u00e9t\u00e9 canadienne d&rsquo;hypoth\u00e8ques et de logement (SCHL), en 2023, le taux de vacance pour les propri\u00e9t\u00e9s locatives int\u00e9gr\u00e9es au Qu\u00e9bec a \u00e9t\u00e9 \u00e0 son niveau le plus bas depuis 20\u00a0ans. \u00c0 Montr\u00e9al, le taux de vacance \u00e9tait de 1,5\u00a0%, alors que le loyer mensuel moyen pour un appartement de 2\u00a0pi\u00e8ces s\u2019\u00e9levait \u00e0 1\u00a0096\u00a0$, une hausse de 7,9\u00a0%. \u00c0 Qu\u00e9bec, le taux de vacance \u00e9tait de 0,9\u00a0% et le loyer mensuel moyen se situait \u00e0 1\u00a0040\u00a0$ (une augmentaion de 4,8\u00a0%)<sup><a href=\"#cite5\">5<\/a><\/sup>.<\/p>          \r\n\r\n            <\/div>\r\n        <\/div>\r\n    <\/div>\r\n<\/section>\r\n\r\n\t<section class=\"bg-transparent\">\n\t\t<img decoding=\"async\" src=\"\/sales\/images\/bgs\/bg-mid-page-cta-general-top.svg\" style=\"width: 100%; vertical-align: bottom; position: relative; top: 1px\"\/>\n\t\t\n\t\t<div class=\"bg-darkTeal py-3\">\t\t\t\n\t\t\t<div class=\"container-fluid\">\n\t\t\t\t<div class=\"row d-flex align-items-center pb-5\">\n\t\t\t\t\t<div class=\"col-12 col-md-8 offset-md-2 px-lg-5 pb-5 pb-lg-0\">\n\t\t\t\t\t\t<div class=\"h6 mb-4 text-primary text-uppercase text-center\">\n\t\t\t\t\t\t\tCela ne prend que 5\u00a0minutes \n\t\t\t\t\t\t<\/div>\t\t\n\t\t\t\t\t\t\t\t\t\t\t\n\t\t\t\t\t\t<p class=\"lead px-lg-5 text-white\">\n\t\t\t\t\t\t\t<strong class=\"d-inline-block text-uc-first\">Pr\u00eat \u00e0 obtenir une soumission en ligne? <\/strong> Votre temps est aussi pr\u00e9cieux que vos possessions. Obtenez une soumission d'assurance habitation en <strong>5 minutes<\/strong>. C\u2019est moins de temps qu\u2019il n\u2019en faut pour faire la file pour un caf\u00e9.\n\t\t\t\t\t\t<\/p>\t\t\t\n\t\n\t\t\t\t\t\t<div id=\"sq1-qw-e47484b0e20f\" class=\"sq1-quote-widget mb-4 text-white\" data-quote-widget-type=\"HOME\" data-has-custom-text=\"true\">\n\t\t\t\t\t\t\t<div class=\"input-group input-group-focus-within bg-white my-4\">\n\t\t\t\t\t\t\t\t<div>\n\t\t\t\t\t\t\t\t\t<div class=\"input-group-text\">\n\t\t\t\t\t\t\t\t\t\t<i class=\"fa fa-map-marker d-block text-black\"><\/i>\n\t\t\t\t\t\t\t\t\t<\/div>\n\t\t\t\t\t\t\t\t<\/div>\n\t\t\t\t\t\t\t\t<input type=\"text\" class=\"form-control\" style=\"padding: 10px;\" placeholder=\"Enter an address\" aria-label=\"Inscrivez votre adresse pour obtenir une soumission\"\/>\n\t\t\t\t\t\t\t\t<div>\n\t\t\t\t\t\t\t\t\t<button class=\"btn btn-primary\">Obtenir une soumission en ligne d\u00e8s maintenant<\/button>\n\t\t\t\t\t\t\t\t<\/div>\n\t\t\t\t\t\t\t<\/div>\n\t\t\t\t\t\t<\/div>\n\t\t\t\t\t\t\n\t\t\t\t\t\t<p class=\"small text-white\">Avant de commencer, veuillez lire notre <a href=\"https:\/\/www.squareone.ca\/fr\/politique-confidentialite\" target=\"_blank\" rel=\"noreferrer noopener\">Politique de confidentialit\u00e9<\/a> et nos <a href=\"https:\/\/www.squareone.ca\/fr\/conditions-utilisation\" target=\"_blank\" rel=\"noreferrer noopener\">Conditions d\u2019utilisation<\/a>.<\/p>\t\n\t\n\t\t\t\t\t\t<script type=\"text\/javascript\">\n\t\t\t\t\t\t(function() {\n\t\t\t\t\t\t\tdocument.addEventListener('soiMiscJsLoaded', function() {\n\t\t\t\t\t\t        $(document).ready(function() {\n\t\t\t\t\t\t\t\t\tsoiQuoteWidget.processFormWidget('\/sales\/index.php\/json_quote_widget?rand=' +Math.random(), 'qwContainer'); \/\/populate quoting widget with content from symfony.\n\t\t\t\t\t\t\t\t});\n\t\t\t\t\t\t\t});\n\t\t\t\t\t\t})();\n\t\t\t\t\t\t<\/script>\n\t\t\t\t\t<\/div>\n\t\t\t\t<\/div>\n\t\t\t<\/div>\n\t\t<\/div>\n\t\t\n\t\t<img decoding=\"async\" src=\"\/sales\/images\/bgs\/bg-mid-page-cta-general-bottom.svg\" style=\"width: 100%; vertical-align: top\"\/>\t\t\n\t<\/section>\r\n\r\n<section>\r\n    <div class=\"container-fluid py-6\">\r\n        <div class=\"row\">\r\n            <div class=\"col-12 col-lg-8\">\r\n\r\n                <h2 id=\"preparing\">Pr\u00e9paration pour le jour du d\u00e9m\u00e9nagement<\/h2>\r\n\r\n                    <p>Montr\u00e9al est le centre n\u00e9vralgique du d\u00e9m\u00e9nagement au Qu\u00e9bec. Les r\u00e9sidents de la ville sont habitu\u00e9s \u00e0 voir des meubles empil\u00e9s sur le trottoir et les rues gorg\u00e9es de camions de d\u00e9m\u00e9nagement. Dans cette section, nous avons pr\u00e9par\u00e9 des conseils qui vous aideront \u00e0 naviguer une exp\u00e9rience chaotique, que vous viviez \u00e0 Montr\u00e9al ou ailleurs au Qu\u00e9bec.<\/p>\r\n\r\n                    <h3>1. \u00c9vitez de d\u00e9m\u00e9nager le 1<sup>er<\/sup>\u00a0juillet<\/h3>\r\n\r\n                    <p>\u00c9tant donn\u00e9 que la date de d\u00e9m\u00e9nagement du 1<sup>er<\/sup>\u00a0juillet n\u2019a pas constitu\u00e9 une condition l\u00e9gale depuis 1974, vous pouvez n\u00e9gocier une date de bail diff\u00e9rente pour \u00e9viter le chaos. M\u00eame si votre contrat de bail prend fin le 30\u00a0juin, vous pouvez toujours n\u00e9gocier une date de d\u00e9part anticip\u00e9e avec votre propri\u00e9taire bailleur.<\/p>\r\n\r\n                    <p>Il est \u00e9galement important de rappeler que le 1<sup>er<\/sup>\u00a0juillet est la journ\u00e9e la plus charg\u00e9e de l\u2019ann\u00e9e pour les d\u00e9m\u00e9nageurs au Qu\u00e9bec. Vous payerez plus cher ce jour\u00a0: les d\u00e9m\u00e9nageurs et les camions de d\u00e9m\u00e9nagement sont tr\u00e8s convoit\u00e9s et les taux horaires augmentent consid\u00e9rablement<sup><a href=\"#cite6\">6<\/a><\/sup>.<\/p>\r\n\r\n                    <h3>2. Commencez votre recherche d\u2019appartement par anticipation<\/h3>\r\n\r\n                    <p>Il est recommand\u00e9 de commencer votre recherche de propri\u00e9t\u00e9 6\u00a0mois \u00e0 l\u2019avance. N\u2019oubliez pas que les taux de vacance sont bas au Qu\u00e9bec, alors la recherche de propri\u00e9t\u00e9s locatives sera plus difficile que par le pass\u00e9. Vous devriez \u00e9galement informer votre propri\u00e9taire bailleur que vous ne renouvellerez pas votre contrat de bail. Pour de plus amples renseignements sur la location d\u2019un logement, consultez notre article <a href=\"https:\/\/www.squareone.ca\/resource-centres\/renter\/finding-a-home-to-rent\" title=\"Comment trouver une habitation \u00e0 louer\">Comment trouver une habitation \u00e0 louer<\/a>.<\/p>\r\n\r\n                    <h3>3. Organisez votre d\u00e9m\u00e9nagement<\/h3>\r\n\r\n                    <p>Trois \u00e0 quatre mois avant le d\u00e9m\u00e9nagement, r\u00e9servez un service de d\u00e9m\u00e9nagement ou demandez l\u2019aide de vos amis ou membres de votre famille. Si vous faites appel \u00e0 des professionnels, effectuez des recherches et obtenez de devis multiples.<\/p>\r\n\r\n                    <p>Faites des r\u00e9parations mineures, au besoin. Remarquez que c\u2019est une condition l\u00e9gale que vous devez laisser l\u2019unit\u00e9 locative dans l\u2019\u00e9tat dans lequel vous l\u2019avez trouv\u00e9e. Pour en savoir plus sur vos responsabilit\u00e9s en tant que locataire, n\u2019h\u00e9sitez pas \u00e0 lire notre article <a href=\"https:\/\/www.squareone.ca\/resource-centres\/renter\/quebec-tenants-responsibilities\" title=\"Les obligations des locataires au Qu\u00e9bec\">Les obligations des locataires au Qu\u00e9bec<\/a>.<\/p>\r\n                    <p>Un mois avant le d\u00e9m\u00e9nagement, rassemblez des fournitures, comme les bo\u00eetes et le ruban adh\u00e9sif. Emballez vos possessions et jetez des articles dont vous n\u2019avez plus besoin.<\/p>\r\n\r\n                    <p>Une semaine avant le d\u00e9m\u00e9nagement, assurez-vous de changer votre adresse, organisez les services publics \u00e0 la nouvelle propri\u00e9t\u00e9, coordonnez les heures de d\u00e9m\u00e9nagement avec les nouveaux locataires, arrangez la garde d\u2019enfants et\/ou d\u2019animaux de compagnie, et r\u00e9servez ou confirmez le stationnement au besoin. \u00c0 Montr\u00e9al, avec ses rues serr\u00e9es et son espace limit\u00e9, les places de stationnement sont rares. De plus, n\u2019oubliez pas de transf\u00e9rer votre assurance locataire \u00e0 la nouvelle adresse.<\/p>\r\n\r\n                    <p>Notre article intitul\u00e9 <a href=\"https:\/\/www.squareone.ca\/fr\/centres-ressources\/achat-vente-demenagement-habitation\/conseils-demenagement\" title=\"Conseils et tuyaux pour le d\u00e9m\u00e9nagement\">Conseils et tuyaux pour le d\u00e9m\u00e9nagement<\/a> offre une foule d\u2019information sur la pr\u00e9paration de votre d\u00e9m\u00e9nagement.<\/p>\r\n\r\n                <h2 id=\"day-of-the-move\">Le jour du d\u00e9m\u00e9nagement<\/h2>\r\n\r\n                    <p>Apr\u00e8s tous vos pr\u00e9paratifs m\u00e9ticuleux, c\u2019est le moment de passer \u00e0 l\u2019action! Voici quelques tuyaux pour vous aider \u00e0 traverser le chaos du 1<sup>er<\/sup>\u00a0juillet.<\/p>\r\n\r\n                    <h3>1. Respectez les autres.<\/h3>\r\n\r\n                    <p>Le d\u00e9m\u00e9nagement est souvent un moment stressant, alors respectez les autres personnes qui d\u00e9m\u00e9nagent et n\u2019h\u00e9sitez pas \u00e0 donner un coup de main, au besoin. N\u2019oubliez pas les voisins qui restent sur place. Beaucoup d\u2019immeubles \u00e0 Montr\u00e9al ont de petits ascenseurs et escaliers, alors \u00e9vitez d\u2019encombrer ces espaces avec vos bo\u00eetes et possessions.<\/p>\r\n\r\n                    <h3>2. Pr\u00e9parez-vous pour le temps chaud.<\/h3>\r\n\r\n                    <p>Il est possible que vous deviez composer avec le temps chaud le jour du d\u00e9m\u00e9nagement. Si vous d\u00e9m\u00e9nagez vos possessions vous-m\u00eame avec l\u2019aide de vos amis ou membres de votre famille, assurez-vous de bien hydrater vos co\u00e9quipiers. Gardez des boissons fra\u00eeches dans une glaci\u00e8re pour combattre la chaleur<sup><a href=\"#cite7\">7<\/a><\/sup>.<\/p>\r\n\r\n                <h2 id=\"common-questions\">Questions fr\u00e9quemment pos\u00e9es<\/h2>\r\n\r\n                    <h3>\u00c0 la lumi\u00e8re de la crise de logement, quel recours ai-je si je ne trouve pas une propri\u00e9t\u00e9 \u00e0 la fin de mon contrat de bail?<\/h3>\r\n\r\n                    <p>Selon le Front d\u2019action populaire en r\u00e9am\u00e9nagement urbain (FRAPRU), environ 1\u00a0300\u00a0m\u00e9nages au Qu\u00e9bec \u00e9taient sans abri au 1<sup>er<\/sup>\u00a0juillet\u00a02024 .<\/p>\r\n\r\n                    <p>\u00c0 Montr\u00e9al, l\u2019Office municipal d\u2019habitation de Montr\u00e9al (OMHM) a aid\u00e9 244\u00a0m\u00e9nages \u00e0 trouver une propri\u00e9t\u00e9 locative et a aid\u00e9 38\u00a0locataires \u00e0 trouver un logement temporaire au premier semestre de 2024.<\/p>\r\n\r\n                    <p>L\u2019OMHM recommande que les locataires composent le 311 s\u2019ils risquent de devenir sans-abri<sup><a href=\"#cite8\">8<\/a><\/sup>.<\/p>\r\n\r\n                    <h3>Au Qu\u00e9bec, quand suis-je l\u00e9galement oblig\u00e9 d\u2019informer mon propri\u00e9taire bailleur de mon d\u00e9m\u00e9nagement?<\/h3>\r\n\r\n                    <p>La date limite pour envoyer l\u2019avis de non-renouvellement \u00e0 votre propri\u00e9taire bailleur varie selon le terme de votre contrat de bail\u00a0:<\/p>\r\n\r\n                    <ul>\r\n                        <li>12 mois ou plus\u00a0: 3 \u00e0 6 mois avant la fin du contrat<\/li>\r\n                        <li>Moins de 12\u00a0mois\u00a0: 1 \u00e0 2 mois avant la fin du contrat<\/li>\r\n                        <li>Terme ind\u00e9fini\u00a0: 1 mois avant votre d\u00e9part si vous versez un loyer mensuel<\/li>\r\n                    <\/ul>\r\n\r\n                    <p>Par exemple, pour un contrat d\u2019un an se terminant le 30\u00a0juin, vous devez envoyer l\u2019avis de d\u00e9part \u00e0 votre propri\u00e9taire bailleur entre le 1<sup>er<\/sup>\u00a0janvier et le 31\u00a0mars<sup><a href=\"https:\/\/www.tal.gouv.qc.ca\/fr\/reconduction-du-bail-et-fixation-de-loyer\/modification-d-une-condition-du-bail#cite9\">9<\/a><\/sup>.<\/p>\r\n\r\n                    <h3>Le jour du d\u00e9m\u00e9nagement constitue-t-il un jour f\u00e9ri\u00e9 officiel au Qu\u00e9bec?<\/h3>\r\n\r\n                    <p>Non. Le jour du d\u00e9m\u00e9nagement est une tradition de longue date au Qu\u00e9bec, mais il n\u2019a aucun statut officiel. Toutefois, il tombe sur la f\u00eate du Canada, qui constitue elle-m\u00eame un jour f\u00e9ri\u00e9. Ce qui tombe bien si vous d\u00e9m\u00e9nagez le 1<sup>er<\/sup>\u00a0juillet, car vous n\u2019\u00eates pas oblig\u00e9 de prendre un jour de cong\u00e9 de votre travail.<\/p>                           \r\n\r\n                    <p><strong>Sources<\/strong><\/p>\r\n                    <ol type=\"1\">\r\n\r\n                        <li id=\"cite1\">\u00ab\u00a0Jour du d\u00e9m\u00e9nagement\u00a0\u00bb. <i>fr.wikipedia.org\/wiki\/Jour_du_d\u00e9m\u00e9nagement<\/i>, <a href=\"https:\/\/fr.wikipedia.org\/wiki\/Jour_du_d%C3%A9m%C3%A9nagement\" \r\n                            href=\"https:\/\/en.wikipedia.org\/wiki\/Moving_Day_(Quebec)\"\r\n                            title=\"Jour du d\u00e9m\u00e9nagement (Qu\u00e9bec)\" \r\n                            rel=\"noopener noreferrer\" \r\n                            target=\"_blank\" \r\n                            >fr.wikipedia.org\/wiki\/Jour_du_d\u00e9m\u00e9nagement<\/a>. Consult\u00e9 le 27\u00a0mai\u00a02025.<\/li>\r\n\r\n                        <li id=\"cite2\">Patterson, Jessica. \u00ab\u00a0Jour du d\u00e9m\u00e9nagement au Qu\u00e9bec\u00a0\u00bb.<i>L\u2019Encyclop\u00e9die canadienne<\/i>, 23\u00a0avril\u00a02024, <a\r\n                            href=\"https:\/\/thecanadianencyclopedia.ca\/fr\/article\/jour-du-demenagement-au-quebec\"\r\n                            title=\"Jour du d\u00e9m\u00e9nagement au Qu\u00e9bec\" \r\n                            rel=\"noopener noreferrer\" \r\n                            target=\"_blank\"                     \r\n                            >www.thecanadianencyclopedia.ca\/fr\/article\/jour-du-demenagement-au-quebec<\/a>.<\/li>\r\n\r\n                        <li id=\"cite3\">Le Devoir. \u00ab\u00a0Beaucoup moins de Qu\u00e9b\u00e9cois changent d\u2019adresse le 1<sup>er<\/sup>\u00a0juillet, selon les d\u00e9m\u00e9nageurs\u00a0\u00bb. <i>Le Devoir<\/i>, 29\u00a0juin\u00a02024, <a \r\n                            href=\"https:\/\/www.ledevoir.com\/actualites\/societe\/815746\/beaucoup-moins-quebecois-changent-adresse-1er-juillet-selon-demenageurs\"\r\n                            title=\"Beaucoup moins de Qu\u00e9b\u00e9cois changent d\u2019adresse le 1er juillet, selon les d\u00e9m\u00e9nageurs\" \r\n                            rel=\"noopener noreferrer\" \r\n                            target=\"_blank\" \r\n                            >www.ledevoir.com\/actualites\/societe\/815746\/beaucoup-moins-quebecois-changent-adresse-1er-juillet-selon-demenageurs<\/a>.<\/li>\r\n\r\n                        <li id=\"cite4\">SCHL. \u00ab\u00a0Rapport sur le march\u00e9 locatif, janvier\u00a02024\u00a0\u00bb.  <i>SCHL<\/i>, <a \r\n                            href=\"https:\/\/assets.cmhc-schl.gc.ca\/sites\/cmhc\/professional\/housing-markets-data-and-research\/market-reports\/rental-market-report\/rental-market-report-2023-fr.pdf\"\r\n                            title=\"Rapport sur le march\u00e9 locatif, janvier 2024\" \r\n                            rel=\"noopener noreferrer\" \r\n                            target=\"_blank\" \r\n                            >https:\/\/assets.cmhc-schl.gc.ca\/sites\/cmhc\/professional\/housing-markets-data-and-research\/market-reports\/rental-market-report\/rental-market-report-2023-fr.pdf<\/a>. Consult\u00e9 le 28\u00a0mai\u00a02024.<\/li>\r\n\r\n                        <li id=\"cite5\">\u00ab\u00a01<sup>er<\/sup>\u00a0juillet\u00a0: voici quelques conseils \u00e0 l&rsquo;approche du jour du d\u00e9m\u00e9nagement\u00a0\u00bb. <i>noovo.info<\/i>, <a                             href=\"https:\/\/www.noovo.info\/nouvelle\/1er-juillet-voici-quelques-conseils-a-lapproche-du-jour-du-demenagement.html\"\r\n                            title=\u00ab\u00a01<sup>er<\/sup>\u00a0juillet\u00a0: voici quelques conseils \u00e0 l&rsquo;approche du jour du d\u00e9m\u00e9nagement\u00a0\u00bb \r\n                            rel=\u00a0\u00bbnoopener noreferrer\u00a0\u00bb \r\n                            target=\u00a0\u00bb_blank\u00a0\u00bb \r\n                            >www.noovo.info\/nouvelle\/1er-juillet-voici-quelques-conseils-a-lapproche-du-jour-du-demenagement.html<\/a>. Consult\u00e9 le 28\u00a0mai\u00a02024.<\/li>\r\n\r\n                        <li id=\"cite6\">Gouvernement du Qu\u00e9bec. \u00ab\u00a0Saison des d\u00e9m\u00e9nagements &#8211; Quelques conseils pour le Jour \u00ab\u00a0 J\u00a0\u00bb\u00a0\u00bb. <i>Gouvernement du Qu\u00e9bec<\/i>, 27\u00a0juin\u00a02019, <a \r\n                            href=\"https:\/\/www.quebec.ca\/nouvelles\/actualites\/details\/saison-des-demenagements-quelques-conseils-pour-le-jour-j\"\r\n                            title=\"Saison des d\u00e9m\u00e9nagements - Quelques conseils pour le \u00ab Jour J \u00bb\" \r\n                            rel=\"noopener noreferrer\" \r\n                            target=\"_blank\" \r\n                            >www.quebec.ca\/nouvelles\/actualites\/details\/saison-des-demenagements-quelques-conseils-pour-le-jour-j<\/a>.<\/li>\r\n\r\n                        <li id=\"cite7\">Regroupement des comit\u00e9s logement et associations de locataires du Qu\u00e9bec (RCLALQ). \u00ab\u00a0Les donn\u00e9es de la SCHL r\u00e9v\u00e8lent l\u2019ampleur de la crise du logement au Qu\u00e9bec\u00a0\u00bb. Quebec moving day sees scores of renters still hunting for new home.\u201d <i>RCLALQ<\/i>, 11\u00a0d\u00e9c.\u00a02025, <a \r\n                            href=\"https:\/\/rclalq.qc.ca\/2025\/12\/les-donnees-de-la-schl-revelent-lampleur-de-la-crise-du-logement-au-quebec\/\"\r\n                            title=\"Les donn\u00e9es de la SCHL r\u00e9v\u00e8lent l\u2019ampleur de la crise du logement au Qu\u00e9bec\" Quebec moving day sees scores of renters still hunting for new home\" \r\n                            rel=\"noopener noreferrer\" \r\n                            target=\"_blank\" \r\n                            >https:\/\/rclalq.qc.ca\/2025\/12\/les-donnees-de-la-schl-revelent-lampleur-de-la-crise-du-logement-au-quebec\/<\/a>.<\/li>\r\n\r\n                        <li id=\"cite8\">\u00ab\u00a0Comment d\u00e9m\u00e9nager avant la fin du bail en cas de divorce ou de s\u00e9paration?\u00a0\u00bb <i>JuridiQC<\/i>, <a \r\n                            href=\"https:\/\/juridiqc.gouv.qc.ca\/separation-et-divorce\/domicile-biens-argent\/domicile\/comment-demenager-avant-la-fin-du-bail-en-cas-de-divorce-ou-de-separation?redirectionDeEnVersFr=true\"\r\n                            title=\"\" \r\n                            rel=\"noopener noreferrer\" \r\n                            target=\"_blank\" \r\n                            >juridiqc.gouv.qc.ca\/separation-et-divorce\/domicile-biens-argent\/domicile\/comment-demenager-avant-la-fin-du-bail-en-cas-de-divorce-ou-de-separation?redirectionDeEnVersFr=true<\/a>. Consult\u00e9 le 28\u00a0mai\u00a02025.<\/li>\r\n\r\n                        <li id=\"cite9\">\u00ab\u00a0Reconduction du bail et fixation de loyer\u00a0\u00bb. <i>Tribunal administratif du logement<\/i>, <a \r\n                            href=\"https:\/\/www.tal.gouv.qc.ca\/fr\/reconduction-du-bail-et-fixation-de-loyer\/modification-d-une-condition-du-bail\"\r\n                            title=\"Reconduction du bail et fixation de loyer\"\r\n                            rel=\"noopener noreferrer\"\r\n                            target=\"_blank\"\r\n                            >www.tal.gouv.qc.ca\/fr\/reconduction-du-bail-et-fixation-de-loyer\/modification-d-une-condition-du-bail<\/a>. Consult\u00e9 le 28\u00a0mai\u00a02025.<\/li>\r\n\r\n                    <\/ol>\r\n\r\n                    <p><strong>Vous voulez en savoir plus?<\/strong> Consultez notre <a href=\"\/fr\/centres-ressources\/achat-vente-demenagement-habitation\" title=\"Centre de ressources : achat, vente et d\u00e9m\u00e9nagement d\u2019habitation\">Centre de ressources&nbsp;: achat, vente et d\u00e9m\u00e9nagement d\u2019habitation<\/a> pour d\u00e9couvrir tout ce qu'il faut savoir sur l'immobilier, l'achat d'habitation ou le d\u00e9m\u00e9nagement. Ensuite, <a href=\"\/fr\/soumission-assurance-habitation-en-ligne\" title=\"Obtenir une soumission d\u2019assurance habitation en ligne\">obtenez une soumission d'assurance habitation en ligne<\/a> en moins de 5\u00a0minutes et d\u00e9couvrez \u00e0 quel point l\u2019assurance habitation personnalis\u00e9e peut \u00eatre abordable.<\/p>\r\n\r\n            <\/div>\r\n        <\/div>\r\n    <\/div>\r\n<\/section>\r\n<script type=\"application\/ld+json\">\r\n{\r\n  \"@context\": \"https:\/\/schema.org\",\r\n  \"@graph\": [\r\n    {\r\n      \"@type\": [\"WebPage\", \"Article\"],\r\n      \"@id\": \"https:\/\/www.squareone.ca\/fr\/centres-ressources\/achat-vente-demenagement-habitation\/jour-demenagement-quebec\",\r\n      \"url\": \"https:\/\/www.squareone.ca\/fr\/centres-ressources\/achat-vente-demenagement-habitation\/jour-demenagement-quebec\",\r\n      \"inLanguage\": \"fr-CA\",\r\n      \"isAccessibleForFree\": true,\r\n      \"headline\": \"Initiation au jour du d\u00e9m\u00e9nagement au Qu\u00e9bec\",\r\n      \"description\": \"Pour de nombreux locataires au Qu\u00e9bec, le 1er juillet est \u00e9galement le jour du d\u00e9m\u00e9nagement. Lisez la suite pour d\u00e9couvrir les tenants et les aboutissants, et l\u2019histoire de ce coutume qu\u00e9b\u00e9cois singulier. En outre, vous apprendrez comment vous pr\u00e9parer si vous \u00eates locataire en train de d\u00e9m\u00e9nager ou emm\u00e9nager le jour du d\u00e9m\u00e9nagement.\",\r\n      \"publisher\": {\r\n        \"@id\": \"https:\/\/www.squareone.ca\/fr\"\r\n      },\r\n      \"author\": {\r\n        \"@id\": \"#anthony-michael\"\r\n      },\r\n      \"reviewedBy\": {\r\n        \"@id\": \"https:\/\/www.squareone.ca\/fr\/a-propos-de-nous\/experts#jil-mcintosh\"\r\n      },\r\n      \"citation\": [\r\n        {\r\n          \"@type\": \"CreativeWork\",\r\n          \"name\": \"Jour du d\u00e9m\u00e9nagement (Q\u00e9ebec) - Wikipedia.\",\r\n          \"url\": \"https:\/\/fr.wikipedia.org\/wiki\/Jour_du_d%C3%A9m%C3%A9nagement\"\r\n        },\r\n        {\r\n          \"@type\": \"CreativeWork\",\r\n          \"name\": \"Patterson, Jessica. \u201cJour du d\u00e9m\u00e9nagement au Qu\u00e9bec.\u201d L\u2019Encyclop\u00e9die canadienne\",\r\n          \"url\": \"https:\/\/thecanadianencyclopedia.ca\/fr\/article\/jour-du-demenagement-au-quebec\"\r\n        },\r\n        {\r\n          \"@type\": \"CreativeWork\",\r\n          \"name\": \"Le Devoir. \u201cBeaucoup moins de Qu\u00e9b\u00e9cois changent d\u2019adresse le 1er juillet, selon les d\u00e9m\u00e9nageurs.\u201d Le Devoir\",\r\n          \"url\": \"https:\/\/www.ledevoir.com\/actualites\/societe\/815746\/beaucoup-moins-quebecois-changent-adresse-1er-juillet-selon-demenageurs\"\r\n        },\r\n        {\r\n          \"@type\": \"CreativeWork\",\r\n          \"name\": \"SCHL. \u201cRapport sur le march\u00e9 locatif, janvier 2024.\u201d\",\r\n          \"url\": \"https:\/\/assets.cmhc-schl.gc.ca\/sites\/cmhc\/professional\/housing-markets-data-and-research\/market-reports\/rental-market-report\/rental-market-report-2023-fr.pdf\"\r\n        },\r\n        {\r\n          \"@type\": \"CreativeWork\",\r\n          \"name\": \"\u201c1er juillet : voici quelques conseils \u00e0 l'approche du jour du d\u00e9m\u00e9nagement.\u201d noovo.info\",\r\n          \"url\": \"www.noovo.info\/nouvelle\/1er-juillet-voici-quelques-conseils-a-lapproche-du-jour-du-demenagement.html\"\r\n        },\r\n        {\r\n          \"@type\": \"CreativeWork\",\r\n          \"name\": \"Gouvernement du Qu\u00e9bec. \u201cSaison des d\u00e9m\u00e9nagements - Quelques conseils pour le Jour J.\u201d Gouvernement du Qu\u00e9bec\",\r\n          \"url\": \"https:\/\/www.quebec.ca\/nouvelles\/actualites\/details\/saison-des-demenagements-quelques-conseils-pour-le-jour-j\"\r\n        },\r\n        {\r\n          \"@type\": \"CreativeWork\",\r\n          \"name\": \"Regroupement des comit\u00e9s logement et associations de locataires du Qu\u00e9bec (RCLALQ). \u201c\u2018Crise de logement\u2019: Les donn\u00e9es de la SCHL r\u00e9v\u00e8lent l\u2019ampleur de la crise du logement au Qu\u00e9bec.\u201d RCLALQ.\",\r\n          \"url\": \"https:\/\/rclalq.qc.ca\/2025\/12\/les-donnees-de-la-schl-revelent-lampleur-de-la-crise-du-logement-au-quebec\/\"\r\n        },\r\n        {\r\n          \"@type\": \"CreativeWork\",\r\n          \"name\": \"\u201cComment d\u00e9m\u00e9nager avant la fin du bail en cas de divorce ou de s\u00e9paration?\u201d JuridiQC\",\r\n          \"url\": \"https:\/\/juridiqc.gouv.qc.ca\/separation-et-divorce\/domicile-biens-argent\/domicile\/comment-demenager-avant-la-fin-du-bail-en-cas-de-divorce-ou-de-separation?redirectionDeEnVersFr=true\"\r\n        },\r\n        {\r\n          \"@type\": \"CreativeWork\",\r\n          \"name\": \"\u201cReconduction du bail et fixation de loyer.\u201d Tribunal administratif du logement\",\r\n          \"url\": \"https:\/\/www.tal.gouv.qc.ca\/fr\/reconduction-du-bail-et-fixation-de-loyer\/modification-d-une-condition-du-bail\"\r\n        }\r\n      ]\r\n    },\r\n    {\r\n      \"@type\": \"InsuranceAgency\",\r\n      \"@id\": \"https:\/\/www.squareone.ca\/fr\",\r\n      \"name\": \"Assurances Square One\",\r\n      \"url\": \"https:\/\/www.squareone.ca\/fr\",\r\n      \"logo\": \"https:\/\/cdn.squareone.ca\/wp-content\/uploads\/2021\/04\/09094743\/square-one-logomark-default-md-1.png\",\r\n      \"address\": {\r\n        \"@type\": \"PostalAddress\",\r\n        \"streetAddress\": \"1410-650 W Georgia St\",\r\n        \"addressLocality\": \"Vancouver\",\r\n        \"addressRegion\": \"BC\",\r\n        \"postalCode\": \"V6B 4N8\",\r\n        \"addressCountry\": \"CA\"\r\n      },\r\n      \"telephone\": \"+1-855-331-6933\",\r\n      \"areaServed\": [\"BC\", \"AB\", \"SK\", \"MB\", \"ON\", \"QC\"],\r\n      \"feesAndCommissionsSpecification\": \"https:\/\/www.squareone.ca\/fr\/transparence\"\r\n    },\r\n    {\r\n      \"@type\": \"Person\",\r\n      \"@id\": \"#anthony-michael\",\r\n      \"name\": \"Anthony Michael\",\r\n      \"url\": \"https:\/\/www.squareone.ca\/fr\/a-propos-de-nous\/contributeurs#anthony-michael\",\r\n      \"description\": \"Anthony poss\u00e8de plus de 25\u00a0ans d\u2019exp\u00e9rience dans le domaine de la traduction, principalement sur le march\u00e9 du Qu\u00e9bec. Il fait des recherches et r\u00e9dige et traduit des articles originaux pour les centres de ressources de l\u2019assurance habitation et auto de Square One. \",\r\n      \"jobTitle\": \"Sp\u00e9cialiste de contenu de marketing\",\r\n      \"worksFor\": {\r\n        \"@id\": \"https:\/\/www.squareone.ca\/fr\"\r\n      },\r\n      \"alumniOf\": [\r\n        {\r\n          \"@type\": \"CollegeOrUniversity\",\r\n          \"name\": \"Carleton University\"\r\n        },\r\n        {\r\n          \"@type\": \"CollegeOrUniversity\",\r\n          \"name\": \"York University\"\r\n        }\r\n      ],\r\n      \"hasCredential\": {\r\n        \"@type\": \"EducationalOccupationalCredential\",\r\n        \"name\": \"Certificat en assurance de dommages de la C.-B., niveau 1\"\r\n      },\r\n      \"knowsAbout\": [\r\n        \"Traduction\",\r\n        \"R\u00e9daction technique\",\r\n        \"March\u00e9 du Qu\u00e9bec\",\r\n        \"Assurance\"\r\n      ],\r\n      \"sameAs\": [\r\n        \"https:\/\/www.linkedin.com\/in\/anthony-michael-48534436\/\"\r\n      ]\r\n    },\r\n    {\r\n      \"@type\": \"Person\",\r\n      \"@id\": \"https:\/\/www.squareone.ca\/fr\/a-propos-de-nous\/experts#jil-mcintosh\",\r\n      \"name\": \"Jil McIntosh\",\r\n      \"url\": \"https:\/\/www.squareone.ca\/fr\/a-propos-de-nous\/experts#automotive\",\r\n      \"description\": \"Jil McIntosh \u00e9crit des articles sur les automobiles depuis des ann\u00e9es, y compris des \u00e9valuations des nouvelles autos, l\u2019histoire automobile, la technologie automobile et les derni\u00e8res nouvelles du secteur. Membre de l\u2019Association des journalistes automobile du Canada (AJAC), elle a gagn\u00e9 de nombreux prix, notamment journaliste automobile de l\u2019ann\u00e9e.\",\r\n      \"jobTitle\": \"R\u00e9dacteur automobile\",\r\n      \"knowsAbout\": [\r\n        \"\u00c9valuations automobiles\",\r\n        \"Histoire automobiles\",\r\n        \"Technologie automobile\",\r\n        \"Nouvelles du secteur automobile\"\r\n      ]\r\n    },\r\n    {\r\n      \"@type\": \"FAQPage\",\r\n      \"mainEntity\": [\r\n        {\r\n          \"@type\": \"Question\",\r\n          \"name\": \"\u00c0 la lumi\u00e8re de la crise de logement, quel recours ai-je si je ne trouve pas une propri\u00e9t\u00e9 \u00e0 la fin de mon contrat de bail?\",\r\n          \"acceptedAnswer\": {\r\n            \"@type\": \"Answer\",\r\n            \"text\": \"Les organisations de l\u2019appui au logement et les bureaux de logement municipaux peuvent offrir de l\u2019aide. \u00c0 Montr\u00e9al, l\u2019Office municipal d\u2019habitation de Montr\u00e9al (OMHM) aide les m\u00e9nages \u00e0 trouver des propri\u00e9t\u00e9s locatives et du logement temporaire. Il est recommand\u00e9 d\u2019appeler le 311 si vous risquez de devenir sans abri.\"\r\n          }\r\n        },\r\n        {\r\n          \"@type\": \"Question\",\r\n          \"name\": \"Au Qu\u00e9bec, quand suis-je l\u00e9galement oblig\u00e9 d\u2019informer mon propri\u00e9taire bailleur de mon d\u00e9m\u00e9nagement?\",\r\n          \"acceptedAnswer\": {\r\n            \"@type\": \"Answer\",\r\n            \"text\": \"La p\u00e9riode d\u2019avis de renouvellement d\u00e9pend du terme de votre contrat de bail : 12 mois ou plus: 3 \u00e0 6 mois avant la fin du contrat; moins de 12 mois; 1 \u00e0 2 mois avant la fin du contrat; terme ind\u00e9fini; 1 mois avant votre d\u00e9part si vous versez un loyer mensuel.\"\r\n          }\r\n        },\r\n        {\r\n          \"@type\": \"Question\",\r\n          \"name\": \"Le jour du d\u00e9m\u00e9nagement constitue-t-il un jour f\u00e9ri\u00e9 officiel au Qu\u00e9bec?\",\r\n          \"acceptedAnswer\": {\r\n            \"@type\": \"Answer\",\r\n            \"text\": \"Non, le jour du d\u00e9m\u00e9nagement est une tradition et non un jour f\u00e9ri\u00e9 officiel. Toutefois, il tombe sur la f\u00eate du Canada Day, qui constitue elle un jour f\u00e9ri\u00e9.\r\n\r\nCe qui tombe bien si vous d\u00e9m\u00e9nagez le 1er juillet, car vous n\u2019\u00eates pas oblig\u00e9 de prendre un jour de cong\u00e9 de votre travail.\"\r\n          }\r\n        }\r\n      ]\r\n    }\r\n  ]\r\n}\r\n<\/script>","protected":false},"excerpt":{"rendered":"<p>Initiation au jour du d\u00e9m\u00e9nagement au Qu\u00e9bec Le premier juillet c\u2019est la f\u00eate du Canada, mais pour de nombreux locataires au Qu\u00e9bec, c\u2019est aussi le jour du d\u00e9m\u00e9nagement, une tradition qui remonte aux ann\u00e9es 1970. Bien qu\u2019il ne soit plus une condition l\u00e9gale dans la province, la plupart des contrats de bail se terminent le [&hellip;]<\/p>\n","protected":false},"author":20,"featured_media":76280,"parent":51359,"menu_order":0,"comment_status":"closed","ping_status":"closed","template":"page-article-new.php","meta":{"_acf_changed":false,"footnotes":""},"class_list":["post-78385","page","type-page","status-publish","has-post-thumbnail","hentry"],"acf":[],"_links":{"self":[{"href":"https:\/\/www.squareone.ca\/fr\/wp-json\/wp\/v2\/pages\/78385","targetHints":{"allow":["GET"]}}],"collection":[{"href":"https:\/\/www.squareone.ca\/fr\/wp-json\/wp\/v2\/pages"}],"about":[{"href":"https:\/\/www.squareone.ca\/fr\/wp-json\/wp\/v2\/types\/page"}],"author":[{"embeddable":true,"href":"https:\/\/www.squareone.ca\/fr\/wp-json\/wp\/v2\/users\/20"}],"replies":[{"embeddable":true,"href":"https:\/\/www.squareone.ca\/fr\/wp-json\/wp\/v2\/comments?post=78385"}],"version-history":[{"count":6,"href":"https:\/\/www.squareone.ca\/fr\/wp-json\/wp\/v2\/pages\/78385\/revisions"}],"predecessor-version":[{"id":78391,"href":"https:\/\/www.squareone.ca\/fr\/wp-json\/wp\/v2\/pages\/78385\/revisions\/78391"}],"up":[{"embeddable":true,"href":"https:\/\/www.squareone.ca\/fr\/wp-json\/wp\/v2\/pages\/51359"}],"wp:featuredmedia":[{"embeddable":true,"href":"https:\/\/www.squareone.ca\/fr\/wp-json\/wp\/v2\/media\/76280"}],"wp:attachment":[{"href":"https:\/\/www.squareone.ca\/fr\/wp-json\/wp\/v2\/media?parent=78385"}],"curies":[{"name":"wp","href":"https:\/\/api.w.org\/{rel}","templated":true}]}}